{"id":563,"date":"2023-06-13T14:34:16","date_gmt":"2023-06-13T12:34:16","guid":{"rendered":"http:\/\/alpenblickkreischberg.at\/?page_id=563"},"modified":"2023-08-17T15:24:26","modified_gmt":"2023-08-17T13:24:26","slug":"location-and-directions","status":"publish","type":"page","link":"https:\/\/alpenblickkreischberg.at\/en\/megkozelithetoseg\/","title":{"rendered":"Location and directions"},"content":{"rendered":"<div data-elementor-type=\"wp-page\" data-elementor-id=\"563\" class=\"elementor elementor-563\" data-elementor-post-type=\"page\">\n\t\t\t\t<div class=\"elementor-element elementor-element-7d4e885 e-con-full e-flex e-con e-parent\" data-id=\"7d4e885\" data-element_type=\"container\" data-e-type=\"container\">\n\t\t\t\t<div class=\"elementor-element elementor-element-d13278f elementor-widget elementor-widget-heading\" data-id=\"d13278f\" data-element_type=\"widget\" data-e-type=\"widget\" data-widget_type=\"heading.default\">\n\t\t\t\t<div class=\"elementor-widget-container\">\n\t\t\t\t\t<h1 class=\"elementor-heading-title elementor-size-default\">Location and directions<\/h1>\t\t\t\t<\/div>\n\t\t\t\t<\/div>\n\t\t\t\t<div class=\"elementor-element elementor-element-bca694b elementor-widget-divider--view-line elementor-widget elementor-widget-divider\" data-id=\"bca694b\" data-element_type=\"widget\" data-e-type=\"widget\" data-widget_type=\"divider.default\">\n\t\t\t\t<div class=\"elementor-widget-container\">\n\t\t\t\t\t\t\t<div class=\"elementor-divider\">\n\t\t\t<span class=\"elementor-divider-separator\">\n\t\t\t\t\t\t<\/span>\n\t\t<\/div>\n\t\t\t\t\t\t<\/div>\n\t\t\t\t<\/div>\n\t\t\t\t<\/div>\n\t\t<div class=\"elementor-element elementor-element-e070cde e-flex e-con-boxed e-con e-parent\" data-id=\"e070cde\" data-element_type=\"container\" data-e-type=\"container\">\n\t\t\t\t\t<div class=\"e-con-inner\">\n\t\t\t\t<div class=\"elementor-element elementor-element-1692442 elementor-widget elementor-widget-text-editor\" data-id=\"1692442\" data-element_type=\"widget\" data-e-type=\"widget\" data-widget_type=\"text-editor.default\">\n\t\t\t\t<div class=\"elementor-widget-container\">\n\t\t\t\t\t\t\t\t\t<h4>Nyugat-Ausztria, N\u00e9metorsz\u00e1g \u00e9s Sv\u00e1jc ir\u00e1ny\u00e1b\u00f3l:<\/h4>\n<p>Salzburgon \u00e1t a Tauern-aut\u00f3p\u00e1ly\u00e1n St. Michael-i le\u00e1gaz\u00e1sig, lefordulni Tamsweg fel\u00e9, Murau ir\u00e1ny\u00e1ba, St. Georgen\/St. Lorenzen<\/p>\n<h4>From Vienna:<\/h4>\n<p>Az M1 aut\u00f3p\u00e1ly\u00e1n kereszt\u00fcl B\u00e9cs, Semmering, Bruck\/Mur, Judenburg, Scheifling, Murau, Murau ut\u00e1n m\u00e9g 7 km St. Georgen\/St. Lorenzen<\/p>\n<h4>From Graz:<\/h4>\n<p>St. Michael ir\u00e1ny\u00e1ba, A9-es aut\u00f3p\u00e1ly\u00e1n(\u00fatd\u00edj!), az A1-es gy\u0171r\u0171 ir\u00e1ny\u00e1ba, Judenburg, Scheifling, Murau, Murau ut\u00e1n m\u00e9g 7 km St. Georgen\/St. Lorenzen<\/p>\n<h4>From Linz:<\/h4>\n<p>Phyrnautobahn, Departure St. Michael in the Direction to Klagenfurt, Judenburg, Scheifling, Murau<\/p>\n<h4>\u206f-<\/h4>\n<p>\u206f-<\/p>\t\t\t\t\t\t\t\t<\/div>\n\t\t\t\t<\/div>\n\t\t\t\t\t<\/div>\n\t\t\t\t<\/div>\n\t\t<div class=\"elementor-element elementor-element-3024b19 e-con-full e-flex e-con e-parent\" data-id=\"3024b19\" data-element_type=\"container\" data-e-type=\"container\">\n\t\t\t\t<div class=\"elementor-element elementor-element-cd05941 elementor-widget elementor-widget-html\" data-id=\"cd05941\" data-element_type=\"widget\" data-e-type=\"widget\" data-widget_type=\"html.default\">\n\t\t\t\t<div class=\"elementor-widget-container\">\n\t\t\t\t\t<iframe src=\"https:\/\/www.google.com\/maps\/embed?pb=!1m14!1m8!1m3!1d10863.58939460206!2d14.0824914!3d47.101083!3m2!1i1024!2i768!4f13.1!3m3!1m2!1s0x4770f91aca9c4fa3%3A0x8d9e3e7e526654d3!2sHotel%20Alpenblick!5e0!3m2!1shu!2shu!4v1692278442302!5m2!1shu!2shu\" width=\"600\" height=\"450\" style=\"border:0;\" allowfullscreen=\"\" loading=\"lazy\" referrerpolicy=\"no-referrer-when-downgrade\"><\/iframe>\t\t\t\t<\/div>\n\t\t\t\t<\/div>\n\t\t\t\t<\/div>\n\t\t\t\t<\/div>","protected":false},"excerpt":{"rendered":"<p>Nyugat-Ausztria, N\u00e9metorsz\u00e1g \u00e9s Sv\u00e1jc ir\u00e1ny\u00e1b\u00f3l: Salzburgon \u00e1t a Tauern-aut\u00f3p\u00e1ly\u00e1n St. Michael-i le\u00e1gaz\u00e1sig, lefordulni Tamsweg fel\u00e9, Murau ir\u00e1ny\u00e1ba, St. Georgen\/St. Lorenzen Budapestr\u0151l: Az M1 aut\u00f3p\u00e1ly\u00e1n kereszt\u00fcl B\u00e9cs, Semmering, Bruck\/Mur, Judenburg, Scheifling, Murau, Murau ut\u00e1n m\u00e9g 7 km St. Georgen\/St. Lorenzen Gr\u00e1zb\u00f3l: St. Michael ir\u00e1ny\u00e1ba, A9-es aut\u00f3p\u00e1ly\u00e1n(\u00fatd\u00edj!), az A1-es gy\u0171r\u0171 ir\u00e1ny\u00e1ba, Judenburg, Scheifling, Murau, Murau ut\u00e1n m\u00e9g [&hellip;]<\/p>\n","protected":false},"author":4,"featured_media":0,"parent":0,"menu_order":0,"comment_status":"closed","ping_status":"closed","template":"","meta":{"footnotes":""},"class_list":["post-563","page","type-page","status-publish","hentry"],"yoast_head":"<!-- This site is optimized with the Yoast SEO plugin v27.4 - https:\/\/yoast.com\/product\/yoast-seo-wordpress\/ -->\n<title>Megk\u00f6zel\u00edthet\u0151s\u00e9g - Alpenblick Kreischberg<\/title>\n<meta name=\"robots\" content=\"index, follow, max-snippet:-1, max-image-preview:large, max-video-preview:-1\" \/>\n<link rel=\"canonical\" href=\"https:\/\/alpenblickkreischberg.at\/en\/location-and-directions\/\" \/>\n<meta property=\"og:locale\" content=\"en_GB\" \/>\n<meta property=\"og:type\" content=\"article\" \/>\n<meta property=\"og:title\" content=\"Megk\u00f6zel\u00edthet\u0151s\u00e9g - Alpenblick Kreischberg\" \/>\n<meta property=\"og:description\" content=\"Nyugat-Ausztria, N\u00e9metorsz\u00e1g \u00e9s Sv\u00e1jc ir\u00e1ny\u00e1b\u00f3l: Salzburgon \u00e1t a Tauern-aut\u00f3p\u00e1ly\u00e1n St. Michael-i le\u00e1gaz\u00e1sig, lefordulni Tamsweg fel\u00e9, Murau ir\u00e1ny\u00e1ba, St. Georgen\/St. Lorenzen Budapestr\u0151l: Az M1 aut\u00f3p\u00e1ly\u00e1n kereszt\u00fcl B\u00e9cs, Semmering, Bruck\/Mur, Judenburg, Scheifling, Murau, Murau ut\u00e1n m\u00e9g 7 km St. Georgen\/St. Lorenzen Gr\u00e1zb\u00f3l: St. Michael ir\u00e1ny\u00e1ba, A9-es aut\u00f3p\u00e1ly\u00e1n(\u00fatd\u00edj!), az A1-es gy\u0171r\u0171 ir\u00e1ny\u00e1ba, Judenburg, Scheifling, Murau, Murau ut\u00e1n m\u00e9g [&hellip;]\" \/>\n<meta property=\"og:url\" content=\"https:\/\/alpenblickkreischberg.at\/en\/location-and-directions\/\" \/>\n<meta property=\"og:site_name\" content=\"Alpenblick Kreischberg\" \/>\n<meta property=\"article:modified_time\" content=\"2023-08-17T13:24:26+00:00\" \/>\n<meta name=\"twitter:card\" content=\"summary_large_image\" \/>\n<meta name=\"twitter:label1\" content=\"Estimated reading time\" \/>\n\t<meta name=\"twitter:data1\" content=\"1 minute\" \/>\n<script type=\"application\/ld+json\" class=\"yoast-schema-graph\">{\"@context\":\"https:\\\/\\\/schema.org\",\"@graph\":[{\"@type\":\"WebPage\",\"@id\":\"https:\\\/\\\/alpenblickkreischberg.at\\\/megkozelithetoseg\\\/\",\"url\":\"https:\\\/\\\/alpenblickkreischberg.at\\\/megkozelithetoseg\\\/\",\"name\":\"Megk\u00f6zel\u00edthet\u0151s\u00e9g - Alpenblick Kreischberg\",\"isPartOf\":{\"@id\":\"https:\\\/\\\/alpenblickkreischberg.at\\\/hu\\\/#website\"},\"datePublished\":\"2023-06-13T12:34:16+00:00\",\"dateModified\":\"2023-08-17T13:24:26+00:00\",\"breadcrumb\":{\"@id\":\"https:\\\/\\\/alpenblickkreischberg.at\\\/megkozelithetoseg\\\/#breadcrumb\"},\"inLanguage\":\"en-GB\",\"potentialAction\":[{\"@type\":\"ReadAction\",\"target\":[\"https:\\\/\\\/alpenblickkreischberg.at\\\/megkozelithetoseg\\\/\"]}]},{\"@type\":\"BreadcrumbList\",\"@id\":\"https:\\\/\\\/alpenblickkreischberg.at\\\/megkozelithetoseg\\\/#breadcrumb\",\"itemListElement\":[{\"@type\":\"ListItem\",\"position\":1,\"name\":\"Kezd\u0151lap\",\"item\":\"https:\\\/\\\/alpenblickkreischberg.at\\\/\"},{\"@type\":\"ListItem\",\"position\":2,\"name\":\"Megk\u00f6zel\u00edthet\u0151s\u00e9g\"}]},{\"@type\":\"WebSite\",\"@id\":\"https:\\\/\\\/alpenblickkreischberg.at\\\/hu\\\/#website\",\"url\":\"https:\\\/\\\/alpenblickkreischberg.at\\\/hu\\\/\",\"name\":\"Alpenblick Kreischberg\",\"description\":\"Hotel a Kreischbergen Murau mellett\",\"publisher\":{\"@id\":\"https:\\\/\\\/alpenblickkreischberg.at\\\/hu\\\/#organization\"},\"potentialAction\":[{\"@type\":\"SearchAction\",\"target\":{\"@type\":\"EntryPoint\",\"urlTemplate\":\"https:\\\/\\\/alpenblickkreischberg.at\\\/hu\\\/?s={search_term_string}\"},\"query-input\":{\"@type\":\"PropertyValueSpecification\",\"valueRequired\":true,\"valueName\":\"search_term_string\"}}],\"inLanguage\":\"en-GB\"},{\"@type\":\"Organization\",\"@id\":\"https:\\\/\\\/alpenblickkreischberg.at\\\/hu\\\/#organization\",\"name\":\"Alpenblick Kreischberg\",\"url\":\"https:\\\/\\\/alpenblickkreischberg.at\\\/hu\\\/\",\"logo\":{\"@type\":\"ImageObject\",\"inLanguage\":\"en-GB\",\"@id\":\"https:\\\/\\\/alpenblickkreischberg.at\\\/hu\\\/#\\\/schema\\\/logo\\\/image\\\/\",\"url\":\"https:\\\/\\\/alpenblickkreischberg.at\\\/wp-content\\\/uploads\\\/2023\\\/06\\\/alpenblick-logo.png\",\"contentUrl\":\"https:\\\/\\\/alpenblickkreischberg.at\\\/wp-content\\\/uploads\\\/2023\\\/06\\\/alpenblick-logo.png\",\"width\":520,\"height\":212,\"caption\":\"Alpenblick Kreischberg\"},\"image\":{\"@id\":\"https:\\\/\\\/alpenblickkreischberg.at\\\/hu\\\/#\\\/schema\\\/logo\\\/image\\\/\"}}]}<\/script>\n<!-- \/ Yoast SEO plugin. -->","yoast_head_json":{"title":"Megk\u00f6zel\u00edthet\u0151s\u00e9g - Alpenblick Kreischberg","robots":{"index":"index","follow":"follow","max-snippet":"max-snippet:-1","max-image-preview":"max-image-preview:large","max-video-preview":"max-video-preview:-1"},"canonical":"https:\/\/alpenblickkreischberg.at\/en\/location-and-directions\/","og_locale":"en_GB","og_type":"article","og_title":"Megk\u00f6zel\u00edthet\u0151s\u00e9g - Alpenblick Kreischberg","og_description":"Nyugat-Ausztria, N\u00e9metorsz\u00e1g \u00e9s Sv\u00e1jc ir\u00e1ny\u00e1b\u00f3l: Salzburgon \u00e1t a Tauern-aut\u00f3p\u00e1ly\u00e1n St. Michael-i le\u00e1gaz\u00e1sig, lefordulni Tamsweg fel\u00e9, Murau ir\u00e1ny\u00e1ba, St. Georgen\/St. Lorenzen Budapestr\u0151l: Az M1 aut\u00f3p\u00e1ly\u00e1n kereszt\u00fcl B\u00e9cs, Semmering, Bruck\/Mur, Judenburg, Scheifling, Murau, Murau ut\u00e1n m\u00e9g 7 km St. Georgen\/St. Lorenzen Gr\u00e1zb\u00f3l: St. Michael ir\u00e1ny\u00e1ba, A9-es aut\u00f3p\u00e1ly\u00e1n(\u00fatd\u00edj!), az A1-es gy\u0171r\u0171 ir\u00e1ny\u00e1ba, Judenburg, Scheifling, Murau, Murau ut\u00e1n m\u00e9g [&hellip;]","og_url":"https:\/\/alpenblickkreischberg.at\/en\/location-and-directions\/","og_site_name":"Alpenblick Kreischberg","article_modified_time":"2023-08-17T13:24:26+00:00","twitter_card":"summary_large_image","twitter_misc":{"Estimated reading time":"1 minute"},"schema":{"@context":"https:\/\/schema.org","@graph":[{"@type":"WebPage","@id":"https:\/\/alpenblickkreischberg.at\/megkozelithetoseg\/","url":"https:\/\/alpenblickkreischberg.at\/megkozelithetoseg\/","name":"Megk\u00f6zel\u00edthet\u0151s\u00e9g - Alpenblick Kreischberg","isPartOf":{"@id":"https:\/\/alpenblickkreischberg.at\/hu\/#website"},"datePublished":"2023-06-13T12:34:16+00:00","dateModified":"2023-08-17T13:24:26+00:00","breadcrumb":{"@id":"https:\/\/alpenblickkreischberg.at\/megkozelithetoseg\/#breadcrumb"},"inLanguage":"en-GB","potentialAction":[{"@type":"ReadAction","target":["https:\/\/alpenblickkreischberg.at\/megkozelithetoseg\/"]}]},{"@type":"BreadcrumbList","@id":"https:\/\/alpenblickkreischberg.at\/megkozelithetoseg\/#breadcrumb","itemListElement":[{"@type":"ListItem","position":1,"name":"Kezd\u0151lap","item":"https:\/\/alpenblickkreischberg.at\/"},{"@type":"ListItem","position":2,"name":"Megk\u00f6zel\u00edthet\u0151s\u00e9g"}]},{"@type":"WebSite","@id":"https:\/\/alpenblickkreischberg.at\/hu\/#website","url":"https:\/\/alpenblickkreischberg.at\/hu\/","name":"Alpenblick Kreischberg","description":"Hotel on the Kreischberg near Murau","publisher":{"@id":"https:\/\/alpenblickkreischberg.at\/hu\/#organization"},"potentialAction":[{"@type":"SearchAction","target":{"@type":"EntryPoint","urlTemplate":"https:\/\/alpenblickkreischberg.at\/hu\/?s={search_term_string}"},"query-input":{"@type":"PropertyValueSpecification","valueRequired":true,"valueName":"search_term_string"}}],"inLanguage":"en-GB"},{"@type":"Organization","@id":"https:\/\/alpenblickkreischberg.at\/hu\/#organization","name":"Alpenblick Kreischberg","url":"https:\/\/alpenblickkreischberg.at\/hu\/","logo":{"@type":"ImageObject","inLanguage":"en-GB","@id":"https:\/\/alpenblickkreischberg.at\/hu\/#\/schema\/logo\/image\/","url":"https:\/\/alpenblickkreischberg.at\/wp-content\/uploads\/2023\/06\/alpenblick-logo.png","contentUrl":"https:\/\/alpenblickkreischberg.at\/wp-content\/uploads\/2023\/06\/alpenblick-logo.png","width":520,"height":212,"caption":"Alpenblick Kreischberg"},"image":{"@id":"https:\/\/alpenblickkreischberg.at\/hu\/#\/schema\/logo\/image\/"}}]}},"_links":{"self":[{"href":"https:\/\/alpenblickkreischberg.at\/en\/wp-json\/wp\/v2\/pages\/563","targetHints":{"allow":["GET"]}}],"collection":[{"href":"https:\/\/alpenblickkreischberg.at\/en\/wp-json\/wp\/v2\/pages"}],"about":[{"href":"https:\/\/alpenblickkreischberg.at\/en\/wp-json\/wp\/v2\/types\/page"}],"author":[{"embeddable":true,"href":"https:\/\/alpenblickkreischberg.at\/en\/wp-json\/wp\/v2\/users\/4"}],"replies":[{"embeddable":true,"href":"https:\/\/alpenblickkreischberg.at\/en\/wp-json\/wp\/v2\/comments?post=563"}],"version-history":[{"count":5,"href":"https:\/\/alpenblickkreischberg.at\/en\/wp-json\/wp\/v2\/pages\/563\/revisions"}],"predecessor-version":[{"id":2388,"href":"https:\/\/alpenblickkreischberg.at\/en\/wp-json\/wp\/v2\/pages\/563\/revisions\/2388"}],"wp:attachment":[{"href":"https:\/\/alpenblickkreischberg.at\/en\/wp-json\/wp\/v2\/media?parent=563"}],"curies":[{"name":"wp","href":"https:\/\/api.w.org\/{rel}","templated":true}]}}