{"id":2854,"date":"2024-02-02T17:15:52","date_gmt":"2024-02-02T16:15:52","guid":{"rendered":"http:\/\/alpenblickkreischberg.at\/?page_id=2854"},"modified":"2025-07-23T15:50:06","modified_gmt":"2025-07-23T13:50:06","slug":"sielj-pihenj-ismetelj-napokon-at","status":"publish","type":"page","link":"https:\/\/alpenblickkreischberg.at\/en\/ajanlataink\/sielj-pihenj-ismetelj-napokon-at\/","title":{"rendered":"S\u00edelj, pihenj, ism\u00e9telj &#8211; napokon \u00e1t!"},"content":{"rendered":"<div data-elementor-type=\"wp-page\" data-elementor-id=\"2854\" class=\"elementor elementor-2854\" data-elementor-post-type=\"page\">\n\t\t\t\t<div class=\"elementor-element elementor-element-47dc0fb e-con-full e-flex e-con e-parent\" data-id=\"47dc0fb\" data-element_type=\"container\" data-e-type=\"container\">\n\t\t<div class=\"elementor-element elementor-element-8c657b4 e-con-full e-flex e-con e-child\" data-id=\"8c657b4\" data-element_type=\"container\" data-e-type=\"container\" data-settings=\"{&quot;background_background&quot;:&quot;classic&quot;}\">\n\t\t\t\t<div class=\"elementor-element elementor-element-d808282 elementor-widget elementor-widget-image\" data-id=\"d808282\" data-element_type=\"widget\" data-e-type=\"widget\" data-widget_type=\"image.default\">\n\t\t\t\t<div class=\"elementor-widget-container\">\n\t\t\t\t\t\t\t\t\t\t\t\t\t\t\t<img fetchpriority=\"high\" decoding=\"async\" width=\"800\" height=\"800\" src=\"https:\/\/alpenblickkreischberg.at\/wp-content\/uploads\/2024\/07\/alpen4ejszaka-1024x1024.jpg\" class=\"attachment-large size-large wp-image-3209\" alt=\"\" srcset=\"https:\/\/alpenblickkreischberg.at\/wp-content\/uploads\/2024\/07\/alpen4ejszaka-1024x1024.jpg 1024w, https:\/\/alpenblickkreischberg.at\/wp-content\/uploads\/2024\/07\/alpen4ejszaka-300x300.jpg 300w, https:\/\/alpenblickkreischberg.at\/wp-content\/uploads\/2024\/07\/alpen4ejszaka-150x150.jpg 150w, https:\/\/alpenblickkreischberg.at\/wp-content\/uploads\/2024\/07\/alpen4ejszaka-768x768.jpg 768w, https:\/\/alpenblickkreischberg.at\/wp-content\/uploads\/2024\/07\/alpen4ejszaka-12x12.jpg 12w, https:\/\/alpenblickkreischberg.at\/wp-content\/uploads\/2024\/07\/alpen4ejszaka.jpg 1200w\" sizes=\"(max-width: 800px) 100vw, 800px\" \/>\t\t\t\t\t\t\t\t\t\t\t\t\t\t\t<\/div>\n\t\t\t\t<\/div>\n\t\t\t\t<\/div>\n\t\t<div class=\"elementor-element elementor-element-3f6920d e-con-full e-flex e-con e-child\" data-id=\"3f6920d\" data-element_type=\"container\" data-e-type=\"container\">\n\t\t\t\t<div class=\"elementor-element elementor-element-26a187b elementor-widget elementor-widget-heading\" data-id=\"26a187b\" data-element_type=\"widget\" data-e-type=\"widget\" data-widget_type=\"heading.default\">\n\t\t\t\t<div class=\"elementor-widget-container\">\n\t\t\t\t\t<h2 class=\"elementor-heading-title elementor-size-default\">S\u00edelj, pihenj, ism\u00e9telj &#8211; napokon \u00e1t!<\/h2>\t\t\t\t<\/div>\n\t\t\t\t<\/div>\n\t\t\t\t<div class=\"elementor-element elementor-element-5d996c7 elementor-widget elementor-widget-text-editor\" data-id=\"5d996c7\" data-element_type=\"widget\" data-e-type=\"widget\" data-widget_type=\"text-editor.default\">\n\t\t\t\t<div class=\"elementor-widget-container\">\n\t\t\t\t\t\t\t\t\t<p><strong>Make the most of the winter!<\/strong><br \/><b>Minimum 4 nights, 15% discount.<\/b><br \/><strong>Valid: 02.01.2026-15.03.2026<\/strong><\/p><p>The package contains the following services:<\/p><ul><li>Accomodation in the selected room type<\/li><li>Buffet breakfast<\/li><li>Half board dinner with wide selection<\/li><li>Unlimited use of the panoramic wellness oasis<\/li><\/ul>\t\t\t\t\t\t\t\t<\/div>\n\t\t\t\t<\/div>\n\t\t\t\t<div class=\"elementor-element elementor-element-0162f8f elementor-widget elementor-widget-accordion\" data-id=\"0162f8f\" data-element_type=\"widget\" data-e-type=\"widget\" data-widget_type=\"accordion.default\">\n\t\t\t\t<div class=\"elementor-widget-container\">\n\t\t\t\t\t\t\t<div class=\"elementor-accordion\">\n\t\t\t\t\t\t\t<div class=\"elementor-accordion-item\">\n\t\t\t\t\t<div id=\"elementor-tab-title-1451\" class=\"elementor-tab-title\" data-tab=\"1\" role=\"button\" aria-controls=\"elementor-tab-content-1451\" aria-expanded=\"false\">\n\t\t\t\t\t\t\t\t\t\t\t\t\t<span class=\"elementor-accordion-icon elementor-accordion-icon-left\" aria-hidden=\"true\">\n\t\t\t\t\t\t\t\t\t\t\t\t\t\t\t<span class=\"elementor-accordion-icon-closed\"><i class=\"fas fa-plus\"><\/i><\/span>\n\t\t\t\t\t\t\t\t<span class=\"elementor-accordion-icon-opened\"><i class=\"fas fa-minus\"><\/i><\/span>\n\t\t\t\t\t\t\t\t\t\t\t\t\t\t<\/span>\n\t\t\t\t\t\t\t\t\t\t\t\t<a class=\"elementor-accordion-title\" tabindex=\"0\">Package extra:<\/a>\n\t\t\t\t\t<\/div>\n\t\t\t\t\t<div id=\"elementor-tab-content-1451\" class=\"elementor-tab-content elementor-clearfix\" data-tab=\"1\" role=\"region\" aria-labelledby=\"elementor-tab-title-1451\"><ul><li><strong>42 km of ski slopes only 900 meters from the hotel!*<\/strong><\/li><li><strong>Free shuttle service to the ski slope<\/strong><\/li><li><strong>Mulled wine and non-alcoholic punch every afternoon<\/strong><\/li><li><strong>Free use of children\u2019s playroom and xbox playroom<\/strong><\/li><li><strong>Free lockable, heated ski locker. With a deposit of 20 EUR.<\/strong><\/li><li><strong>10% discount at the SULI ski rental<\/strong><\/li><li>Use of bathrobe and towels<\/li><li>Free parking<\/li><li>Free WI-FI<\/li><li>VAT included<\/li><\/ul><\/div>\n\t\t\t\t<\/div>\n\t\t\t\t\t\t\t\t<\/div>\n\t\t\t\t\t\t<\/div>\n\t\t\t\t<\/div>\n\t\t\t\t<div class=\"elementor-element elementor-element-fb50c21 elementor-widget elementor-widget-heading\" data-id=\"fb50c21\" data-element_type=\"widget\" data-e-type=\"widget\" data-widget_type=\"heading.default\">\n\t\t\t\t<div class=\"elementor-widget-container\">\n\t\t\t\t\t<div class=\"elementor-heading-title elementor-size-default\">*The ski slope can be used for an additional fee, the ski pass can be purchased on the slope<\/div>\t\t\t\t<\/div>\n\t\t\t\t<\/div>\n\t\t<div class=\"elementor-element elementor-element-fd7acfa e-con-full e-flex e-con e-child\" data-id=\"fd7acfa\" data-element_type=\"container\" data-e-type=\"container\">\n\t\t\t\t<div class=\"elementor-element elementor-element-ff98c6c elementor-align-center elementor-widget elementor-widget-button\" data-id=\"ff98c6c\" data-element_type=\"widget\" data-e-type=\"widget\" data-widget_type=\"button.default\">\n\t\t\t\t<div class=\"elementor-widget-container\">\n\t\t\t\t\t\t\t\t\t<div class=\"elementor-button-wrapper\">\n\t\t\t\t\t<a class=\"elementor-button elementor-button-link elementor-size-sm elementor-animation-grow\" href=\"https:\/\/alpenblickkreischberg.at\/en\/foglalas\/\">\n\t\t\t\t\t\t<span class=\"elementor-button-content-wrapper\">\n\t\t\t\t\t\t\t\t\t<span class=\"elementor-button-text\">reservation<\/span>\n\t\t\t\t\t<\/span>\n\t\t\t\t\t<\/a>\n\t\t\t\t<\/div>\n\t\t\t\t\t\t\t\t<\/div>\n\t\t\t\t<\/div>\n\t\t\t\t<div class=\"elementor-element elementor-element-e9fd56d elementor-align-left elementor-widget elementor-widget-button\" data-id=\"e9fd56d\" data-element_type=\"widget\" data-e-type=\"widget\" data-widget_type=\"button.default\">\n\t\t\t\t<div class=\"elementor-widget-container\">\n\t\t\t\t\t\t\t\t\t<div class=\"elementor-button-wrapper\">\n\t\t\t\t\t<a class=\"elementor-button elementor-button-link elementor-size-sm\" href=\"#elementor-action%3Aaction%3Dpopup%3Aopen%26settings%3DeyJpZCI6IjMwNyIsInRvZ2dsZSI6ZmFsc2V9\">\n\t\t\t\t\t\t<span class=\"elementor-button-content-wrapper\">\n\t\t\t\t\t\t<span class=\"elementor-button-icon\">\n\t\t\t\t<svg xmlns=\"http:\/\/www.w3.org\/2000\/svg\" width=\"16\" height=\"16\" viewbox=\"0 0 16 16\" fill=\"none\"><circle cx=\"8\" cy=\"8\" r=\"6.5\" stroke=\"black\" stroke-opacity=\"0.54\"><\/circle><path d=\"M7 4.93204C7 4.64725 7.09061 4.42071 7.27184 4.25243C7.46602 4.08414 7.71197 4 8.00971 4C8.30744 4 8.54693 4.08414 8.72816 4.25243C8.90939 4.42071 9 4.64725 9 4.93204C9 5.20388 8.90939 5.42395 8.72816 5.59223C8.54693 5.76052 8.30744 5.84466 8.00971 5.84466C7.71197 5.84466 7.46602 5.76052 7.27184 5.59223C7.09061 5.42395 7 5.20388 7 4.93204ZM8.68932 7V12H7.31068V7H8.68932Z\" fill=\"black\" fill-opacity=\"0.54\"><\/path><\/svg>\t\t\t<\/span>\n\t\t\t\t\t\t\t\t\t<span class=\"elementor-button-text\">booking conditions<\/span>\n\t\t\t\t\t<\/span>\n\t\t\t\t\t<\/a>\n\t\t\t\t<\/div>\n\t\t\t\t\t\t\t\t<\/div>\n\t\t\t\t<\/div>\n\t\t\t\t<\/div>\n\t\t\t\t<\/div>\n\t\t\t\t<\/div>\n\t\t\t\t<\/div>","protected":false},"excerpt":{"rendered":"<p>Hozd ki a maximumot a t\u00e9lb\u0151l!Minimum 4 \u00e9jszaka, 15% kedvezm\u00e9ny.\u00c9rv\u00e9nyes: 2026.01.02 \u2013 2026.03.15. Kedvezm\u00e9nyes aj\u00e1nlatunk az al\u00e1bbi szolg\u00e1ltat\u00e1sokat tartalmazza: Sz\u00e1ll\u00e1s, a kiv\u00e1lasztott szobat\u00edpusban B\u0151s\u00e9ges b\u00fcf\u00e9reggeli F\u00e9lpanzi\u00f3s vacsora sz\u00e9les v\u00e1laszt\u00e9kkal Wellness korl\u00e1tlan haszn\u00e1lata Csomag extra: 42 km s\u00edp\u00e1lya mind\u00f6ssze 900 m\u00e9ternyire a sz\u00e1llod\u00e1t\u00f3l!* Ingyenes transzfer szolg\u00e1ltat\u00e1s a s\u00edp\u00e1ly\u00e1ra D\u00e9lut\u00e1nonk\u00e9nt forraltbor \u00e9s alkoholmentes puncs Gyermek j\u00e1tsz\u00f3szoba \u00e9s [&hellip;]<\/p>\n","protected":false},"author":4,"featured_media":3209,"parent":274,"menu_order":0,"comment_status":"closed","ping_status":"closed","template":"","meta":{"footnotes":""},"class_list":["post-2854","page","type-page","status-publish","has-post-thumbnail","hentry"],"yoast_head":"<!-- This site is optimized with the Yoast SEO plugin v27.4 - https:\/\/yoast.com\/product\/yoast-seo-wordpress\/ -->\n<title>S\u00edelj, pihenj, ism\u00e9telj - napokon \u00e1t! - Alpenblick Kreischberg<\/title>\n<meta name=\"robots\" content=\"index, follow, max-snippet:-1, max-image-preview:large, max-video-preview:-1\" \/>\n<link rel=\"canonical\" href=\"https:\/\/alpenblickkreischberg.at\/en\/offers\/sielj-pihenj-ismetelj-napokon-at\/\" \/>\n<meta property=\"og:locale\" content=\"en_GB\" \/>\n<meta property=\"og:type\" content=\"article\" \/>\n<meta property=\"og:title\" content=\"S\u00edelj, pihenj, ism\u00e9telj - napokon \u00e1t! - Alpenblick Kreischberg\" \/>\n<meta property=\"og:description\" content=\"Hozd ki a maximumot a t\u00e9lb\u0151l!Minimum 4 \u00e9jszaka, 15% kedvezm\u00e9ny.\u00c9rv\u00e9nyes: 2026.01.02 \u2013 2026.03.15. Kedvezm\u00e9nyes aj\u00e1nlatunk az al\u00e1bbi szolg\u00e1ltat\u00e1sokat tartalmazza: Sz\u00e1ll\u00e1s, a kiv\u00e1lasztott szobat\u00edpusban B\u0151s\u00e9ges b\u00fcf\u00e9reggeli F\u00e9lpanzi\u00f3s vacsora sz\u00e9les v\u00e1laszt\u00e9kkal Wellness korl\u00e1tlan haszn\u00e1lata Csomag extra: 42 km s\u00edp\u00e1lya mind\u00f6ssze 900 m\u00e9ternyire a sz\u00e1llod\u00e1t\u00f3l!* Ingyenes transzfer szolg\u00e1ltat\u00e1s a s\u00edp\u00e1ly\u00e1ra D\u00e9lut\u00e1nonk\u00e9nt forraltbor \u00e9s alkoholmentes puncs Gyermek j\u00e1tsz\u00f3szoba \u00e9s [&hellip;]\" \/>\n<meta property=\"og:url\" content=\"https:\/\/alpenblickkreischberg.at\/en\/offers\/sielj-pihenj-ismetelj-napokon-at\/\" \/>\n<meta property=\"og:site_name\" content=\"Alpenblick Kreischberg\" \/>\n<meta property=\"article:modified_time\" content=\"2025-07-23T13:50:06+00:00\" \/>\n<meta property=\"og:image\" content=\"https:\/\/alpenblickkreischberg.at\/wp-content\/uploads\/2024\/07\/alpen4ejszaka.jpg\" \/>\n\t<meta property=\"og:image:width\" content=\"1200\" \/>\n\t<meta property=\"og:image:height\" content=\"1200\" \/>\n\t<meta property=\"og:image:type\" content=\"image\/jpeg\" \/>\n<meta name=\"twitter:card\" content=\"summary_large_image\" \/>\n<meta name=\"twitter:label1\" content=\"Estimated reading time\" \/>\n\t<meta name=\"twitter:data1\" content=\"1 minute\" \/>\n<script type=\"application\/ld+json\" class=\"yoast-schema-graph\">{\"@context\":\"https:\\\/\\\/schema.org\",\"@graph\":[{\"@type\":\"WebPage\",\"@id\":\"https:\\\/\\\/alpenblickkreischberg.at\\\/ajanlataink\\\/sielj-pihenj-ismetelj-napokon-at\\\/\",\"url\":\"https:\\\/\\\/alpenblickkreischberg.at\\\/ajanlataink\\\/sielj-pihenj-ismetelj-napokon-at\\\/\",\"name\":\"S\u00edelj, pihenj, ism\u00e9telj - napokon \u00e1t! - Alpenblick Kreischberg\",\"isPartOf\":{\"@id\":\"https:\\\/\\\/alpenblickkreischberg.at\\\/hu\\\/#website\"},\"primaryImageOfPage\":{\"@id\":\"https:\\\/\\\/alpenblickkreischberg.at\\\/ajanlataink\\\/sielj-pihenj-ismetelj-napokon-at\\\/#primaryimage\"},\"image\":{\"@id\":\"https:\\\/\\\/alpenblickkreischberg.at\\\/ajanlataink\\\/sielj-pihenj-ismetelj-napokon-at\\\/#primaryimage\"},\"thumbnailUrl\":\"https:\\\/\\\/alpenblickkreischberg.at\\\/wp-content\\\/uploads\\\/2024\\\/07\\\/alpen4ejszaka.jpg\",\"datePublished\":\"2024-02-02T16:15:52+00:00\",\"dateModified\":\"2025-07-23T13:50:06+00:00\",\"breadcrumb\":{\"@id\":\"https:\\\/\\\/alpenblickkreischberg.at\\\/ajanlataink\\\/sielj-pihenj-ismetelj-napokon-at\\\/#breadcrumb\"},\"inLanguage\":\"en-GB\",\"potentialAction\":[{\"@type\":\"ReadAction\",\"target\":[\"https:\\\/\\\/alpenblickkreischberg.at\\\/ajanlataink\\\/sielj-pihenj-ismetelj-napokon-at\\\/\"]}]},{\"@type\":\"ImageObject\",\"inLanguage\":\"en-GB\",\"@id\":\"https:\\\/\\\/alpenblickkreischberg.at\\\/ajanlataink\\\/sielj-pihenj-ismetelj-napokon-at\\\/#primaryimage\",\"url\":\"https:\\\/\\\/alpenblickkreischberg.at\\\/wp-content\\\/uploads\\\/2024\\\/07\\\/alpen4ejszaka.jpg\",\"contentUrl\":\"https:\\\/\\\/alpenblickkreischberg.at\\\/wp-content\\\/uploads\\\/2024\\\/07\\\/alpen4ejszaka.jpg\",\"width\":1200,\"height\":1200},{\"@type\":\"BreadcrumbList\",\"@id\":\"https:\\\/\\\/alpenblickkreischberg.at\\\/ajanlataink\\\/sielj-pihenj-ismetelj-napokon-at\\\/#breadcrumb\",\"itemListElement\":[{\"@type\":\"ListItem\",\"position\":1,\"name\":\"Kezd\u0151lap\",\"item\":\"https:\\\/\\\/alpenblickkreischberg.at\\\/\"},{\"@type\":\"ListItem\",\"position\":2,\"name\":\"Aj\u00e1nlataink\",\"item\":\"https:\\\/\\\/alpenblickkreischberg.at\\\/ajanlataink\\\/\"},{\"@type\":\"ListItem\",\"position\":3,\"name\":\"S\u00edelj, pihenj, ism\u00e9telj &#8211; napokon \u00e1t!\"}]},{\"@type\":\"WebSite\",\"@id\":\"https:\\\/\\\/alpenblickkreischberg.at\\\/hu\\\/#website\",\"url\":\"https:\\\/\\\/alpenblickkreischberg.at\\\/hu\\\/\",\"name\":\"Alpenblick Kreischberg\",\"description\":\"Hotel a Kreischbergen Murau mellett\",\"publisher\":{\"@id\":\"https:\\\/\\\/alpenblickkreischberg.at\\\/hu\\\/#organization\"},\"potentialAction\":[{\"@type\":\"SearchAction\",\"target\":{\"@type\":\"EntryPoint\",\"urlTemplate\":\"https:\\\/\\\/alpenblickkreischberg.at\\\/hu\\\/?s={search_term_string}\"},\"query-input\":{\"@type\":\"PropertyValueSpecification\",\"valueRequired\":true,\"valueName\":\"search_term_string\"}}],\"inLanguage\":\"en-GB\"},{\"@type\":\"Organization\",\"@id\":\"https:\\\/\\\/alpenblickkreischberg.at\\\/hu\\\/#organization\",\"name\":\"Alpenblick Kreischberg\",\"url\":\"https:\\\/\\\/alpenblickkreischberg.at\\\/hu\\\/\",\"logo\":{\"@type\":\"ImageObject\",\"inLanguage\":\"en-GB\",\"@id\":\"https:\\\/\\\/alpenblickkreischberg.at\\\/hu\\\/#\\\/schema\\\/logo\\\/image\\\/\",\"url\":\"https:\\\/\\\/alpenblickkreischberg.at\\\/wp-content\\\/uploads\\\/2023\\\/06\\\/alpenblick-logo.png\",\"contentUrl\":\"https:\\\/\\\/alpenblickkreischberg.at\\\/wp-content\\\/uploads\\\/2023\\\/06\\\/alpenblick-logo.png\",\"width\":520,\"height\":212,\"caption\":\"Alpenblick Kreischberg\"},\"image\":{\"@id\":\"https:\\\/\\\/alpenblickkreischberg.at\\\/hu\\\/#\\\/schema\\\/logo\\\/image\\\/\"}}]}<\/script>\n<!-- \/ Yoast SEO plugin. -->","yoast_head_json":{"title":"S\u00edelj, pihenj, ism\u00e9telj - napokon \u00e1t! - Alpenblick Kreischberg","robots":{"index":"index","follow":"follow","max-snippet":"max-snippet:-1","max-image-preview":"max-image-preview:large","max-video-preview":"max-video-preview:-1"},"canonical":"https:\/\/alpenblickkreischberg.at\/en\/offers\/sielj-pihenj-ismetelj-napokon-at\/","og_locale":"en_GB","og_type":"article","og_title":"S\u00edelj, pihenj, ism\u00e9telj - napokon \u00e1t! - Alpenblick Kreischberg","og_description":"Hozd ki a maximumot a t\u00e9lb\u0151l!Minimum 4 \u00e9jszaka, 15% kedvezm\u00e9ny.\u00c9rv\u00e9nyes: 2026.01.02 \u2013 2026.03.15. Kedvezm\u00e9nyes aj\u00e1nlatunk az al\u00e1bbi szolg\u00e1ltat\u00e1sokat tartalmazza: Sz\u00e1ll\u00e1s, a kiv\u00e1lasztott szobat\u00edpusban B\u0151s\u00e9ges b\u00fcf\u00e9reggeli F\u00e9lpanzi\u00f3s vacsora sz\u00e9les v\u00e1laszt\u00e9kkal Wellness korl\u00e1tlan haszn\u00e1lata Csomag extra: 42 km s\u00edp\u00e1lya mind\u00f6ssze 900 m\u00e9ternyire a sz\u00e1llod\u00e1t\u00f3l!* Ingyenes transzfer szolg\u00e1ltat\u00e1s a s\u00edp\u00e1ly\u00e1ra D\u00e9lut\u00e1nonk\u00e9nt forraltbor \u00e9s alkoholmentes puncs Gyermek j\u00e1tsz\u00f3szoba \u00e9s [&hellip;]","og_url":"https:\/\/alpenblickkreischberg.at\/en\/offers\/sielj-pihenj-ismetelj-napokon-at\/","og_site_name":"Alpenblick Kreischberg","article_modified_time":"2025-07-23T13:50:06+00:00","og_image":[{"width":1200,"height":1200,"url":"https:\/\/alpenblickkreischberg.at\/wp-content\/uploads\/2024\/07\/alpen4ejszaka.jpg","type":"image\/jpeg"}],"twitter_card":"summary_large_image","twitter_misc":{"Estimated reading time":"1 minute"},"schema":{"@context":"https:\/\/schema.org","@graph":[{"@type":"WebPage","@id":"https:\/\/alpenblickkreischberg.at\/ajanlataink\/sielj-pihenj-ismetelj-napokon-at\/","url":"https:\/\/alpenblickkreischberg.at\/ajanlataink\/sielj-pihenj-ismetelj-napokon-at\/","name":"S\u00edelj, pihenj, ism\u00e9telj - napokon \u00e1t! - Alpenblick Kreischberg","isPartOf":{"@id":"https:\/\/alpenblickkreischberg.at\/hu\/#website"},"primaryImageOfPage":{"@id":"https:\/\/alpenblickkreischberg.at\/ajanlataink\/sielj-pihenj-ismetelj-napokon-at\/#primaryimage"},"image":{"@id":"https:\/\/alpenblickkreischberg.at\/ajanlataink\/sielj-pihenj-ismetelj-napokon-at\/#primaryimage"},"thumbnailUrl":"https:\/\/alpenblickkreischberg.at\/wp-content\/uploads\/2024\/07\/alpen4ejszaka.jpg","datePublished":"2024-02-02T16:15:52+00:00","dateModified":"2025-07-23T13:50:06+00:00","breadcrumb":{"@id":"https:\/\/alpenblickkreischberg.at\/ajanlataink\/sielj-pihenj-ismetelj-napokon-at\/#breadcrumb"},"inLanguage":"en-GB","potentialAction":[{"@type":"ReadAction","target":["https:\/\/alpenblickkreischberg.at\/ajanlataink\/sielj-pihenj-ismetelj-napokon-at\/"]}]},{"@type":"ImageObject","inLanguage":"en-GB","@id":"https:\/\/alpenblickkreischberg.at\/ajanlataink\/sielj-pihenj-ismetelj-napokon-at\/#primaryimage","url":"https:\/\/alpenblickkreischberg.at\/wp-content\/uploads\/2024\/07\/alpen4ejszaka.jpg","contentUrl":"https:\/\/alpenblickkreischberg.at\/wp-content\/uploads\/2024\/07\/alpen4ejszaka.jpg","width":1200,"height":1200},{"@type":"BreadcrumbList","@id":"https:\/\/alpenblickkreischberg.at\/ajanlataink\/sielj-pihenj-ismetelj-napokon-at\/#breadcrumb","itemListElement":[{"@type":"ListItem","position":1,"name":"Kezd\u0151lap","item":"https:\/\/alpenblickkreischberg.at\/"},{"@type":"ListItem","position":2,"name":"Aj\u00e1nlataink","item":"https:\/\/alpenblickkreischberg.at\/ajanlataink\/"},{"@type":"ListItem","position":3,"name":"S\u00edelj, pihenj, ism\u00e9telj &#8211; napokon \u00e1t!"}]},{"@type":"WebSite","@id":"https:\/\/alpenblickkreischberg.at\/hu\/#website","url":"https:\/\/alpenblickkreischberg.at\/hu\/","name":"Alpenblick Kreischberg","description":"Hotel on the Kreischberg near Murau","publisher":{"@id":"https:\/\/alpenblickkreischberg.at\/hu\/#organization"},"potentialAction":[{"@type":"SearchAction","target":{"@type":"EntryPoint","urlTemplate":"https:\/\/alpenblickkreischberg.at\/hu\/?s={search_term_string}"},"query-input":{"@type":"PropertyValueSpecification","valueRequired":true,"valueName":"search_term_string"}}],"inLanguage":"en-GB"},{"@type":"Organization","@id":"https:\/\/alpenblickkreischberg.at\/hu\/#organization","name":"Alpenblick Kreischberg","url":"https:\/\/alpenblickkreischberg.at\/hu\/","logo":{"@type":"ImageObject","inLanguage":"en-GB","@id":"https:\/\/alpenblickkreischberg.at\/hu\/#\/schema\/logo\/image\/","url":"https:\/\/alpenblickkreischberg.at\/wp-content\/uploads\/2023\/06\/alpenblick-logo.png","contentUrl":"https:\/\/alpenblickkreischberg.at\/wp-content\/uploads\/2023\/06\/alpenblick-logo.png","width":520,"height":212,"caption":"Alpenblick Kreischberg"},"image":{"@id":"https:\/\/alpenblickkreischberg.at\/hu\/#\/schema\/logo\/image\/"}}]}},"_links":{"self":[{"href":"https:\/\/alpenblickkreischberg.at\/en\/wp-json\/wp\/v2\/pages\/2854","targetHints":{"allow":["GET"]}}],"collection":[{"href":"https:\/\/alpenblickkreischberg.at\/en\/wp-json\/wp\/v2\/pages"}],"about":[{"href":"https:\/\/alpenblickkreischberg.at\/en\/wp-json\/wp\/v2\/types\/page"}],"author":[{"embeddable":true,"href":"https:\/\/alpenblickkreischberg.at\/en\/wp-json\/wp\/v2\/users\/4"}],"replies":[{"embeddable":true,"href":"https:\/\/alpenblickkreischberg.at\/en\/wp-json\/wp\/v2\/comments?post=2854"}],"version-history":[{"count":19,"href":"https:\/\/alpenblickkreischberg.at\/en\/wp-json\/wp\/v2\/pages\/2854\/revisions"}],"predecessor-version":[{"id":3672,"href":"https:\/\/alpenblickkreischberg.at\/en\/wp-json\/wp\/v2\/pages\/2854\/revisions\/3672"}],"up":[{"embeddable":true,"href":"https:\/\/alpenblickkreischberg.at\/en\/wp-json\/wp\/v2\/pages\/274"}],"wp:featuredmedia":[{"embeddable":true,"href":"https:\/\/alpenblickkreischberg.at\/en\/wp-json\/wp\/v2\/media\/3209"}],"wp:attachment":[{"href":"https:\/\/alpenblickkreischberg.at\/en\/wp-json\/wp\/v2\/media?parent=2854"}],"curies":[{"name":"wp","href":"https:\/\/api.w.org\/{rel}","templated":true}]}}