{"id":677,"date":"2023-06-16T14:17:28","date_gmt":"2023-06-16T12:17:28","guid":{"rendered":"http:\/\/alpenblickkreischberg.at\/?page_id=677"},"modified":"2023-08-18T11:54:19","modified_gmt":"2023-08-18T09:54:19","slug":"impressum-und-agbs","status":"publish","type":"page","link":"https:\/\/alpenblickkreischberg.at\/de\/impresszum\/","title":{"rendered":"Impressum und AGBs"},"content":{"rendered":"<div data-elementor-type=\"wp-page\" data-elementor-id=\"677\" class=\"elementor elementor-677\" data-elementor-post-type=\"page\">\n\t\t\t\t<div class=\"elementor-element elementor-element-433d3c9 e-con-full e-flex e-con e-parent\" data-id=\"433d3c9\" data-element_type=\"container\" data-e-type=\"container\">\n\t\t\t\t<div class=\"elementor-element elementor-element-8052f85 elementor-widget elementor-widget-heading\" data-id=\"8052f85\" data-element_type=\"widget\" data-e-type=\"widget\" data-widget_type=\"heading.default\">\n\t\t\t\t<div class=\"elementor-widget-container\">\n\t\t\t\t\t<h1 class=\"elementor-heading-title elementor-size-default\">Impressum und AGBs<\/h1>\t\t\t\t<\/div>\n\t\t\t\t<\/div>\n\t\t<div class=\"elementor-element elementor-element-1dda75b e-flex e-con-boxed e-con e-parent\" data-id=\"1dda75b\" data-element_type=\"container\" data-e-type=\"container\">\n\t\t\t\t\t<div class=\"e-con-inner\">\n\t\t\t\t<div class=\"elementor-element elementor-element-abcb4fc elementor-widget elementor-widget-text-editor\" data-id=\"abcb4fc\" data-element_type=\"widget\" data-e-type=\"widget\" data-widget_type=\"text-editor.default\">\n\t\t\t\t<div class=\"elementor-widget-container\">\n\t\t\t\t\t\t\t\t\t<h5>Hotel Alpenblick****<br \/>HRK Management GmbH<\/h5><p>Kreischberg 2<br \/>8861 St. Georgen am Kreischberg<br \/>Tel.: +43 3537 25 002<br \/>E-mail: reservierung@alpenblickkreischberg.at<\/p><p>Commercial register number:<br \/>Commercial Register Court: Landesgericht Leoben<br \/>UID: ATU77398978<br \/>Aufsichtsbeh\u00f6rde: Bezirkshauptmannschaft Murau<\/p>\t\t\t\t\t\t\t\t<\/div>\n\t\t\t\t<\/div>\n\t\t\t\t<div class=\"elementor-element elementor-element-098cc01 elementor-widget elementor-widget-heading\" data-id=\"098cc01\" data-element_type=\"widget\" data-e-type=\"widget\" data-widget_type=\"heading.default\">\n\t\t\t\t<div class=\"elementor-widget-container\">\n\t\t\t\t\t<div class=\"elementor-heading-title elementor-size-default\">Au\u00dfer im Falle der Stornobedingungen, hierbei gelten die folgenden hoteleigenen Geb\u00fchren:\nStornierung und \u00c4nderungen, die\n\nbis zu 30Tage vor Anreisedatum erfolgen, sind kostenfrei.\nbis zu 21 Tage vor Anreisedatum erfolgen, werden mit 40% des Preises der gesamten Buchung,\nbis zu 14 Tage vor Anreisedatum erfolgen, werden mit 70% des Preises der gesamten Buchung,\ninnerhalb 14 Tage vor Anreisedatum erfolgen, sowie Nichtanreisen werden mit dem Gesamtbetrag berechnet.<\/div>\t\t\t\t<\/div>\n\t\t\t\t<\/div>\n\t\t\t\t<div class=\"elementor-element elementor-element-c074dae elementor-widget-divider--view-line elementor-widget elementor-widget-divider\" data-id=\"c074dae\" data-element_type=\"widget\" data-e-type=\"widget\" data-widget_type=\"divider.default\">\n\t\t\t\t<div class=\"elementor-widget-container\">\n\t\t\t\t\t\t\t<div class=\"elementor-divider\">\n\t\t\t<span class=\"elementor-divider-separator\">\n\t\t\t\t\t\t<\/span>\n\t\t<\/div>\n\t\t\t\t\t\t<\/div>\n\t\t\t\t<\/div>\n\t\t\t\t<div class=\"elementor-element elementor-element-10d3e58 elementor-widget elementor-widget-text-editor\" data-id=\"10d3e58\" data-element_type=\"widget\" data-e-type=\"widget\" data-widget_type=\"text-editor.default\">\n\t\t\t\t<div class=\"elementor-widget-container\">\n\t\t\t\t\t\t\t\t\t<p>Wir \u00fcbernehmen keine rechtliche Gew\u00e4hr f\u00fcr fehlerhafte Angaben. <a href=\"https:\/\/www.wko.at\/branchen\/tourismus-freizeitwirtschaft\/hotellerie\/AGBH_ungarisch.pdf\" target=\"_blank\" rel=\"noopener\">Es gelten die Allgemeinen Gesch\u00e4ftsbedingungen der Hotellerie (ABGH) 2006.\nABGH 2006 (pdf, 42 KB)<\/a> .<\/p><h5>Haftungsausschluss<\/h5><p>Dieser Haftungsausschluss ist als Teil des Internetangebotes zu betrachten, von dem aus auf diese Webseite verwiesen wurde. Sofern Teile oder einzelne Formulierungen dieses Textes der geltenden Rechtslage nicht, nicht mehr oder nicht vollst\u00e4ndig entsprechen sollten, bleiben die \u00fcbrigen Teile des Dokumentes in ihrem Inhalt und ihrer G\u00fcltigkeit davon unber\u00fchrt.<\/p><h5>Haftung f\u00fcr Inhalte dieser Webseite<\/h5><p>Die Inhalte dieser Webseite wurden mit gr\u00f6\u00dftm\u00f6glicher Sorgfalt erstellt. F\u00fcr die Richtigkeit, Vollst\u00e4ndigkeit und Aktualit\u00e4t der Inhalte \u00fcbernehmen wir jedoch keine Gew\u00e4hr. Als Diensteanbieter sind wir f\u00fcr eigene Inhalte auf diesen Seiten nach den allgemeinen Gesetzen verantwortlich. Wir sind jedoch nicht verpflichtet, \u00fcbermittelte oder gespeicherte fremde Informationen zu \u00fcberwachen oder nach Umst\u00e4nden zu forschen, die auf eine rechtswidrige T\u00e4tigkeit hinweisen. Verpflichtungen zur Entfernung oder Sperrung der Nutzung von Informationen nach den allgemeinen Gesetzen bleiben hiervon unber\u00fchrt. Eine diesbez\u00fcgliche Haftung ist jedoch erst ab dem Zeitpunkt der Kenntnis einer konkreten Rechtsverletzung m\u00f6glich. Bei Bekanntwerden von entsprechenden Rechtsverletzungen werden wir diese Inhalte umgehend entfernen.\n\nHaftung f\u00fcr Links auf Webseiten Dritter:\n\nUnser Angebot enth\u00e4lt Links zu externen Websites. Auf den Inhalt dieser externen Webseiten haben wir keinerlei Einfluss. Deshalb k\u00f6nnen wir f\u00fcr diese fremden Inhalte auch keine Gew\u00e4hr \u00fcbernehmen. F\u00fcr die Inhalte der verlinkten Seiten ist stets der jeweilige Anbieter oder Betreiber der Seiten verantwortlich. Die verlinkten Seiten wurden zum Zeitpunkt der Verlinkung auf m\u00f6gliche Rechtsverst\u00f6\u00dfe \u00fcberpr\u00fcft. Rechtswidrige Inhalte waren zum Zeitpunkt der Verlinkung nicht erkennbar. Eine permanente inhaltliche Kontrolle der verlinkten Seiten ist jedoch ohne konkrete Anhaltspunkte einer Rechtsverletzung nicht zumutbar. Bei Bekanntwerden von Rechtsverletzungen werden wir derartige Links umgehend entfernen.<\/p><h5>Urheberrecht<\/h5><p>Die Betreiber dieser Webseite sind bem\u00fcht, stets die Urheberrechte anderer zu beachten bzw. auf selbst erstellte sowie lizenzfreie Werke zur\u00fcckzugreifen. Die durch die Seitenbetreiber erstellten Inhalte und Werke auf dieser Webseite unterliegen dem Urheberrecht. Beitr\u00e4ge Dritter sind als solche gekennzeichnet. Die Vervielf\u00e4ltigung, Bearbeitung, Verbreitung und jede Art der Verwertung au\u00dferhalb der Grenzen des Urheberrechtes bed\u00fcrfen der schriftlichen Zustimmung des jeweiligen Autors bzw. Erstellers. Downloads und Kopien dieser Seite sind nur f\u00fcr den privaten, nicht kommerziellen Gebrauch gestattet.<\/p>\t\t\t\t\t\t\t\t<\/div>\n\t\t\t\t<\/div>\n\t\t\t\t\t<\/div>\n\t\t\t\t<\/div>\n\t\t\t\t<\/div>\n\t\t\t\t<\/div>","protected":false},"excerpt":{"rendered":"<p>Hotel Alpenblick****HRK Management GmbH Kreischberg 28861 St. Georgen am KreischbergTel.: +43 3537 25 002E-mail: reservierung@alpenblickkreischberg.at C\u00e9gjegyz\u00e9ksz\u00e1m: FN 566648gC\u00e9gjegyz\u00e9k ki\u00e1ll\u00edtotta: Landesgericht LeobenUID: ATU77398978Fel\u00fcgyeleti Hat\u00f3s\u00e1g: Bezirkshauptmannschaft Murau Az esetleges hib\u00e1k\u00e9rt, el\u00edr\u00e1sok\u00e9rt felel\u0151ss\u00e9get nem v\u00e1llalunk. A sz\u00e1lloda- \u00e9s vend\u00e9gl\u00e1t\u00f3ipari \u00e1ltal\u00e1nos \u00fczleti felt\u00e9telek (ABGH) 2006 \u00e9rv\u00e9nyesek sz\u00e1llod\u00e1nkra. A honlapunkon felt\u00f6lt\u00f6tt tartalommal kapcsolatos felel\u0151ss\u00e9g v\u00e1llal\u00e1s: Honlapunk tartalm\u00e1t alapos gondoss\u00e1ggal \u00e9s [&hellip;]<\/p>\n","protected":false},"author":4,"featured_media":0,"parent":0,"menu_order":0,"comment_status":"closed","ping_status":"closed","template":"","meta":{"footnotes":""},"class_list":["post-677","page","type-page","status-publish","hentry"],"yoast_head":"<!-- This site is optimized with the Yoast SEO plugin v27.4 - https:\/\/yoast.com\/product\/yoast-seo-wordpress\/ -->\n<title>Impresszum - Alpenblick Kreischberg<\/title>\n<meta name=\"robots\" content=\"index, follow, max-snippet:-1, max-image-preview:large, max-video-preview:-1\" \/>\n<link rel=\"canonical\" href=\"https:\/\/alpenblickkreischberg.at\/de\/impressum-und-agbs\/\" \/>\n<meta property=\"og:locale\" content=\"de_DE\" \/>\n<meta property=\"og:type\" content=\"article\" \/>\n<meta property=\"og:title\" content=\"Impresszum - Alpenblick Kreischberg\" \/>\n<meta property=\"og:description\" content=\"Hotel Alpenblick****HRK Management GmbH Kreischberg 28861 St. Georgen am KreischbergTel.: +43 3537 25 002E-mail: reservierung@alpenblickkreischberg.at C\u00e9gjegyz\u00e9ksz\u00e1m: FN 566648gC\u00e9gjegyz\u00e9k ki\u00e1ll\u00edtotta: Landesgericht LeobenUID: ATU77398978Fel\u00fcgyeleti Hat\u00f3s\u00e1g: Bezirkshauptmannschaft Murau Az esetleges hib\u00e1k\u00e9rt, el\u00edr\u00e1sok\u00e9rt felel\u0151ss\u00e9get nem v\u00e1llalunk. A sz\u00e1lloda- \u00e9s vend\u00e9gl\u00e1t\u00f3ipari \u00e1ltal\u00e1nos \u00fczleti felt\u00e9telek (ABGH) 2006 \u00e9rv\u00e9nyesek sz\u00e1llod\u00e1nkra. A honlapunkon felt\u00f6lt\u00f6tt tartalommal kapcsolatos felel\u0151ss\u00e9g v\u00e1llal\u00e1s: Honlapunk tartalm\u00e1t alapos gondoss\u00e1ggal \u00e9s [&hellip;]\" \/>\n<meta property=\"og:url\" content=\"https:\/\/alpenblickkreischberg.at\/de\/impressum-und-agbs\/\" \/>\n<meta property=\"og:site_name\" content=\"Alpenblick Kreischberg\" \/>\n<meta property=\"article:modified_time\" content=\"2023-08-18T09:54:19+00:00\" \/>\n<meta name=\"twitter:card\" content=\"summary_large_image\" \/>\n<meta name=\"twitter:label1\" content=\"Gesch\u00e4tzte Lesezeit\" \/>\n\t<meta name=\"twitter:data1\" content=\"1\u00a0Minute\" \/>\n<script type=\"application\/ld+json\" class=\"yoast-schema-graph\">{\"@context\":\"https:\\\/\\\/schema.org\",\"@graph\":[{\"@type\":\"WebPage\",\"@id\":\"https:\\\/\\\/alpenblickkreischberg.at\\\/de\\\/impressum-und-agbs\\\/\",\"url\":\"https:\\\/\\\/alpenblickkreischberg.at\\\/de\\\/impressum-und-agbs\\\/\",\"name\":\"Impresszum - Alpenblick Kreischberg\",\"isPartOf\":{\"@id\":\"https:\\\/\\\/alpenblickkreischberg.at\\\/hu\\\/#website\"},\"datePublished\":\"2023-06-16T12:17:28+00:00\",\"dateModified\":\"2023-08-18T09:54:19+00:00\",\"breadcrumb\":{\"@id\":\"https:\\\/\\\/alpenblickkreischberg.at\\\/de\\\/impressum-und-agbs\\\/#breadcrumb\"},\"inLanguage\":\"de\",\"potentialAction\":[{\"@type\":\"ReadAction\",\"target\":[\"https:\\\/\\\/alpenblickkreischberg.at\\\/de\\\/impressum-und-agbs\\\/\"]}]},{\"@type\":\"BreadcrumbList\",\"@id\":\"https:\\\/\\\/alpenblickkreischberg.at\\\/de\\\/impressum-und-agbs\\\/#breadcrumb\",\"itemListElement\":[{\"@type\":\"ListItem\",\"position\":1,\"name\":\"Kezd\u0151lap\",\"item\":\"https:\\\/\\\/alpenblickkreischberg.at\\\/\"},{\"@type\":\"ListItem\",\"position\":2,\"name\":\"Impresszum\"}]},{\"@type\":\"WebSite\",\"@id\":\"https:\\\/\\\/alpenblickkreischberg.at\\\/hu\\\/#website\",\"url\":\"https:\\\/\\\/alpenblickkreischberg.at\\\/hu\\\/\",\"name\":\"Alpenblick Kreischberg\",\"description\":\"Hotel a Kreischbergen Murau mellett\",\"publisher\":{\"@id\":\"https:\\\/\\\/alpenblickkreischberg.at\\\/hu\\\/#organization\"},\"potentialAction\":[{\"@type\":\"SearchAction\",\"target\":{\"@type\":\"EntryPoint\",\"urlTemplate\":\"https:\\\/\\\/alpenblickkreischberg.at\\\/hu\\\/?s={search_term_string}\"},\"query-input\":{\"@type\":\"PropertyValueSpecification\",\"valueRequired\":true,\"valueName\":\"search_term_string\"}}],\"inLanguage\":\"de\"},{\"@type\":\"Organization\",\"@id\":\"https:\\\/\\\/alpenblickkreischberg.at\\\/hu\\\/#organization\",\"name\":\"Alpenblick Kreischberg\",\"url\":\"https:\\\/\\\/alpenblickkreischberg.at\\\/hu\\\/\",\"logo\":{\"@type\":\"ImageObject\",\"inLanguage\":\"de\",\"@id\":\"https:\\\/\\\/alpenblickkreischberg.at\\\/hu\\\/#\\\/schema\\\/logo\\\/image\\\/\",\"url\":\"https:\\\/\\\/alpenblickkreischberg.at\\\/wp-content\\\/uploads\\\/2023\\\/06\\\/alpenblick-logo.png\",\"contentUrl\":\"https:\\\/\\\/alpenblickkreischberg.at\\\/wp-content\\\/uploads\\\/2023\\\/06\\\/alpenblick-logo.png\",\"width\":520,\"height\":212,\"caption\":\"Alpenblick Kreischberg\"},\"image\":{\"@id\":\"https:\\\/\\\/alpenblickkreischberg.at\\\/hu\\\/#\\\/schema\\\/logo\\\/image\\\/\"}}]}<\/script>\n<!-- \/ Yoast SEO plugin. -->","yoast_head_json":{"title":"Impresszum - Alpenblick Kreischberg","robots":{"index":"index","follow":"follow","max-snippet":"max-snippet:-1","max-image-preview":"max-image-preview:large","max-video-preview":"max-video-preview:-1"},"canonical":"https:\/\/alpenblickkreischberg.at\/de\/impressum-und-agbs\/","og_locale":"de_DE","og_type":"article","og_title":"Impresszum - Alpenblick Kreischberg","og_description":"Hotel Alpenblick****HRK Management GmbH Kreischberg 28861 St. Georgen am KreischbergTel.: +43 3537 25 002E-mail: reservierung@alpenblickkreischberg.at C\u00e9gjegyz\u00e9ksz\u00e1m: FN 566648gC\u00e9gjegyz\u00e9k ki\u00e1ll\u00edtotta: Landesgericht LeobenUID: ATU77398978Fel\u00fcgyeleti Hat\u00f3s\u00e1g: Bezirkshauptmannschaft Murau Az esetleges hib\u00e1k\u00e9rt, el\u00edr\u00e1sok\u00e9rt felel\u0151ss\u00e9get nem v\u00e1llalunk. A sz\u00e1lloda- \u00e9s vend\u00e9gl\u00e1t\u00f3ipari \u00e1ltal\u00e1nos \u00fczleti felt\u00e9telek (ABGH) 2006 \u00e9rv\u00e9nyesek sz\u00e1llod\u00e1nkra. A honlapunkon felt\u00f6lt\u00f6tt tartalommal kapcsolatos felel\u0151ss\u00e9g v\u00e1llal\u00e1s: Honlapunk tartalm\u00e1t alapos gondoss\u00e1ggal \u00e9s [&hellip;]","og_url":"https:\/\/alpenblickkreischberg.at\/de\/impressum-und-agbs\/","og_site_name":"Alpenblick Kreischberg","article_modified_time":"2023-08-18T09:54:19+00:00","twitter_card":"summary_large_image","twitter_misc":{"Gesch\u00e4tzte Lesezeit":"1\u00a0Minute"},"schema":{"@context":"https:\/\/schema.org","@graph":[{"@type":"WebPage","@id":"https:\/\/alpenblickkreischberg.at\/de\/impressum-und-agbs\/","url":"https:\/\/alpenblickkreischberg.at\/de\/impressum-und-agbs\/","name":"Impresszum - Alpenblick Kreischberg","isPartOf":{"@id":"https:\/\/alpenblickkreischberg.at\/hu\/#website"},"datePublished":"2023-06-16T12:17:28+00:00","dateModified":"2023-08-18T09:54:19+00:00","breadcrumb":{"@id":"https:\/\/alpenblickkreischberg.at\/de\/impressum-und-agbs\/#breadcrumb"},"inLanguage":"de","potentialAction":[{"@type":"ReadAction","target":["https:\/\/alpenblickkreischberg.at\/de\/impressum-und-agbs\/"]}]},{"@type":"BreadcrumbList","@id":"https:\/\/alpenblickkreischberg.at\/de\/impressum-und-agbs\/#breadcrumb","itemListElement":[{"@type":"ListItem","position":1,"name":"Kezd\u0151lap","item":"https:\/\/alpenblickkreischberg.at\/"},{"@type":"ListItem","position":2,"name":"Impresszum"}]},{"@type":"WebSite","@id":"https:\/\/alpenblickkreischberg.at\/hu\/#website","url":"https:\/\/alpenblickkreischberg.at\/hu\/","name":"Alpenblick Kreischberg","description":"Hotel auf dem Kreischberg bei Murau","publisher":{"@id":"https:\/\/alpenblickkreischberg.at\/hu\/#organization"},"potentialAction":[{"@type":"SearchAction","target":{"@type":"EntryPoint","urlTemplate":"https:\/\/alpenblickkreischberg.at\/hu\/?s={search_term_string}"},"query-input":{"@type":"PropertyValueSpecification","valueRequired":true,"valueName":"search_term_string"}}],"inLanguage":"de"},{"@type":"Organization","@id":"https:\/\/alpenblickkreischberg.at\/hu\/#organization","name":"Alpenblick Kreischberg","url":"https:\/\/alpenblickkreischberg.at\/hu\/","logo":{"@type":"ImageObject","inLanguage":"de","@id":"https:\/\/alpenblickkreischberg.at\/hu\/#\/schema\/logo\/image\/","url":"https:\/\/alpenblickkreischberg.at\/wp-content\/uploads\/2023\/06\/alpenblick-logo.png","contentUrl":"https:\/\/alpenblickkreischberg.at\/wp-content\/uploads\/2023\/06\/alpenblick-logo.png","width":520,"height":212,"caption":"Alpenblick Kreischberg"},"image":{"@id":"https:\/\/alpenblickkreischberg.at\/hu\/#\/schema\/logo\/image\/"}}]}},"_links":{"self":[{"href":"https:\/\/alpenblickkreischberg.at\/de\/wp-json\/wp\/v2\/pages\/677","targetHints":{"allow":["GET"]}}],"collection":[{"href":"https:\/\/alpenblickkreischberg.at\/de\/wp-json\/wp\/v2\/pages"}],"about":[{"href":"https:\/\/alpenblickkreischberg.at\/de\/wp-json\/wp\/v2\/types\/page"}],"author":[{"embeddable":true,"href":"https:\/\/alpenblickkreischberg.at\/de\/wp-json\/wp\/v2\/users\/4"}],"replies":[{"embeddable":true,"href":"https:\/\/alpenblickkreischberg.at\/de\/wp-json\/wp\/v2\/comments?post=677"}],"version-history":[{"count":5,"href":"https:\/\/alpenblickkreischberg.at\/de\/wp-json\/wp\/v2\/pages\/677\/revisions"}],"predecessor-version":[{"id":2428,"href":"https:\/\/alpenblickkreischberg.at\/de\/wp-json\/wp\/v2\/pages\/677\/revisions\/2428"}],"wp:attachment":[{"href":"https:\/\/alpenblickkreischberg.at\/de\/wp-json\/wp\/v2\/media?parent=677"}],"curies":[{"name":"wp","href":"https:\/\/api.w.org\/{rel}","templated":true}]}}