{"id":2769,"date":"2023-12-07T14:18:23","date_gmt":"2023-12-07T13:18:23","guid":{"rendered":"http:\/\/alpenblickkreischberg.at\/?page_id=2769"},"modified":"2025-12-22T16:45:34","modified_gmt":"2025-12-22T15:45:34","slug":"last-minute","status":"publish","type":"page","link":"https:\/\/alpenblickkreischberg.at\/de\/ajanlataink\/last-minute\/","title":{"rendered":"Last minute"},"content":{"rendered":"<div data-elementor-type=\"wp-page\" data-elementor-id=\"2769\" class=\"elementor elementor-2769\" data-elementor-post-type=\"page\">\n\t\t\t\t<div class=\"elementor-element elementor-element-47dc0fb e-con-full e-flex e-con e-parent\" data-id=\"47dc0fb\" data-element_type=\"container\" data-e-type=\"container\">\n\t\t<div class=\"elementor-element elementor-element-8c657b4 e-con-full e-flex e-con e-child\" data-id=\"8c657b4\" data-element_type=\"container\" data-e-type=\"container\" data-settings=\"{&quot;background_background&quot;:&quot;classic&quot;}\">\n\t\t\t\t<div class=\"elementor-element elementor-element-d808282 elementor-widget elementor-widget-image\" data-id=\"d808282\" data-element_type=\"widget\" data-e-type=\"widget\" data-widget_type=\"image.default\">\n\t\t\t\t<div class=\"elementor-widget-container\">\n\t\t\t\t\t\t\t\t\t\t\t\t\t\t\t<img fetchpriority=\"high\" decoding=\"async\" width=\"800\" height=\"800\" src=\"https:\/\/alpenblickkreischberg.at\/wp-content\/uploads\/2025\/03\/elofoglalas2026-1024x1024.jpg\" class=\"attachment-large size-large wp-image-3538\" alt=\"\" srcset=\"https:\/\/alpenblickkreischberg.at\/wp-content\/uploads\/2025\/03\/elofoglalas2026-1024x1024.jpg 1024w, https:\/\/alpenblickkreischberg.at\/wp-content\/uploads\/2025\/03\/elofoglalas2026-300x300.jpg 300w, https:\/\/alpenblickkreischberg.at\/wp-content\/uploads\/2025\/03\/elofoglalas2026-150x150.jpg 150w, https:\/\/alpenblickkreischberg.at\/wp-content\/uploads\/2025\/03\/elofoglalas2026-768x768.jpg 768w, https:\/\/alpenblickkreischberg.at\/wp-content\/uploads\/2025\/03\/elofoglalas2026-12x12.jpg 12w, https:\/\/alpenblickkreischberg.at\/wp-content\/uploads\/2025\/03\/elofoglalas2026.jpg 1200w\" sizes=\"(max-width: 800px) 100vw, 800px\" \/>\t\t\t\t\t\t\t\t\t\t\t\t\t\t\t<\/div>\n\t\t\t\t<\/div>\n\t\t\t\t<\/div>\n\t\t<div class=\"elementor-element elementor-element-3f6920d e-con-full e-flex e-con e-child\" data-id=\"3f6920d\" data-element_type=\"container\" data-e-type=\"container\">\n\t\t\t\t<div class=\"elementor-element elementor-element-26a187b elementor-widget elementor-widget-heading\" data-id=\"26a187b\" data-element_type=\"widget\" data-e-type=\"widget\" data-widget_type=\"heading.default\">\n\t\t\t\t<div class=\"elementor-widget-container\">\n\t\t\t\t\t<h2 class=\"elementor-heading-title elementor-size-default\">Last minute<\/h2>\t\t\t\t<\/div>\n\t\t\t\t<\/div>\n\t\t\t\t<div class=\"elementor-element elementor-element-b92cf48 elementor-widget elementor-widget-text-editor\" data-id=\"b92cf48\" data-element_type=\"widget\" data-e-type=\"widget\" data-widget_type=\"text-editor.default\">\n\t\t\t\t<div class=\"elementor-widget-container\">\n\t\t\t\t\t\t\t\t\t<p><strong>\u00c9rv\u00e9nyes: 2026.03.15-ig<\/strong><\/p><p><strong>Mit 16\u202f% Rabatt buchbar, bis sp\u00e4testens 5 Tage vor Anreise.<\/strong><\/p><p>Unser Sonderangebot enth\u00e4lt folgende Leistungen:<\/p><ul><li>Unterkunft im gew\u00e4hlten Zimmertyp<\/li><li>Fr\u00fchst\u00fccksbuffet<\/li><li>Abendessen im Rahmen der Halbpension mit einer gro\u00dfen Auswahl an Speisen<\/li><li>Unbegrenzte Nutzung der Panorama-Wellness-Oase<\/li><\/ul>\t\t\t\t\t\t\t\t<\/div>\n\t\t\t\t<\/div>\n\t\t\t\t<div class=\"elementor-element elementor-element-0162f8f elementor-widget elementor-widget-accordion\" data-id=\"0162f8f\" data-element_type=\"widget\" data-e-type=\"widget\" data-widget_type=\"accordion.default\">\n\t\t\t\t<div class=\"elementor-widget-container\">\n\t\t\t\t\t\t\t<div class=\"elementor-accordion\">\n\t\t\t\t\t\t\t<div class=\"elementor-accordion-item\">\n\t\t\t\t\t<div id=\"elementor-tab-title-1451\" class=\"elementor-tab-title\" data-tab=\"1\" role=\"button\" aria-controls=\"elementor-tab-content-1451\" aria-expanded=\"false\">\n\t\t\t\t\t\t\t\t\t\t\t\t\t<span class=\"elementor-accordion-icon elementor-accordion-icon-left\" aria-hidden=\"true\">\n\t\t\t\t\t\t\t\t\t\t\t\t\t\t\t<span class=\"elementor-accordion-icon-closed\"><i class=\"fas fa-plus\"><\/i><\/span>\n\t\t\t\t\t\t\t\t<span class=\"elementor-accordion-icon-opened\"><i class=\"fas fa-minus\"><\/i><\/span>\n\t\t\t\t\t\t\t\t\t\t\t\t\t\t<\/span>\n\t\t\t\t\t\t\t\t\t\t\t\t<a class=\"elementor-accordion-title\" tabindex=\"0\">Paket zus\u00e4tzlich:<\/a>\n\t\t\t\t\t<\/div>\n\t\t\t\t\t<div id=\"elementor-tab-content-1451\" class=\"elementor-tab-content elementor-clearfix\" data-tab=\"1\" role=\"region\" aria-labelledby=\"elementor-tab-title-1451\"><p>\u00a0<\/p><ul><li>Nutzung von Bademantel und Handt\u00fcchern<\/li><li>Kostenloses Parken<\/li><li>Kostenlose Nutzung von Wi-Fi<\/li><li>Allgemeine Umsatzsteuer<\/li><\/ul><\/div>\n\t\t\t\t<\/div>\n\t\t\t\t\t\t\t\t<\/div>\n\t\t\t\t\t\t<\/div>\n\t\t\t\t<\/div>\n\t\t<div class=\"elementor-element elementor-element-fd7acfa e-con-full e-flex e-con e-child\" data-id=\"fd7acfa\" data-element_type=\"container\" data-e-type=\"container\">\n\t\t\t\t<div class=\"elementor-element elementor-element-5e2662f elementor-align-center elementor-widget elementor-widget-button\" data-id=\"5e2662f\" data-element_type=\"widget\" data-e-type=\"widget\" data-widget_type=\"button.default\">\n\t\t\t\t<div class=\"elementor-widget-container\">\n\t\t\t\t\t\t\t\t\t<div class=\"elementor-button-wrapper\">\n\t\t\t\t\t<a class=\"elementor-button elementor-button-link elementor-size-sm elementor-animation-grow\" href=\"https:\/\/alpenblickkreischberg.at\/de\/foglalas\/\">\n\t\t\t\t\t\t<span class=\"elementor-button-content-wrapper\">\n\t\t\t\t\t\t\t\t\t<span class=\"elementor-button-text\">Buchen<\/span>\n\t\t\t\t\t<\/span>\n\t\t\t\t\t<\/a>\n\t\t\t\t<\/div>\n\t\t\t\t\t\t\t\t<\/div>\n\t\t\t\t<\/div>\n\t\t\t\t<div class=\"elementor-element elementor-element-e9fd56d elementor-align-left elementor-widget elementor-widget-button\" data-id=\"e9fd56d\" data-element_type=\"widget\" data-e-type=\"widget\" data-widget_type=\"button.default\">\n\t\t\t\t<div class=\"elementor-widget-container\">\n\t\t\t\t\t\t\t\t\t<div class=\"elementor-button-wrapper\">\n\t\t\t\t\t<a class=\"elementor-button elementor-button-link elementor-size-sm\" href=\"#elementor-action%3Aaction%3Dpopup%3Aopen%26settings%3DeyJpZCI6IjMwNyIsInRvZ2dsZSI6ZmFsc2V9\">\n\t\t\t\t\t\t<span class=\"elementor-button-content-wrapper\">\n\t\t\t\t\t\t<span class=\"elementor-button-icon\">\n\t\t\t\t<svg xmlns=\"http:\/\/www.w3.org\/2000\/svg\" width=\"16\" height=\"16\" viewbox=\"0 0 16 16\" fill=\"none\"><circle cx=\"8\" cy=\"8\" r=\"6.5\" stroke=\"black\" stroke-opacity=\"0.54\"><\/circle><path d=\"M7 4.93204C7 4.64725 7.09061 4.42071 7.27184 4.25243C7.46602 4.08414 7.71197 4 8.00971 4C8.30744 4 8.54693 4.08414 8.72816 4.25243C8.90939 4.42071 9 4.64725 9 4.93204C9 5.20388 8.90939 5.42395 8.72816 5.59223C8.54693 5.76052 8.30744 5.84466 8.00971 5.84466C7.71197 5.84466 7.46602 5.76052 7.27184 5.59223C7.09061 5.42395 7 5.20388 7 4.93204ZM8.68932 7V12H7.31068V7H8.68932Z\" fill=\"black\" fill-opacity=\"0.54\"><\/path><\/svg>\t\t\t<\/span>\n\t\t\t\t\t\t\t\t\t<span class=\"elementor-button-text\">Buchungsbedingungen<\/span>\n\t\t\t\t\t<\/span>\n\t\t\t\t\t<\/a>\n\t\t\t\t<\/div>\n\t\t\t\t\t\t\t\t<\/div>\n\t\t\t\t<\/div>\n\t\t\t\t<\/div>\n\t\t\t\t<div class=\"elementor-element elementor-element-fb50c21 elementor-widget elementor-widget-heading\" data-id=\"fb50c21\" data-element_type=\"widget\" data-e-type=\"widget\" data-widget_type=\"heading.default\">\n\t\t\t\t<div class=\"elementor-widget-container\">\n\t\t\t\t\t<div class=\"elementor-heading-title elementor-size-default\">* Die Skipiste kann gegen eine zus\u00e4tzliche Geb\u00fchr benutzt werden, der Skipass kann auf der Piste gekauft werden<\/div>\t\t\t\t<\/div>\n\t\t\t\t<\/div>\n\t\t\t\t<\/div>\n\t\t\t\t<\/div>\n\t\t\t\t<\/div>","protected":false},"excerpt":{"rendered":"<p>\u00c9rv\u00e9nyes: 2026.03.15-ig 16% kedvezm\u00e9nnyel, max. 5 nappal az \u00e9rkez\u00e9s el\u0151tt foglalhat\u00f3 Kedvezm\u00e9nyes aj\u00e1nlatunk az al\u00e1bbi szolg\u00e1ltat\u00e1sokat tartalmazza: Sz\u00e1ll\u00e1s, a kiv\u00e1lasztott szobat\u00edpusban B\u0151s\u00e9ges b\u00fcf\u00e9reggeli F\u00e9lpanzi\u00f3s vacsora sz\u00e9les v\u00e1laszt\u00e9kkal Wellness korl\u00e1tlan haszn\u00e1lata Csomag extra: \u00a0 F\u00fcrd\u0151k\u00f6peny \u00e9s t\u00f6r\u00f6lk\u00f6z\u0151 bek\u00e9sz\u00edt\u00e9s a szob\u00e1ba Ingyenes parkol\u00e1s Ingyenes Wi-Fi haszn\u00e1lat \u00c1ltal\u00e1nos forgalmi ad\u00f3 szobafoglal\u00e1s Foglal\u00e1si felt\u00e9telek * A s\u00edp\u00e1lya fel\u00e1r ellen\u00e9ben [&hellip;]<\/p>\n","protected":false},"author":4,"featured_media":3538,"parent":274,"menu_order":0,"comment_status":"closed","ping_status":"closed","template":"","meta":{"footnotes":""},"class_list":["post-2769","page","type-page","status-publish","has-post-thumbnail","hentry"],"yoast_head":"<!-- This site is optimized with the Yoast SEO plugin v27.4 - https:\/\/yoast.com\/product\/yoast-seo-wordpress\/ -->\n<title>Last minute aj\u00e1nlat - Alpenblick Kreischberg<\/title>\n<meta name=\"robots\" content=\"index, follow, max-snippet:-1, max-image-preview:large, max-video-preview:-1\" \/>\n<link rel=\"canonical\" href=\"https:\/\/alpenblickkreischberg.at\/de\/angebote\/last-minute\/\" \/>\n<meta property=\"og:locale\" content=\"de_DE\" \/>\n<meta property=\"og:type\" content=\"article\" \/>\n<meta property=\"og:title\" content=\"Last minute aj\u00e1nlat - Alpenblick Kreischberg\" \/>\n<meta property=\"og:description\" content=\"\u00c9rv\u00e9nyes: 2026.03.15-ig 16% kedvezm\u00e9nnyel, max. 5 nappal az \u00e9rkez\u00e9s el\u0151tt foglalhat\u00f3 Kedvezm\u00e9nyes aj\u00e1nlatunk az al\u00e1bbi szolg\u00e1ltat\u00e1sokat tartalmazza: Sz\u00e1ll\u00e1s, a kiv\u00e1lasztott szobat\u00edpusban B\u0151s\u00e9ges b\u00fcf\u00e9reggeli F\u00e9lpanzi\u00f3s vacsora sz\u00e9les v\u00e1laszt\u00e9kkal Wellness korl\u00e1tlan haszn\u00e1lata Csomag extra: \u00a0 F\u00fcrd\u0151k\u00f6peny \u00e9s t\u00f6r\u00f6lk\u00f6z\u0151 bek\u00e9sz\u00edt\u00e9s a szob\u00e1ba Ingyenes parkol\u00e1s Ingyenes Wi-Fi haszn\u00e1lat \u00c1ltal\u00e1nos forgalmi ad\u00f3 szobafoglal\u00e1s Foglal\u00e1si felt\u00e9telek * A s\u00edp\u00e1lya fel\u00e1r ellen\u00e9ben [&hellip;]\" \/>\n<meta property=\"og:url\" content=\"https:\/\/alpenblickkreischberg.at\/de\/angebote\/last-minute\/\" \/>\n<meta property=\"og:site_name\" content=\"Alpenblick Kreischberg\" \/>\n<meta property=\"article:modified_time\" content=\"2025-12-22T15:45:34+00:00\" \/>\n<meta property=\"og:image\" content=\"https:\/\/alpenblickkreischberg.at\/wp-content\/uploads\/2025\/03\/elofoglalas2026.jpg\" \/>\n\t<meta property=\"og:image:width\" content=\"1200\" \/>\n\t<meta property=\"og:image:height\" content=\"1200\" \/>\n\t<meta property=\"og:image:type\" content=\"image\/jpeg\" \/>\n<meta name=\"twitter:card\" content=\"summary_large_image\" \/>\n<meta name=\"twitter:label1\" content=\"Gesch\u00e4tzte Lesezeit\" \/>\n\t<meta name=\"twitter:data1\" content=\"1\u00a0Minute\" \/>\n<script type=\"application\/ld+json\" class=\"yoast-schema-graph\">{\"@context\":\"https:\\\/\\\/schema.org\",\"@graph\":[{\"@type\":\"WebPage\",\"@id\":\"https:\\\/\\\/alpenblickkreischberg.at\\\/ajanlataink\\\/last-minute\\\/\",\"url\":\"https:\\\/\\\/alpenblickkreischberg.at\\\/ajanlataink\\\/last-minute\\\/\",\"name\":\"Last minute aj\u00e1nlat - Alpenblick Kreischberg\",\"isPartOf\":{\"@id\":\"https:\\\/\\\/alpenblickkreischberg.at\\\/hu\\\/#website\"},\"primaryImageOfPage\":{\"@id\":\"https:\\\/\\\/alpenblickkreischberg.at\\\/ajanlataink\\\/last-minute\\\/#primaryimage\"},\"image\":{\"@id\":\"https:\\\/\\\/alpenblickkreischberg.at\\\/ajanlataink\\\/last-minute\\\/#primaryimage\"},\"thumbnailUrl\":\"https:\\\/\\\/alpenblickkreischberg.at\\\/wp-content\\\/uploads\\\/2025\\\/03\\\/elofoglalas2026.jpg\",\"datePublished\":\"2023-12-07T13:18:23+00:00\",\"dateModified\":\"2025-12-22T15:45:34+00:00\",\"breadcrumb\":{\"@id\":\"https:\\\/\\\/alpenblickkreischberg.at\\\/ajanlataink\\\/last-minute\\\/#breadcrumb\"},\"inLanguage\":\"de\",\"potentialAction\":[{\"@type\":\"ReadAction\",\"target\":[\"https:\\\/\\\/alpenblickkreischberg.at\\\/ajanlataink\\\/last-minute\\\/\"]}]},{\"@type\":\"ImageObject\",\"inLanguage\":\"de\",\"@id\":\"https:\\\/\\\/alpenblickkreischberg.at\\\/ajanlataink\\\/last-minute\\\/#primaryimage\",\"url\":\"https:\\\/\\\/alpenblickkreischberg.at\\\/wp-content\\\/uploads\\\/2025\\\/03\\\/elofoglalas2026.jpg\",\"contentUrl\":\"https:\\\/\\\/alpenblickkreischberg.at\\\/wp-content\\\/uploads\\\/2025\\\/03\\\/elofoglalas2026.jpg\",\"width\":1200,\"height\":1200},{\"@type\":\"BreadcrumbList\",\"@id\":\"https:\\\/\\\/alpenblickkreischberg.at\\\/ajanlataink\\\/last-minute\\\/#breadcrumb\",\"itemListElement\":[{\"@type\":\"ListItem\",\"position\":1,\"name\":\"Kezd\u0151lap\",\"item\":\"https:\\\/\\\/alpenblickkreischberg.at\\\/\"},{\"@type\":\"ListItem\",\"position\":2,\"name\":\"Aj\u00e1nlataink\",\"item\":\"https:\\\/\\\/alpenblickkreischberg.at\\\/ajanlataink\\\/\"},{\"@type\":\"ListItem\",\"position\":3,\"name\":\"Last minute aj\u00e1nlat\"}]},{\"@type\":\"WebSite\",\"@id\":\"https:\\\/\\\/alpenblickkreischberg.at\\\/hu\\\/#website\",\"url\":\"https:\\\/\\\/alpenblickkreischberg.at\\\/hu\\\/\",\"name\":\"Alpenblick Kreischberg\",\"description\":\"Hotel a Kreischbergen Murau mellett\",\"publisher\":{\"@id\":\"https:\\\/\\\/alpenblickkreischberg.at\\\/hu\\\/#organization\"},\"potentialAction\":[{\"@type\":\"SearchAction\",\"target\":{\"@type\":\"EntryPoint\",\"urlTemplate\":\"https:\\\/\\\/alpenblickkreischberg.at\\\/hu\\\/?s={search_term_string}\"},\"query-input\":{\"@type\":\"PropertyValueSpecification\",\"valueRequired\":true,\"valueName\":\"search_term_string\"}}],\"inLanguage\":\"de\"},{\"@type\":\"Organization\",\"@id\":\"https:\\\/\\\/alpenblickkreischberg.at\\\/hu\\\/#organization\",\"name\":\"Alpenblick Kreischberg\",\"url\":\"https:\\\/\\\/alpenblickkreischberg.at\\\/hu\\\/\",\"logo\":{\"@type\":\"ImageObject\",\"inLanguage\":\"de\",\"@id\":\"https:\\\/\\\/alpenblickkreischberg.at\\\/hu\\\/#\\\/schema\\\/logo\\\/image\\\/\",\"url\":\"https:\\\/\\\/alpenblickkreischberg.at\\\/wp-content\\\/uploads\\\/2023\\\/06\\\/alpenblick-logo.png\",\"contentUrl\":\"https:\\\/\\\/alpenblickkreischberg.at\\\/wp-content\\\/uploads\\\/2023\\\/06\\\/alpenblick-logo.png\",\"width\":520,\"height\":212,\"caption\":\"Alpenblick Kreischberg\"},\"image\":{\"@id\":\"https:\\\/\\\/alpenblickkreischberg.at\\\/hu\\\/#\\\/schema\\\/logo\\\/image\\\/\"}}]}<\/script>\n<!-- \/ Yoast SEO plugin. -->","yoast_head_json":{"title":"Last minute aj\u00e1nlat - Alpenblick Kreischberg","robots":{"index":"index","follow":"follow","max-snippet":"max-snippet:-1","max-image-preview":"max-image-preview:large","max-video-preview":"max-video-preview:-1"},"canonical":"https:\/\/alpenblickkreischberg.at\/de\/angebote\/last-minute\/","og_locale":"de_DE","og_type":"article","og_title":"Last minute aj\u00e1nlat - Alpenblick Kreischberg","og_description":"\u00c9rv\u00e9nyes: 2026.03.15-ig 16% kedvezm\u00e9nnyel, max. 5 nappal az \u00e9rkez\u00e9s el\u0151tt foglalhat\u00f3 Kedvezm\u00e9nyes aj\u00e1nlatunk az al\u00e1bbi szolg\u00e1ltat\u00e1sokat tartalmazza: Sz\u00e1ll\u00e1s, a kiv\u00e1lasztott szobat\u00edpusban B\u0151s\u00e9ges b\u00fcf\u00e9reggeli F\u00e9lpanzi\u00f3s vacsora sz\u00e9les v\u00e1laszt\u00e9kkal Wellness korl\u00e1tlan haszn\u00e1lata Csomag extra: \u00a0 F\u00fcrd\u0151k\u00f6peny \u00e9s t\u00f6r\u00f6lk\u00f6z\u0151 bek\u00e9sz\u00edt\u00e9s a szob\u00e1ba Ingyenes parkol\u00e1s Ingyenes Wi-Fi haszn\u00e1lat \u00c1ltal\u00e1nos forgalmi ad\u00f3 szobafoglal\u00e1s Foglal\u00e1si felt\u00e9telek * A s\u00edp\u00e1lya fel\u00e1r ellen\u00e9ben [&hellip;]","og_url":"https:\/\/alpenblickkreischberg.at\/de\/angebote\/last-minute\/","og_site_name":"Alpenblick Kreischberg","article_modified_time":"2025-12-22T15:45:34+00:00","og_image":[{"width":1200,"height":1200,"url":"https:\/\/alpenblickkreischberg.at\/wp-content\/uploads\/2025\/03\/elofoglalas2026.jpg","type":"image\/jpeg"}],"twitter_card":"summary_large_image","twitter_misc":{"Gesch\u00e4tzte Lesezeit":"1\u00a0Minute"},"schema":{"@context":"https:\/\/schema.org","@graph":[{"@type":"WebPage","@id":"https:\/\/alpenblickkreischberg.at\/ajanlataink\/last-minute\/","url":"https:\/\/alpenblickkreischberg.at\/ajanlataink\/last-minute\/","name":"Last minute aj\u00e1nlat - Alpenblick Kreischberg","isPartOf":{"@id":"https:\/\/alpenblickkreischberg.at\/hu\/#website"},"primaryImageOfPage":{"@id":"https:\/\/alpenblickkreischberg.at\/ajanlataink\/last-minute\/#primaryimage"},"image":{"@id":"https:\/\/alpenblickkreischberg.at\/ajanlataink\/last-minute\/#primaryimage"},"thumbnailUrl":"https:\/\/alpenblickkreischberg.at\/wp-content\/uploads\/2025\/03\/elofoglalas2026.jpg","datePublished":"2023-12-07T13:18:23+00:00","dateModified":"2025-12-22T15:45:34+00:00","breadcrumb":{"@id":"https:\/\/alpenblickkreischberg.at\/ajanlataink\/last-minute\/#breadcrumb"},"inLanguage":"de","potentialAction":[{"@type":"ReadAction","target":["https:\/\/alpenblickkreischberg.at\/ajanlataink\/last-minute\/"]}]},{"@type":"ImageObject","inLanguage":"de","@id":"https:\/\/alpenblickkreischberg.at\/ajanlataink\/last-minute\/#primaryimage","url":"https:\/\/alpenblickkreischberg.at\/wp-content\/uploads\/2025\/03\/elofoglalas2026.jpg","contentUrl":"https:\/\/alpenblickkreischberg.at\/wp-content\/uploads\/2025\/03\/elofoglalas2026.jpg","width":1200,"height":1200},{"@type":"BreadcrumbList","@id":"https:\/\/alpenblickkreischberg.at\/ajanlataink\/last-minute\/#breadcrumb","itemListElement":[{"@type":"ListItem","position":1,"name":"Kezd\u0151lap","item":"https:\/\/alpenblickkreischberg.at\/"},{"@type":"ListItem","position":2,"name":"Aj\u00e1nlataink","item":"https:\/\/alpenblickkreischberg.at\/ajanlataink\/"},{"@type":"ListItem","position":3,"name":"Last minute aj\u00e1nlat"}]},{"@type":"WebSite","@id":"https:\/\/alpenblickkreischberg.at\/hu\/#website","url":"https:\/\/alpenblickkreischberg.at\/hu\/","name":"Alpenblick Kreischberg","description":"Hotel auf dem Kreischberg bei Murau","publisher":{"@id":"https:\/\/alpenblickkreischberg.at\/hu\/#organization"},"potentialAction":[{"@type":"SearchAction","target":{"@type":"EntryPoint","urlTemplate":"https:\/\/alpenblickkreischberg.at\/hu\/?s={search_term_string}"},"query-input":{"@type":"PropertyValueSpecification","valueRequired":true,"valueName":"search_term_string"}}],"inLanguage":"de"},{"@type":"Organization","@id":"https:\/\/alpenblickkreischberg.at\/hu\/#organization","name":"Alpenblick Kreischberg","url":"https:\/\/alpenblickkreischberg.at\/hu\/","logo":{"@type":"ImageObject","inLanguage":"de","@id":"https:\/\/alpenblickkreischberg.at\/hu\/#\/schema\/logo\/image\/","url":"https:\/\/alpenblickkreischberg.at\/wp-content\/uploads\/2023\/06\/alpenblick-logo.png","contentUrl":"https:\/\/alpenblickkreischberg.at\/wp-content\/uploads\/2023\/06\/alpenblick-logo.png","width":520,"height":212,"caption":"Alpenblick Kreischberg"},"image":{"@id":"https:\/\/alpenblickkreischberg.at\/hu\/#\/schema\/logo\/image\/"}}]}},"_links":{"self":[{"href":"https:\/\/alpenblickkreischberg.at\/de\/wp-json\/wp\/v2\/pages\/2769","targetHints":{"allow":["GET"]}}],"collection":[{"href":"https:\/\/alpenblickkreischberg.at\/de\/wp-json\/wp\/v2\/pages"}],"about":[{"href":"https:\/\/alpenblickkreischberg.at\/de\/wp-json\/wp\/v2\/types\/page"}],"author":[{"embeddable":true,"href":"https:\/\/alpenblickkreischberg.at\/de\/wp-json\/wp\/v2\/users\/4"}],"replies":[{"embeddable":true,"href":"https:\/\/alpenblickkreischberg.at\/de\/wp-json\/wp\/v2\/comments?post=2769"}],"version-history":[{"count":29,"href":"https:\/\/alpenblickkreischberg.at\/de\/wp-json\/wp\/v2\/pages\/2769\/revisions"}],"predecessor-version":[{"id":3789,"href":"https:\/\/alpenblickkreischberg.at\/de\/wp-json\/wp\/v2\/pages\/2769\/revisions\/3789"}],"up":[{"embeddable":true,"href":"https:\/\/alpenblickkreischberg.at\/de\/wp-json\/wp\/v2\/pages\/274"}],"wp:featuredmedia":[{"embeddable":true,"href":"https:\/\/alpenblickkreischberg.at\/de\/wp-json\/wp\/v2\/media\/3538"}],"wp:attachment":[{"href":"https:\/\/alpenblickkreischberg.at\/de\/wp-json\/wp\/v2\/media?parent=2769"}],"curies":[{"name":"wp","href":"https:\/\/api.w.org\/{rel}","templated":true}]}}