{"id":274,"date":"2023-06-09T15:19:10","date_gmt":"2023-06-09T13:19:10","guid":{"rendered":"http:\/\/alpenblickkreischberg.at\/?page_id=274"},"modified":"2026-03-19T16:26:20","modified_gmt":"2026-03-19T15:26:20","slug":"angebote","status":"publish","type":"page","link":"https:\/\/alpenblickkreischberg.at\/de\/ajanlataink\/","title":{"rendered":"Angebote"},"content":{"rendered":"<div data-elementor-type=\"wp-page\" data-elementor-id=\"274\" class=\"elementor elementor-274\" data-elementor-post-type=\"page\">\n\t\t\t\t<div class=\"elementor-element elementor-element-2c08c05 e-con-full e-flex e-con e-parent\" data-id=\"2c08c05\" data-element_type=\"container\" data-e-type=\"container\" data-settings=\"{&quot;background_background&quot;:&quot;classic&quot;,&quot;shape_divider_bottom&quot;:&quot;opacity-tilt&quot;}\">\n\t\t\t\t<div class=\"elementor-shape elementor-shape-bottom\" aria-hidden=\"true\" data-negative=\"false\">\n\t\t\t<svg xmlns=\"http:\/\/www.w3.org\/2000\/svg\" viewbox=\"0 0 2600 131.1\" preserveaspectratio=\"none\">\n\t<path class=\"elementor-shape-fill\" d=\"M0 0L2600 0 2600 69.1 0 0z\"\/>\n\t<path class=\"elementor-shape-fill\" style=\"opacity:0.5\" d=\"M0 0L2600 0 2600 69.1 0 69.1z\"\/>\n\t<path class=\"elementor-shape-fill\" style=\"opacity:0.25\" d=\"M2600 0L0 0 0 130.1 2600 69.1z\"\/>\n<\/svg>\t\t<\/div>\n\t\t\t\t<div class=\"elementor-element elementor-element-11ecdb1 elementor-widget elementor-widget-heading\" data-id=\"11ecdb1\" data-element_type=\"widget\" data-e-type=\"widget\" data-widget_type=\"heading.default\">\n\t\t\t\t<div class=\"elementor-widget-container\">\n\t\t\t\t\t<h1 class=\"elementor-heading-title elementor-size-default\">Wir hei\u00dfen Sie in der <br>Sommersaison 2026 herzlich willkommen!<\/h1>\t\t\t\t<\/div>\n\t\t\t\t<\/div>\n\t\t\t\t<\/div>\n\t\t<div class=\"elementor-element elementor-element-5df9453 e-con-full e-flex e-con e-parent\" data-id=\"5df9453\" data-element_type=\"container\" data-e-type=\"container\">\n\t\t\t\t<div class=\"elementor-element elementor-element-78f18ba elementor-widget elementor-widget-heading\" data-id=\"78f18ba\" data-element_type=\"widget\" data-e-type=\"widget\" data-widget_type=\"heading.default\">\n\t\t\t\t<div class=\"elementor-widget-container\">\n\t\t\t\t\t<h1 class=\"elementor-heading-title elementor-size-default\">Angebote<\/h1>\t\t\t\t<\/div>\n\t\t\t\t<\/div>\n\t\t\t\t<div class=\"elementor-element elementor-element-71b4821 elementor-widget-divider--view-line elementor-widget elementor-widget-divider\" data-id=\"71b4821\" data-element_type=\"widget\" data-e-type=\"widget\" data-widget_type=\"divider.default\">\n\t\t\t\t<div class=\"elementor-widget-container\">\n\t\t\t\t\t\t\t<div class=\"elementor-divider\">\n\t\t\t<span class=\"elementor-divider-separator\">\n\t\t\t\t\t\t<\/span>\n\t\t<\/div>\n\t\t\t\t\t\t<\/div>\n\t\t\t\t<\/div>\n\t\t\t\t<\/div>\n\t\t<div class=\"elementor-element elementor-element-fd06fc1 e-con-full e-flex e-con e-parent\" data-id=\"fd06fc1\" data-element_type=\"container\" data-e-type=\"container\">\n\t\t\t\t<div class=\"elementor-element elementor-element-c50089e elementor-hidden-desktop elementor-hidden-laptop elementor-hidden-tablet_extra elementor-hidden-tablet elementor-hidden-mobile elementor-widget-divider--view-line elementor-widget elementor-widget-divider\" data-id=\"c50089e\" data-element_type=\"widget\" data-e-type=\"widget\" data-widget_type=\"divider.default\">\n\t\t\t\t<div class=\"elementor-widget-container\">\n\t\t\t\t\t\t\t<div class=\"elementor-divider\">\n\t\t\t<span class=\"elementor-divider-separator\">\n\t\t\t\t\t\t<\/span>\n\t\t<\/div>\n\t\t\t\t\t\t<\/div>\n\t\t\t\t<\/div>\n\t\t\t\t<div class=\"elementor-element elementor-element-b600fcf elementor-hidden-desktop elementor-hidden-laptop elementor-hidden-tablet_extra elementor-hidden-tablet elementor-hidden-mobile elementor-widget elementor-widget-heading\" data-id=\"b600fcf\" data-element_type=\"widget\" data-e-type=\"widget\" data-widget_type=\"heading.default\">\n\t\t\t\t<div class=\"elementor-widget-container\">\n\t\t\t\t\t<h5 class=\"elementor-heading-title elementor-size-default\">Unser Kooperationspartner Suli Sport bietet unseren Hotelg\u00e4sten die M\u00f6glichkeit, E-Bikes zu verg\u00fcnstigten Konditionen zu mieten.<br><\/h5>\t\t\t\t<\/div>\n\t\t\t\t<\/div>\n\t\t\t\t<div class=\"elementor-element elementor-element-8985379 elementor-widget elementor-widget-spacer\" data-id=\"8985379\" data-element_type=\"widget\" data-e-type=\"widget\" data-widget_type=\"spacer.default\">\n\t\t\t\t<div class=\"elementor-widget-container\">\n\t\t\t\t\t\t\t<div class=\"elementor-spacer\">\n\t\t\t<div class=\"elementor-spacer-inner\"><\/div>\n\t\t<\/div>\n\t\t\t\t\t\t<\/div>\n\t\t\t\t<\/div>\n\t\t<div class=\"elementor-element elementor-element-b3222c5 e-con-full elementor-hidden-desktop elementor-hidden-laptop elementor-hidden-tablet_extra elementor-hidden-tablet elementor-hidden-mobile e-flex e-con e-child\" data-id=\"b3222c5\" data-element_type=\"container\" data-e-type=\"container\">\n\t\t<div class=\"elementor-element elementor-element-ce02706 e-con-full e-flex e-con e-child\" data-id=\"ce02706\" data-element_type=\"container\" data-e-type=\"container\" data-settings=\"{&quot;background_background&quot;:&quot;classic&quot;}\">\n\t\t\t\t<div class=\"elementor-element elementor-element-ceb72f6 elementor-widget elementor-widget-image\" data-id=\"ceb72f6\" data-element_type=\"widget\" data-e-type=\"widget\" data-widget_type=\"image.default\">\n\t\t\t\t<div class=\"elementor-widget-container\">\n\t\t\t\t\t\t\t\t\t\t\t\t\t\t\t<img fetchpriority=\"high\" decoding=\"async\" width=\"600\" height=\"600\" src=\"https:\/\/alpenblickkreischberg.at\/wp-content\/uploads\/2024\/06\/SIM_0681_kicsi.jpg\" class=\"attachment-large size-large wp-image-3168\" alt=\"\" srcset=\"https:\/\/alpenblickkreischberg.at\/wp-content\/uploads\/2024\/06\/SIM_0681_kicsi.jpg 600w, https:\/\/alpenblickkreischberg.at\/wp-content\/uploads\/2024\/06\/SIM_0681_kicsi-300x300.jpg 300w, https:\/\/alpenblickkreischberg.at\/wp-content\/uploads\/2024\/06\/SIM_0681_kicsi-150x150.jpg 150w, https:\/\/alpenblickkreischberg.at\/wp-content\/uploads\/2024\/06\/SIM_0681_kicsi-12x12.jpg 12w\" sizes=\"(max-width: 600px) 100vw, 600px\" \/>\t\t\t\t\t\t\t\t\t\t\t\t\t\t\t<\/div>\n\t\t\t\t<\/div>\n\t\t\t\t<\/div>\n\t\t<div class=\"elementor-element elementor-element-a02063d e-con-full e-flex e-con e-child\" data-id=\"a02063d\" data-element_type=\"container\" data-e-type=\"container\">\n\t\t\t\t<div class=\"elementor-element elementor-element-a76b35d elementor-widget elementor-widget-heading\" data-id=\"a76b35d\" data-element_type=\"widget\" data-e-type=\"widget\" data-widget_type=\"heading.default\">\n\t\t\t\t<div class=\"elementor-widget-container\">\n\t\t\t\t\t<h2 class=\"elementor-heading-title elementor-size-default\">Sommer in den Bergen mit Fr\u00fchst\u00fcck<\/h2>\t\t\t\t<\/div>\n\t\t\t\t<\/div>\n\t\t\t\t<div class=\"elementor-element elementor-element-d472f5a elementor-widget elementor-widget-text-editor\" data-id=\"d472f5a\" data-element_type=\"widget\" data-e-type=\"widget\" data-widget_type=\"text-editor.default\">\n\t\t\t\t<div class=\"elementor-widget-container\">\n\t\t\t\t\t\t\t\t\t<p>Unser Sonderangebot enth\u00e4lt folgende Leistungen:<\/p><ul><li>Unterkunft im gew\u00e4hlten Zimmertyp<\/li><li>Fr\u00fchst\u00fccksbuffet<\/li><li>Unbegrenzte Nutzung der Panorama-Wellness-Oase<\/li><\/ul>\t\t\t\t\t\t\t\t<\/div>\n\t\t\t\t<\/div>\n\t\t<div class=\"elementor-element elementor-element-9143b1c e-con-full e-flex e-con e-child\" data-id=\"9143b1c\" data-element_type=\"container\" data-e-type=\"container\">\n\t\t\t\t<div class=\"elementor-element elementor-element-e44e8f4 elementor-widget elementor-widget-button\" data-id=\"e44e8f4\" data-element_type=\"widget\" data-e-type=\"widget\" data-widget_type=\"button.default\">\n\t\t\t\t<div class=\"elementor-widget-container\">\n\t\t\t\t\t\t\t\t\t<div class=\"elementor-button-wrapper\">\n\t\t\t\t\t<a class=\"elementor-button elementor-button-link elementor-size-sm elementor-animation-grow\" href=\"https:\/\/alpenblickkreischberg.at\/de\/ajanlataink\/hegyvideki-nyar-reggelivel\/\">\n\t\t\t\t\t\t<span class=\"elementor-button-content-wrapper\">\n\t\t\t\t\t\t\t\t\t<span class=\"elementor-button-text\">Weiter<\/span>\n\t\t\t\t\t<\/span>\n\t\t\t\t\t<\/a>\n\t\t\t\t<\/div>\n\t\t\t\t\t\t\t\t<\/div>\n\t\t\t\t<\/div>\n\t\t\t\t<\/div>\n\t\t\t\t<\/div>\n\t\t\t\t<\/div>\n\t\t\t\t<div class=\"elementor-element elementor-element-395773e elementor-hidden-desktop elementor-hidden-laptop elementor-hidden-tablet_extra elementor-hidden-tablet elementor-hidden-mobile elementor-widget-divider--view-line elementor-widget elementor-widget-divider\" data-id=\"395773e\" data-element_type=\"widget\" data-e-type=\"widget\" data-widget_type=\"divider.default\">\n\t\t\t\t<div class=\"elementor-widget-container\">\n\t\t\t\t\t\t\t<div class=\"elementor-divider\">\n\t\t\t<span class=\"elementor-divider-separator\">\n\t\t\t\t\t\t<\/span>\n\t\t<\/div>\n\t\t\t\t\t\t<\/div>\n\t\t\t\t<\/div>\n\t\t<div class=\"elementor-element elementor-element-f6dc595 e-con-full elementor-hidden-desktop elementor-hidden-laptop elementor-hidden-tablet_extra elementor-hidden-tablet elementor-hidden-mobile e-flex e-con e-child\" data-id=\"f6dc595\" data-element_type=\"container\" data-e-type=\"container\">\n\t\t<div class=\"elementor-element elementor-element-7bfa3bb e-con-full e-flex e-con e-child\" data-id=\"7bfa3bb\" data-element_type=\"container\" data-e-type=\"container\" data-settings=\"{&quot;background_background&quot;:&quot;classic&quot;}\">\n\t\t\t\t<div class=\"elementor-element elementor-element-99e3a01 elementor-widget elementor-widget-image\" data-id=\"99e3a01\" data-element_type=\"widget\" data-e-type=\"widget\" data-widget_type=\"image.default\">\n\t\t\t\t<div class=\"elementor-widget-container\">\n\t\t\t\t\t\t\t\t\t\t\t\t\t\t\t<img decoding=\"async\" width=\"800\" height=\"800\" src=\"https:\/\/alpenblickkreischberg.at\/wp-content\/uploads\/2024\/02\/sieljnapsutesben-1-1024x1024.jpg\" class=\"attachment-large size-large wp-image-2883\" alt=\"\" srcset=\"https:\/\/alpenblickkreischberg.at\/wp-content\/uploads\/2024\/02\/sieljnapsutesben-1-1024x1024.jpg 1024w, https:\/\/alpenblickkreischberg.at\/wp-content\/uploads\/2024\/02\/sieljnapsutesben-1-300x300.jpg 300w, https:\/\/alpenblickkreischberg.at\/wp-content\/uploads\/2024\/02\/sieljnapsutesben-1-150x150.jpg 150w, https:\/\/alpenblickkreischberg.at\/wp-content\/uploads\/2024\/02\/sieljnapsutesben-1-768x768.jpg 768w, https:\/\/alpenblickkreischberg.at\/wp-content\/uploads\/2024\/02\/sieljnapsutesben-1-12x12.jpg 12w, https:\/\/alpenblickkreischberg.at\/wp-content\/uploads\/2024\/02\/sieljnapsutesben-1.jpg 1200w\" sizes=\"(max-width: 800px) 100vw, 800px\" \/>\t\t\t\t\t\t\t\t\t\t\t\t\t\t\t<\/div>\n\t\t\t\t<\/div>\n\t\t\t\t<\/div>\n\t\t<div class=\"elementor-element elementor-element-ca11c63 e-con-full e-flex e-con e-child\" data-id=\"ca11c63\" data-element_type=\"container\" data-e-type=\"container\">\n\t\t\t\t<div class=\"elementor-element elementor-element-422ee22 elementor-widget elementor-widget-heading\" data-id=\"422ee22\" data-element_type=\"widget\" data-e-type=\"widget\" data-widget_type=\"heading.default\">\n\t\t\t\t<div class=\"elementor-widget-container\">\n\t\t\t\t\t<h2 class=\"elementor-heading-title elementor-size-default\">Skifahren in der Sonne<\/h2>\t\t\t\t<\/div>\n\t\t\t\t<\/div>\n\t\t\t\t<div class=\"elementor-element elementor-element-8e06740 elementor-widget elementor-widget-text-editor\" data-id=\"8e06740\" data-element_type=\"widget\" data-e-type=\"widget\" data-widget_type=\"text-editor.default\">\n\t\t\t\t<div class=\"elementor-widget-container\">\n\t\t\t\t\t\t\t\t\t<p><b>10% Rabatt<\/b><\/p><p><strong>Minimum 3 N\u00e4chte<\/strong><\/p><p><strong>G\u00fcltig: 01.03.2026 \u2013 15.03.2026<\/strong><\/p><p><b>Kostenlose Shuttledienstleistung zur Skipiste.<\/b><\/p><p>Unser Sonderangebot enth\u00e4lt folgende Leistungen:<\/p><ul><li>Unterkunft im gew\u00e4hlten Zimmertyp<\/li><li>Fr\u00fchst\u00fccksbuffet<\/li><li>Abendessen im Rahmen der Halbpension mit einer gro\u00dfen Auswahl an Speisen<\/li><li>Unbegrenzte Nutzung der Panorama-Wellness-Oase<\/li><\/ul>\t\t\t\t\t\t\t\t<\/div>\n\t\t\t\t<\/div>\n\t\t<div class=\"elementor-element elementor-element-6a1ec14 e-con-full e-flex e-con e-child\" data-id=\"6a1ec14\" data-element_type=\"container\" data-e-type=\"container\">\n\t\t\t\t<div class=\"elementor-element elementor-element-22302f8 elementor-widget elementor-widget-button\" data-id=\"22302f8\" data-element_type=\"widget\" data-e-type=\"widget\" data-widget_type=\"button.default\">\n\t\t\t\t<div class=\"elementor-widget-container\">\n\t\t\t\t\t\t\t\t\t<div class=\"elementor-button-wrapper\">\n\t\t\t\t\t<a class=\"elementor-button elementor-button-link elementor-size-sm elementor-animation-grow\" href=\"https:\/\/alpenblickkreischberg.at\/de\/ajanlataink\/sielj-napsutesben\/\">\n\t\t\t\t\t\t<span class=\"elementor-button-content-wrapper\">\n\t\t\t\t\t\t\t\t\t<span class=\"elementor-button-text\">Weiter<\/span>\n\t\t\t\t\t<\/span>\n\t\t\t\t\t<\/a>\n\t\t\t\t<\/div>\n\t\t\t\t\t\t\t\t<\/div>\n\t\t\t\t<\/div>\n\t\t\t\t<\/div>\n\t\t\t\t<\/div>\n\t\t\t\t<\/div>\n\t\t\t\t<div class=\"elementor-element elementor-element-5e66a63 elementor-hidden-desktop elementor-hidden-laptop elementor-hidden-tablet_extra elementor-hidden-tablet elementor-hidden-mobile elementor-widget-divider--view-line elementor-widget elementor-widget-divider\" data-id=\"5e66a63\" data-element_type=\"widget\" data-e-type=\"widget\" data-widget_type=\"divider.default\">\n\t\t\t\t<div class=\"elementor-widget-container\">\n\t\t\t\t\t\t\t<div class=\"elementor-divider\">\n\t\t\t<span class=\"elementor-divider-separator\">\n\t\t\t\t\t\t<\/span>\n\t\t<\/div>\n\t\t\t\t\t\t<\/div>\n\t\t\t\t<\/div>\n\t\t\t\t<div class=\"elementor-element elementor-element-a6219ca elementor-hidden-desktop elementor-hidden-laptop elementor-hidden-tablet_extra elementor-hidden-tablet elementor-hidden-mobile elementor-widget-divider--view-line elementor-widget elementor-widget-divider\" data-id=\"a6219ca\" data-element_type=\"widget\" data-e-type=\"widget\" data-widget_type=\"divider.default\">\n\t\t\t\t<div class=\"elementor-widget-container\">\n\t\t\t\t\t\t\t<div class=\"elementor-divider\">\n\t\t\t<span class=\"elementor-divider-separator\">\n\t\t\t\t\t\t<\/span>\n\t\t<\/div>\n\t\t\t\t\t\t<\/div>\n\t\t\t\t<\/div>\n\t\t<div class=\"elementor-element elementor-element-325840c e-con-full elementor-hidden-desktop elementor-hidden-laptop elementor-hidden-tablet_extra elementor-hidden-tablet elementor-hidden-mobile e-flex e-con e-child\" data-id=\"325840c\" data-element_type=\"container\" data-e-type=\"container\">\n\t\t<div class=\"elementor-element elementor-element-aef05f6 e-con-full e-flex e-con e-child\" data-id=\"aef05f6\" data-element_type=\"container\" data-e-type=\"container\" data-settings=\"{&quot;background_background&quot;:&quot;classic&quot;}\">\n\t\t\t\t<div class=\"elementor-element elementor-element-556e8b9 elementor-widget elementor-widget-image\" data-id=\"556e8b9\" data-element_type=\"widget\" data-e-type=\"widget\" data-widget_type=\"image.default\">\n\t\t\t\t<div class=\"elementor-widget-container\">\n\t\t\t\t\t\t\t\t\t\t\t\t\t\t\t<img decoding=\"async\" width=\"800\" height=\"800\" src=\"https:\/\/alpenblickkreischberg.at\/wp-content\/uploads\/2025\/03\/elofoglalas2026-1024x1024.jpg\" class=\"attachment-large size-large wp-image-3538\" alt=\"\" srcset=\"https:\/\/alpenblickkreischberg.at\/wp-content\/uploads\/2025\/03\/elofoglalas2026-1024x1024.jpg 1024w, https:\/\/alpenblickkreischberg.at\/wp-content\/uploads\/2025\/03\/elofoglalas2026-300x300.jpg 300w, https:\/\/alpenblickkreischberg.at\/wp-content\/uploads\/2025\/03\/elofoglalas2026-150x150.jpg 150w, https:\/\/alpenblickkreischberg.at\/wp-content\/uploads\/2025\/03\/elofoglalas2026-768x768.jpg 768w, https:\/\/alpenblickkreischberg.at\/wp-content\/uploads\/2025\/03\/elofoglalas2026-12x12.jpg 12w, https:\/\/alpenblickkreischberg.at\/wp-content\/uploads\/2025\/03\/elofoglalas2026.jpg 1200w\" sizes=\"(max-width: 800px) 100vw, 800px\" \/>\t\t\t\t\t\t\t\t\t\t\t\t\t\t\t<\/div>\n\t\t\t\t<\/div>\n\t\t\t\t<\/div>\n\t\t<div class=\"elementor-element elementor-element-0d8693e e-con-full e-flex e-con e-child\" data-id=\"0d8693e\" data-element_type=\"container\" data-e-type=\"container\">\n\t\t\t\t<div class=\"elementor-element elementor-element-3a9944c elementor-widget elementor-widget-heading\" data-id=\"3a9944c\" data-element_type=\"widget\" data-e-type=\"widget\" data-widget_type=\"heading.default\">\n\t\t\t\t<div class=\"elementor-widget-container\">\n\t\t\t\t\t<h2 class=\"elementor-heading-title elementor-size-default\">Last minute<\/h2>\t\t\t\t<\/div>\n\t\t\t\t<\/div>\n\t\t\t\t<div class=\"elementor-element elementor-element-1c83445 elementor-widget elementor-widget-text-editor\" data-id=\"1c83445\" data-element_type=\"widget\" data-e-type=\"widget\" data-widget_type=\"text-editor.default\">\n\t\t\t\t<div class=\"elementor-widget-container\">\n\t\t\t\t\t\t\t\t\t<p><strong>Sonderangebot, bis zu 5 Tage vor Anreise buchbar!<\/strong><\/p><p><strong>G\u00fcltig: 26.12.2025 \u2013 15.03.2026<\/strong><\/p><p>Unser Sonderangebot enth\u00e4lt folgende Leistungen:<\/p><ul><li>Unterkunft im gew\u00e4hlten Zimmertyp<\/li><li>Fr\u00fchst\u00fccksbuffet<\/li><li>Abendessen im Rahmen der Halbpension mit einer gro\u00dfen Auswahl an Speisen<\/li><li>Unbegrenzte Nutzung der Panorama-Wellness-Oase<\/li><\/ul>\t\t\t\t\t\t\t\t<\/div>\n\t\t\t\t<\/div>\n\t\t<div class=\"elementor-element elementor-element-888ae55 e-con-full e-flex e-con e-child\" data-id=\"888ae55\" data-element_type=\"container\" data-e-type=\"container\">\n\t\t\t\t<div class=\"elementor-element elementor-element-d37a028 elementor-widget elementor-widget-button\" data-id=\"d37a028\" data-element_type=\"widget\" data-e-type=\"widget\" data-widget_type=\"button.default\">\n\t\t\t\t<div class=\"elementor-widget-container\">\n\t\t\t\t\t\t\t\t\t<div class=\"elementor-button-wrapper\">\n\t\t\t\t\t<a class=\"elementor-button elementor-button-link elementor-size-sm elementor-animation-grow\" href=\"https:\/\/alpenblickkreischberg.at\/de\/ajanlataink\/last-minute\/\">\n\t\t\t\t\t\t<span class=\"elementor-button-content-wrapper\">\n\t\t\t\t\t\t\t\t\t<span class=\"elementor-button-text\">Weiter<\/span>\n\t\t\t\t\t<\/span>\n\t\t\t\t\t<\/a>\n\t\t\t\t<\/div>\n\t\t\t\t\t\t\t\t<\/div>\n\t\t\t\t<\/div>\n\t\t\t\t<\/div>\n\t\t\t\t<\/div>\n\t\t\t\t<\/div>\n\t\t\t\t<div class=\"elementor-element elementor-element-271b89c elementor-hidden-desktop elementor-hidden-laptop elementor-hidden-tablet_extra elementor-hidden-tablet elementor-hidden-mobile elementor-widget-divider--view-line elementor-widget elementor-widget-divider\" data-id=\"271b89c\" data-element_type=\"widget\" data-e-type=\"widget\" data-widget_type=\"divider.default\">\n\t\t\t\t<div class=\"elementor-widget-container\">\n\t\t\t\t\t\t\t<div class=\"elementor-divider\">\n\t\t\t<span class=\"elementor-divider-separator\">\n\t\t\t\t\t\t<\/span>\n\t\t<\/div>\n\t\t\t\t\t\t<\/div>\n\t\t\t\t<\/div>\n\t\t<div class=\"elementor-element elementor-element-69b1197 e-con-full elementor-hidden-desktop elementor-hidden-laptop elementor-hidden-tablet_extra elementor-hidden-tablet elementor-hidden-mobile e-flex e-con e-child\" data-id=\"69b1197\" data-element_type=\"container\" data-e-type=\"container\">\n\t\t<div class=\"elementor-element elementor-element-bc6c493 e-con-full e-flex e-con e-child\" data-id=\"bc6c493\" data-element_type=\"container\" data-e-type=\"container\" data-settings=\"{&quot;background_background&quot;:&quot;classic&quot;}\">\n\t\t\t\t<div class=\"elementor-element elementor-element-bc93b8a elementor-widget elementor-widget-image\" data-id=\"bc93b8a\" data-element_type=\"widget\" data-e-type=\"widget\" data-widget_type=\"image.default\">\n\t\t\t\t<div class=\"elementor-widget-container\">\n\t\t\t\t\t\t\t\t\t\t\t\t\t\t\t<img loading=\"lazy\" decoding=\"async\" width=\"800\" height=\"800\" src=\"https:\/\/alpenblickkreischberg.at\/wp-content\/uploads\/2024\/06\/ajanlatok_alpen2-1024x1024.jpg\" class=\"attachment-large size-large wp-image-3100\" alt=\"\" srcset=\"https:\/\/alpenblickkreischberg.at\/wp-content\/uploads\/2024\/06\/ajanlatok_alpen2-1024x1024.jpg 1024w, https:\/\/alpenblickkreischberg.at\/wp-content\/uploads\/2024\/06\/ajanlatok_alpen2-300x300.jpg 300w, https:\/\/alpenblickkreischberg.at\/wp-content\/uploads\/2024\/06\/ajanlatok_alpen2-150x150.jpg 150w, https:\/\/alpenblickkreischberg.at\/wp-content\/uploads\/2024\/06\/ajanlatok_alpen2-768x768.jpg 768w, https:\/\/alpenblickkreischberg.at\/wp-content\/uploads\/2024\/06\/ajanlatok_alpen2-12x12.jpg 12w, https:\/\/alpenblickkreischberg.at\/wp-content\/uploads\/2024\/06\/ajanlatok_alpen2.jpg 1200w\" sizes=\"(max-width: 800px) 100vw, 800px\" \/>\t\t\t\t\t\t\t\t\t\t\t\t\t\t\t<\/div>\n\t\t\t\t<\/div>\n\t\t\t\t<\/div>\n\t\t<div class=\"elementor-element elementor-element-23834e8 e-con-full e-flex e-con e-child\" data-id=\"23834e8\" data-element_type=\"container\" data-e-type=\"container\">\n\t\t\t\t<div class=\"elementor-element elementor-element-dc7a1e8 elementor-widget elementor-widget-heading\" data-id=\"dc7a1e8\" data-element_type=\"widget\" data-e-type=\"widget\" data-widget_type=\"heading.default\">\n\t\t\t\t<div class=\"elementor-widget-container\">\n\t\t\t\t\t<h2 class=\"elementor-heading-title elementor-size-default\">Urlaub in den Bergen<\/h2>\t\t\t\t<\/div>\n\t\t\t\t<\/div>\n\t\t\t\t<div class=\"elementor-element elementor-element-fdae8c0 elementor-widget elementor-widget-text-editor\" data-id=\"fdae8c0\" data-element_type=\"widget\" data-e-type=\"widget\" data-widget_type=\"text-editor.default\">\n\t\t\t\t<div class=\"elementor-widget-container\">\n\t\t\t\t\t\t\t\t\t<p><strong><i>Mit 10% Rabatt<\/i>! <\/strong><\/p><p><strong>Minimum 2 N\u00e4chte<\/strong><\/p><p><strong>G\u00fcltig: vom 30.06.2025 bis 14.09.2025<\/strong><\/p><p>Unser Sonderangebot enth\u00e4lt folgende Leistungen:<\/p><ul><li>Unterkunft im gew\u00e4hlten Zimmertyp<\/li><li>Fr\u00fchst\u00fccksbuffet<\/li><li>Abendessen im Rahmen der Halbpension mit einer gro\u00dfen Auswahl an Speisen<\/li><li>Unbegrenzte Nutzung der Panorama-Wellness-Oase<\/li><\/ul>\t\t\t\t\t\t\t\t<\/div>\n\t\t\t\t<\/div>\n\t\t<div class=\"elementor-element elementor-element-573302e e-con-full e-flex e-con e-child\" data-id=\"573302e\" data-element_type=\"container\" data-e-type=\"container\">\n\t\t\t\t<div class=\"elementor-element elementor-element-ac29740 elementor-widget elementor-widget-button\" data-id=\"ac29740\" data-element_type=\"widget\" data-e-type=\"widget\" data-widget_type=\"button.default\">\n\t\t\t\t<div class=\"elementor-widget-container\">\n\t\t\t\t\t\t\t\t\t<div class=\"elementor-button-wrapper\">\n\t\t\t\t\t<a class=\"elementor-button elementor-button-link elementor-size-sm elementor-animation-grow\" href=\"https:\/\/alpenblickkreischberg.at\/de\/ajanlataink\/nyaralas-a-hegyekben\/\">\n\t\t\t\t\t\t<span class=\"elementor-button-content-wrapper\">\n\t\t\t\t\t\t\t\t\t<span class=\"elementor-button-text\">Weiter<\/span>\n\t\t\t\t\t<\/span>\n\t\t\t\t\t<\/a>\n\t\t\t\t<\/div>\n\t\t\t\t\t\t\t\t<\/div>\n\t\t\t\t<\/div>\n\t\t\t\t<\/div>\n\t\t\t\t<\/div>\n\t\t\t\t<\/div>\n\t\t<div class=\"elementor-element elementor-element-612e93e e-con-full elementor-hidden-desktop elementor-hidden-laptop elementor-hidden-tablet_extra elementor-hidden-tablet elementor-hidden-mobile e-flex e-con e-child\" data-id=\"612e93e\" data-element_type=\"container\" data-e-type=\"container\">\n\t\t<div class=\"elementor-element elementor-element-b08b592 e-con-full elementor-hidden-desktop elementor-hidden-laptop elementor-hidden-tablet_extra elementor-hidden-tablet elementor-hidden-mobile e-flex e-con e-child\" data-id=\"b08b592\" data-element_type=\"container\" data-e-type=\"container\" data-settings=\"{&quot;background_background&quot;:&quot;classic&quot;}\">\n\t\t\t\t<div class=\"elementor-element elementor-element-036f27a elementor-widget elementor-widget-image\" data-id=\"036f27a\" data-element_type=\"widget\" data-e-type=\"widget\" data-widget_type=\"image.default\">\n\t\t\t\t<div class=\"elementor-widget-container\">\n\t\t\t\t\t\t\t\t\t\t\t\t\t\t\t<img loading=\"lazy\" decoding=\"async\" width=\"800\" height=\"800\" src=\"https:\/\/alpenblickkreischberg.at\/wp-content\/uploads\/2024\/07\/alpen_kari-1024x1024.jpg\" class=\"attachment-large size-large wp-image-3253\" alt=\"\" srcset=\"https:\/\/alpenblickkreischberg.at\/wp-content\/uploads\/2024\/07\/alpen_kari-1024x1024.jpg 1024w, https:\/\/alpenblickkreischberg.at\/wp-content\/uploads\/2024\/07\/alpen_kari-300x300.jpg 300w, https:\/\/alpenblickkreischberg.at\/wp-content\/uploads\/2024\/07\/alpen_kari-150x150.jpg 150w, https:\/\/alpenblickkreischberg.at\/wp-content\/uploads\/2024\/07\/alpen_kari-768x768.jpg 768w, https:\/\/alpenblickkreischberg.at\/wp-content\/uploads\/2024\/07\/alpen_kari-12x12.jpg 12w, https:\/\/alpenblickkreischberg.at\/wp-content\/uploads\/2024\/07\/alpen_kari.jpg 1200w\" sizes=\"(max-width: 800px) 100vw, 800px\" \/>\t\t\t\t\t\t\t\t\t\t\t\t\t\t\t<\/div>\n\t\t\t\t<\/div>\n\t\t\t\t<\/div>\n\t\t<div class=\"elementor-element elementor-element-6cd98db e-con-full e-flex e-con e-child\" data-id=\"6cd98db\" data-element_type=\"container\" data-e-type=\"container\">\n\t\t\t\t<div class=\"elementor-element elementor-element-84f6b5d elementor-widget elementor-widget-heading\" data-id=\"84f6b5d\" data-element_type=\"widget\" data-e-type=\"widget\" data-widget_type=\"heading.default\">\n\t\t\t\t<div class=\"elementor-widget-container\">\n\t\t\t\t\t<h2 class=\"elementor-heading-title elementor-size-default\">Wei\u00dfe Weihnachten in den Bergen erleben\n<\/h2>\t\t\t\t<\/div>\n\t\t\t\t<\/div>\n\t\t\t\t<div class=\"elementor-element elementor-element-31dfcfb elementor-widget elementor-widget-text-editor\" data-id=\"31dfcfb\" data-element_type=\"widget\" data-e-type=\"widget\" data-widget_type=\"text-editor.default\">\n\t\t\t\t<div class=\"elementor-widget-container\">\n\t\t\t\t\t\t\t\t\t<p><strong>Es ist ein besonderer Ort, wo Dich garantiert wei\u00dfe Weihnachten mit schneesicheren Skipisten und gl\u00e4nzendem <\/strong><strong>Schnee erwarten. Verbringe die erholsamen Feiertage mit uns!\u00a0<\/strong><\/p><p><strong>\u00c9rv\u00e9nyes: 2024.12.23-12.26.<\/strong><\/p><p><b>Kostenlose Shuttledienstleistung zur Skipiste.<\/b><\/p><p>Unser Sonderangebot enth\u00e4lt folgende Leistungen:<\/p><ul><li>Unterkunft im gew\u00e4hlten Zimmertyp<\/li><li>Fr\u00fchst\u00fccksbuffet<\/li><li>Abendessen im Rahmen der Halbpension mit einer gro\u00dfen Auswahl an Speisen<\/li><li>Unbegrenzte Nutzung der Panorama-Wellness-Oase<\/li><\/ul>\t\t\t\t\t\t\t\t<\/div>\n\t\t\t\t<\/div>\n\t\t<div class=\"elementor-element elementor-element-70448d8 e-con-full e-flex e-con e-child\" data-id=\"70448d8\" data-element_type=\"container\" data-e-type=\"container\">\n\t\t\t\t<div class=\"elementor-element elementor-element-b354a7e elementor-widget elementor-widget-button\" data-id=\"b354a7e\" data-element_type=\"widget\" data-e-type=\"widget\" data-widget_type=\"button.default\">\n\t\t\t\t<div class=\"elementor-widget-container\">\n\t\t\t\t\t\t\t\t\t<div class=\"elementor-button-wrapper\">\n\t\t\t\t\t<a class=\"elementor-button elementor-button-link elementor-size-sm elementor-animation-grow\" href=\"https:\/\/alpenblickkreischberg.at\/de\/ajanlataink\/feher-karacsony-a-hegyek-kozott\/\">\n\t\t\t\t\t\t<span class=\"elementor-button-content-wrapper\">\n\t\t\t\t\t\t\t\t\t<span class=\"elementor-button-text\">Weiter<\/span>\n\t\t\t\t\t<\/span>\n\t\t\t\t\t<\/a>\n\t\t\t\t<\/div>\n\t\t\t\t\t\t\t\t<\/div>\n\t\t\t\t<\/div>\n\t\t\t\t<\/div>\n\t\t\t\t<\/div>\n\t\t\t\t<\/div>\n\t\t\t\t<div class=\"elementor-element elementor-element-ce484b8 elementor-hidden-desktop elementor-hidden-laptop elementor-hidden-tablet_extra elementor-hidden-tablet elementor-hidden-mobile elementor-widget-divider--view-line elementor-widget elementor-widget-divider\" data-id=\"ce484b8\" data-element_type=\"widget\" data-e-type=\"widget\" data-widget_type=\"divider.default\">\n\t\t\t\t<div class=\"elementor-widget-container\">\n\t\t\t\t\t\t\t<div class=\"elementor-divider\">\n\t\t\t<span class=\"elementor-divider-separator\">\n\t\t\t\t\t\t<\/span>\n\t\t<\/div>\n\t\t\t\t\t\t<\/div>\n\t\t\t\t<\/div>\n\t\t<div class=\"elementor-element elementor-element-40b3dfb e-con-full elementor-hidden-desktop elementor-hidden-laptop elementor-hidden-tablet_extra elementor-hidden-tablet elementor-hidden-mobile e-flex e-con e-child\" data-id=\"40b3dfb\" data-element_type=\"container\" data-e-type=\"container\">\n\t\t<div class=\"elementor-element elementor-element-5c58730 e-con-full e-flex e-con e-child\" data-id=\"5c58730\" data-element_type=\"container\" data-e-type=\"container\" data-settings=\"{&quot;background_background&quot;:&quot;classic&quot;}\">\n\t\t\t\t<div class=\"elementor-element elementor-element-13155e1 elementor-widget elementor-widget-image\" data-id=\"13155e1\" data-element_type=\"widget\" data-e-type=\"widget\" data-widget_type=\"image.default\">\n\t\t\t\t<div class=\"elementor-widget-container\">\n\t\t\t\t\t\t\t\t\t\t\t\t\t\t\t<img loading=\"lazy\" decoding=\"async\" width=\"800\" height=\"800\" src=\"https:\/\/alpenblickkreischberg.at\/wp-content\/uploads\/2024\/07\/sieljketunnepkozott-1024x1024.jpg\" class=\"attachment-large size-large wp-image-3276\" alt=\"\" srcset=\"https:\/\/alpenblickkreischberg.at\/wp-content\/uploads\/2024\/07\/sieljketunnepkozott-1024x1024.jpg 1024w, https:\/\/alpenblickkreischberg.at\/wp-content\/uploads\/2024\/07\/sieljketunnepkozott-300x300.jpg 300w, https:\/\/alpenblickkreischberg.at\/wp-content\/uploads\/2024\/07\/sieljketunnepkozott-150x150.jpg 150w, https:\/\/alpenblickkreischberg.at\/wp-content\/uploads\/2024\/07\/sieljketunnepkozott-768x768.jpg 768w, https:\/\/alpenblickkreischberg.at\/wp-content\/uploads\/2024\/07\/sieljketunnepkozott-12x12.jpg 12w, https:\/\/alpenblickkreischberg.at\/wp-content\/uploads\/2024\/07\/sieljketunnepkozott.jpg 1200w\" sizes=\"(max-width: 800px) 100vw, 800px\" \/>\t\t\t\t\t\t\t\t\t\t\t\t\t\t\t<\/div>\n\t\t\t\t<\/div>\n\t\t\t\t<\/div>\n\t\t<div class=\"elementor-element elementor-element-3ca78ce e-con-full e-flex e-con e-child\" data-id=\"3ca78ce\" data-element_type=\"container\" data-e-type=\"container\">\n\t\t\t\t<div class=\"elementor-element elementor-element-ab90feb elementor-widget elementor-widget-heading\" data-id=\"ab90feb\" data-element_type=\"widget\" data-e-type=\"widget\" data-widget_type=\"heading.default\">\n\t\t\t\t<div class=\"elementor-widget-container\">\n\t\t\t\t\t<h2 class=\"elementor-heading-title elementor-size-default\">Skifahren zwischen zwei Festen!\n<\/h2>\t\t\t\t<\/div>\n\t\t\t\t<\/div>\n\t\t\t\t<div class=\"elementor-element elementor-element-5d96501 elementor-widget elementor-widget-text-editor\" data-id=\"5d96501\" data-element_type=\"widget\" data-e-type=\"widget\" data-widget_type=\"text-editor.default\">\n\t\t\t\t<div class=\"elementor-widget-container\">\n\t\t\t\t\t\t\t\t\t<p><strong>G\u00f6nn Dir eine Pause bei uns, wo Du den Vorbereitungsstress von Festen hinter Dir lassen kannst und Du erholst dich wohl!<\/strong><\/p><p><strong>G\u00fcltig: vom 26.12.2024 bis 29.12.2024<\/strong><\/p><p><b>Kostenlose Shuttledienstleistung zur Skipiste.<\/b><\/p><p>Unser Sonderangebot enth\u00e4lt folgende Leistungen:<\/p><ul><li>Unterkunft im gew\u00e4hlten Zimmertyp<\/li><li>Fr\u00fchst\u00fccksbuffet<\/li><li>Abendessen im Rahmen der Halbpension mit einer gro\u00dfen Auswahl an Speisen<\/li><li>Unbegrenzte Nutzung der Panorama-Wellness-Oase<\/li><\/ul>\t\t\t\t\t\t\t\t<\/div>\n\t\t\t\t<\/div>\n\t\t<div class=\"elementor-element elementor-element-8a6c22f e-con-full e-flex e-con e-child\" data-id=\"8a6c22f\" data-element_type=\"container\" data-e-type=\"container\">\n\t\t\t\t<div class=\"elementor-element elementor-element-a17758e elementor-widget elementor-widget-button\" data-id=\"a17758e\" data-element_type=\"widget\" data-e-type=\"widget\" data-widget_type=\"button.default\">\n\t\t\t\t<div class=\"elementor-widget-container\">\n\t\t\t\t\t\t\t\t\t<div class=\"elementor-button-wrapper\">\n\t\t\t\t\t<a class=\"elementor-button elementor-button-link elementor-size-sm elementor-animation-grow\" href=\"https:\/\/alpenblickkreischberg.at\/de\/ajanlataink\/sielj-ket-unnep-kozott\/\">\n\t\t\t\t\t\t<span class=\"elementor-button-content-wrapper\">\n\t\t\t\t\t\t\t\t\t<span class=\"elementor-button-text\">Weiter<\/span>\n\t\t\t\t\t<\/span>\n\t\t\t\t\t<\/a>\n\t\t\t\t<\/div>\n\t\t\t\t\t\t\t\t<\/div>\n\t\t\t\t<\/div>\n\t\t\t\t<\/div>\n\t\t\t\t<\/div>\n\t\t\t\t<\/div>\n\t\t\t\t<div class=\"elementor-element elementor-element-98d7d35 elementor-hidden-desktop elementor-hidden-laptop elementor-hidden-tablet_extra elementor-hidden-tablet elementor-hidden-mobile elementor-widget-divider--view-line elementor-widget elementor-widget-divider\" data-id=\"98d7d35\" data-element_type=\"widget\" data-e-type=\"widget\" data-widget_type=\"divider.default\">\n\t\t\t\t<div class=\"elementor-widget-container\">\n\t\t\t\t\t\t\t<div class=\"elementor-divider\">\n\t\t\t<span class=\"elementor-divider-separator\">\n\t\t\t\t\t\t<\/span>\n\t\t<\/div>\n\t\t\t\t\t\t<\/div>\n\t\t\t\t<\/div>\n\t\t<div class=\"elementor-element elementor-element-51c247d e-con-full elementor-hidden-desktop elementor-hidden-laptop elementor-hidden-tablet_extra elementor-hidden-tablet elementor-hidden-mobile e-flex e-con e-child\" data-id=\"51c247d\" data-element_type=\"container\" data-e-type=\"container\">\n\t\t<div class=\"elementor-element elementor-element-95e61cb e-con-full e-flex e-con e-child\" data-id=\"95e61cb\" data-element_type=\"container\" data-e-type=\"container\" data-settings=\"{&quot;background_background&quot;:&quot;classic&quot;}\">\n\t\t\t\t<div class=\"elementor-element elementor-element-dc038a3 elementor-widget elementor-widget-image\" data-id=\"dc038a3\" data-element_type=\"widget\" data-e-type=\"widget\" data-widget_type=\"image.default\">\n\t\t\t\t<div class=\"elementor-widget-container\">\n\t\t\t\t\t\t\t\t\t\t\t\t\t\t\t<img loading=\"lazy\" decoding=\"async\" width=\"800\" height=\"800\" src=\"https:\/\/alpenblickkreischberg.at\/wp-content\/uploads\/2024\/08\/szilveszter_alpen-1024x1024.jpg\" class=\"attachment-large size-large wp-image-3300\" alt=\"\" srcset=\"https:\/\/alpenblickkreischberg.at\/wp-content\/uploads\/2024\/08\/szilveszter_alpen-1024x1024.jpg 1024w, https:\/\/alpenblickkreischberg.at\/wp-content\/uploads\/2024\/08\/szilveszter_alpen-300x300.jpg 300w, https:\/\/alpenblickkreischberg.at\/wp-content\/uploads\/2024\/08\/szilveszter_alpen-150x150.jpg 150w, https:\/\/alpenblickkreischberg.at\/wp-content\/uploads\/2024\/08\/szilveszter_alpen-768x768.jpg 768w, https:\/\/alpenblickkreischberg.at\/wp-content\/uploads\/2024\/08\/szilveszter_alpen-12x12.jpg 12w, https:\/\/alpenblickkreischberg.at\/wp-content\/uploads\/2024\/08\/szilveszter_alpen.jpg 1200w\" sizes=\"(max-width: 800px) 100vw, 800px\" \/>\t\t\t\t\t\t\t\t\t\t\t\t\t\t\t<\/div>\n\t\t\t\t<\/div>\n\t\t\t\t<\/div>\n\t\t<div class=\"elementor-element elementor-element-4e34360 e-con-full e-flex e-con e-child\" data-id=\"4e34360\" data-element_type=\"container\" data-e-type=\"container\">\n\t\t\t\t<div class=\"elementor-element elementor-element-0fe0c93 elementor-widget elementor-widget-heading\" data-id=\"0fe0c93\" data-element_type=\"widget\" data-e-type=\"widget\" data-widget_type=\"heading.default\">\n\t\t\t\t<div class=\"elementor-widget-container\">\n\t\t\t\t\t<h2 class=\"elementor-heading-title elementor-size-default\">Silvesterabend im Skiparadies\n<\/h2>\t\t\t\t<\/div>\n\t\t\t\t<\/div>\n\t\t\t\t<div class=\"elementor-element elementor-element-ae2389d elementor-widget elementor-widget-text-editor\" data-id=\"ae2389d\" data-element_type=\"widget\" data-e-type=\"widget\" data-widget_type=\"text-editor.default\">\n\t\t\t\t<div class=\"elementor-widget-container\">\n\t\t\t\t\t\t\t\t\t<p><strong>Das alte Jahr verabschieden und das neue Jahr mit Skifahren und fantastischen Silvesterprogrammen willkommen hei\u00dfen!<\/strong><br \/><strong>Starten Sie 2025 mit uns!<\/strong><\/p><p><strong>G\u00fcltig: vom 29.12.2024 bis 01.01.2025<\/strong><\/p><p><b>Kostenlose Shuttledienstleistung zur Skipiste.<\/b><\/p><p>Unser Sonderangebot enth\u00e4lt folgende Leistungen:<\/p><ul><li>Unterkunft im gew\u00e4hlten Zimmertyp<\/li><li>Fr\u00fchst\u00fccksbuffet<\/li><li>Abendessen im Rahmen der Halbpension mit einer gro\u00dfen Auswahl an Speisen<\/li><li>Unbegrenzte Nutzung der Panorama-Wellness-Oase<\/li><\/ul>\t\t\t\t\t\t\t\t<\/div>\n\t\t\t\t<\/div>\n\t\t<div class=\"elementor-element elementor-element-e439008 e-con-full e-flex e-con e-child\" data-id=\"e439008\" data-element_type=\"container\" data-e-type=\"container\">\n\t\t\t\t<div class=\"elementor-element elementor-element-293b12c elementor-widget elementor-widget-button\" data-id=\"293b12c\" data-element_type=\"widget\" data-e-type=\"widget\" data-widget_type=\"button.default\">\n\t\t\t\t<div class=\"elementor-widget-container\">\n\t\t\t\t\t\t\t\t\t<div class=\"elementor-button-wrapper\">\n\t\t\t\t\t<a class=\"elementor-button elementor-button-link elementor-size-sm elementor-animation-grow\" href=\"https:\/\/alpenblickkreischberg.at\/de\/ajanlataink\/szilveszter-a-siparadicsomban\/\">\n\t\t\t\t\t\t<span class=\"elementor-button-content-wrapper\">\n\t\t\t\t\t\t\t\t\t<span class=\"elementor-button-text\">Weiter<\/span>\n\t\t\t\t\t<\/span>\n\t\t\t\t\t<\/a>\n\t\t\t\t<\/div>\n\t\t\t\t\t\t\t\t<\/div>\n\t\t\t\t<\/div>\n\t\t\t\t<\/div>\n\t\t\t\t<\/div>\n\t\t\t\t<\/div>\n\t\t\t\t<div class=\"elementor-element elementor-element-41997be elementor-hidden-desktop elementor-hidden-laptop elementor-hidden-tablet_extra elementor-hidden-tablet elementor-hidden-mobile elementor-widget-divider--view-line elementor-widget elementor-widget-divider\" data-id=\"41997be\" data-element_type=\"widget\" data-e-type=\"widget\" data-widget_type=\"divider.default\">\n\t\t\t\t<div class=\"elementor-widget-container\">\n\t\t\t\t\t\t\t<div class=\"elementor-divider\">\n\t\t\t<span class=\"elementor-divider-separator\">\n\t\t\t\t\t\t<\/span>\n\t\t<\/div>\n\t\t\t\t\t\t<\/div>\n\t\t\t\t<\/div>\n\t\t<div class=\"elementor-element elementor-element-7356dd6 e-con-full elementor-hidden-desktop elementor-hidden-laptop elementor-hidden-tablet_extra elementor-hidden-tablet elementor-hidden-mobile e-flex e-con e-child\" data-id=\"7356dd6\" data-element_type=\"container\" data-e-type=\"container\">\n\t\t<div class=\"elementor-element elementor-element-419770e e-con-full e-flex e-con e-child\" data-id=\"419770e\" data-element_type=\"container\" data-e-type=\"container\" data-settings=\"{&quot;background_background&quot;:&quot;classic&quot;}\">\n\t\t\t\t<div class=\"elementor-element elementor-element-968a054 elementor-widget elementor-widget-image\" data-id=\"968a054\" data-element_type=\"widget\" data-e-type=\"widget\" data-widget_type=\"image.default\">\n\t\t\t\t<div class=\"elementor-widget-container\">\n\t\t\t\t\t\t\t\t\t\t\t\t\t\t\t<img loading=\"lazy\" decoding=\"async\" width=\"800\" height=\"800\" src=\"https:\/\/alpenblickkreischberg.at\/wp-content\/uploads\/2024\/06\/ajanlatok_alpen-1024x1024.jpg\" class=\"attachment-large size-large wp-image-3098\" alt=\"\" srcset=\"https:\/\/alpenblickkreischberg.at\/wp-content\/uploads\/2024\/06\/ajanlatok_alpen-1024x1024.jpg 1024w, https:\/\/alpenblickkreischberg.at\/wp-content\/uploads\/2024\/06\/ajanlatok_alpen-300x300.jpg 300w, https:\/\/alpenblickkreischberg.at\/wp-content\/uploads\/2024\/06\/ajanlatok_alpen-150x150.jpg 150w, https:\/\/alpenblickkreischberg.at\/wp-content\/uploads\/2024\/06\/ajanlatok_alpen-768x768.jpg 768w, https:\/\/alpenblickkreischberg.at\/wp-content\/uploads\/2024\/06\/ajanlatok_alpen-12x12.jpg 12w, https:\/\/alpenblickkreischberg.at\/wp-content\/uploads\/2024\/06\/ajanlatok_alpen.jpg 1200w\" sizes=\"(max-width: 800px) 100vw, 800px\" \/>\t\t\t\t\t\t\t\t\t\t\t\t\t\t\t<\/div>\n\t\t\t\t<\/div>\n\t\t\t\t<\/div>\n\t\t<div class=\"elementor-element elementor-element-1d25c59 e-con-full e-flex e-con e-child\" data-id=\"1d25c59\" data-element_type=\"container\" data-e-type=\"container\">\n\t\t\t\t<div class=\"elementor-element elementor-element-9486398 elementor-widget elementor-widget-heading\" data-id=\"9486398\" data-element_type=\"widget\" data-e-type=\"widget\" data-widget_type=\"heading.default\">\n\t\t\t\t<div class=\"elementor-widget-container\">\n\t\t\t\t\t<h2 class=\"elementor-heading-title elementor-size-default\">Bergtraum ab 4 N\u00e4chten<\/h2>\t\t\t\t<\/div>\n\t\t\t\t<\/div>\n\t\t\t\t<div class=\"elementor-element elementor-element-6bd8e6c elementor-widget elementor-widget-text-editor\" data-id=\"6bd8e6c\" data-element_type=\"widget\" data-e-type=\"widget\" data-widget_type=\"text-editor.default\">\n\t\t\t\t<div class=\"elementor-widget-container\">\n\t\t\t\t\t\t\t\t\t<p><strong>15% Rabatt!\u00a0<\/strong><br \/><strong>G\u00fcltig: 30.06.2025 \u2013 14.09.2025 (Mindestens 4 N\u00e4chte)<\/strong><\/p><p><strong>Spare bei einem langen Aufenthalt!<\/strong><\/p><p>Unser Sonderangebot enth\u00e4lt folgende Leistungen:<\/p><ul><li>Unterkunft im gew\u00e4hlten Zimmertyp<\/li><li>Fr\u00fchst\u00fccksbuffet<\/li><li>Abendessen im Rahmen der Halbpension mit einer gro\u00dfen Auswahl an Speisen<\/li><li>Unbegrenzte Nutzung der Panorama-Wellness-Oase<\/li><\/ul>\t\t\t\t\t\t\t\t<\/div>\n\t\t\t\t<\/div>\n\t\t<div class=\"elementor-element elementor-element-dc2a504 e-con-full e-flex e-con e-child\" data-id=\"dc2a504\" data-element_type=\"container\" data-e-type=\"container\">\n\t\t\t\t<div class=\"elementor-element elementor-element-6a1063b elementor-widget elementor-widget-button\" data-id=\"6a1063b\" data-element_type=\"widget\" data-e-type=\"widget\" data-widget_type=\"button.default\">\n\t\t\t\t<div class=\"elementor-widget-container\">\n\t\t\t\t\t\t\t\t\t<div class=\"elementor-button-wrapper\">\n\t\t\t\t\t<a class=\"elementor-button elementor-button-link elementor-size-sm elementor-animation-grow\" href=\"https:\/\/alpenblickkreischberg.at\/de\/ajanlataink\/hegyvideki-alom-4-ejszaka-es-tovabb\/\">\n\t\t\t\t\t\t<span class=\"elementor-button-content-wrapper\">\n\t\t\t\t\t\t\t\t\t<span class=\"elementor-button-text\">Weiter<\/span>\n\t\t\t\t\t<\/span>\n\t\t\t\t\t<\/a>\n\t\t\t\t<\/div>\n\t\t\t\t\t\t\t\t<\/div>\n\t\t\t\t<\/div>\n\t\t\t\t<\/div>\n\t\t\t\t<\/div>\n\t\t\t\t<\/div>\n\t\t\t\t<div class=\"elementor-element elementor-element-983d4e6 elementor-hidden-desktop elementor-hidden-laptop elementor-hidden-tablet_extra elementor-hidden-tablet elementor-hidden-mobile elementor-widget-divider--view-line elementor-widget elementor-widget-divider\" data-id=\"983d4e6\" data-element_type=\"widget\" data-e-type=\"widget\" data-widget_type=\"divider.default\">\n\t\t\t\t<div class=\"elementor-widget-container\">\n\t\t\t\t\t\t\t<div class=\"elementor-divider\">\n\t\t\t<span class=\"elementor-divider-separator\">\n\t\t\t\t\t\t<\/span>\n\t\t<\/div>\n\t\t\t\t\t\t<\/div>\n\t\t\t\t<\/div>\n\t\t<div class=\"elementor-element elementor-element-2f1c213 e-con-full elementor-hidden-desktop elementor-hidden-laptop elementor-hidden-tablet_extra elementor-hidden-tablet elementor-hidden-mobile e-flex e-con e-child\" data-id=\"2f1c213\" data-element_type=\"container\" data-e-type=\"container\">\n\t\t<div class=\"elementor-element elementor-element-d865c8e e-con-full e-flex e-con e-child\" data-id=\"d865c8e\" data-element_type=\"container\" data-e-type=\"container\" data-settings=\"{&quot;background_background&quot;:&quot;classic&quot;}\">\n\t\t\t\t<div class=\"elementor-element elementor-element-5c82cb5 elementor-widget elementor-widget-image\" data-id=\"5c82cb5\" data-element_type=\"widget\" data-e-type=\"widget\" data-widget_type=\"image.default\">\n\t\t\t\t<div class=\"elementor-widget-container\">\n\t\t\t\t\t\t\t\t\t\t\t\t\t\t\t<img loading=\"lazy\" decoding=\"async\" width=\"600\" height=\"600\" src=\"https:\/\/alpenblickkreischberg.at\/wp-content\/uploads\/2024\/06\/SIM_1149_kicsi.jpg\" class=\"attachment-large size-large wp-image-3099\" alt=\"\" srcset=\"https:\/\/alpenblickkreischberg.at\/wp-content\/uploads\/2024\/06\/SIM_1149_kicsi.jpg 600w, https:\/\/alpenblickkreischberg.at\/wp-content\/uploads\/2024\/06\/SIM_1149_kicsi-300x300.jpg 300w, https:\/\/alpenblickkreischberg.at\/wp-content\/uploads\/2024\/06\/SIM_1149_kicsi-150x150.jpg 150w, https:\/\/alpenblickkreischberg.at\/wp-content\/uploads\/2024\/06\/SIM_1149_kicsi-12x12.jpg 12w\" sizes=\"(max-width: 600px) 100vw, 600px\" \/>\t\t\t\t\t\t\t\t\t\t\t\t\t\t\t<\/div>\n\t\t\t\t<\/div>\n\t\t\t\t<\/div>\n\t\t<div class=\"elementor-element elementor-element-d23796a e-con-full e-flex e-con e-child\" data-id=\"d23796a\" data-element_type=\"container\" data-e-type=\"container\">\n\t\t\t\t<div class=\"elementor-element elementor-element-1a3f432 elementor-widget elementor-widget-heading\" data-id=\"1a3f432\" data-element_type=\"widget\" data-e-type=\"widget\" data-widget_type=\"heading.default\">\n\t\t\t\t<div class=\"elementor-widget-container\">\n\t\t\t\t\t<h2 class=\"elementor-heading-title elementor-size-default\">Hallo Kreischberg - auch im Sommer!\n<\/h2>\t\t\t\t<\/div>\n\t\t\t\t<\/div>\n\t\t\t\t<div class=\"elementor-element elementor-element-951676b elementor-widget elementor-widget-text-editor\" data-id=\"951676b\" data-element_type=\"widget\" data-e-type=\"widget\" data-widget_type=\"text-editor.default\">\n\t\t\t\t<div class=\"elementor-widget-container\">\n\t\t\t\t\t\t\t\t\t<p><strong>100% Vorauszahlung <\/strong><br \/><strong>Mit 12% Rabatt!<\/strong><br \/><strong>G\u00fcltig: vom 30.06.2025 bis 14.09.2025<\/strong><\/p><p>Unser Sonderangebot enth\u00e4lt folgende Leistungen:<\/p><ul><li>Unterkunft im gew\u00e4hlten Zimmertyp<\/li><li>Fr\u00fchst\u00fccksbuffet<\/li><li>Abendessen im Rahmen der Halbpension mit einer gro\u00dfen Auswahl an Speisen<\/li><li>Unbegrenzte Nutzung der Panorama-Wellness-Oase<\/li><\/ul>\t\t\t\t\t\t\t\t<\/div>\n\t\t\t\t<\/div>\n\t\t<div class=\"elementor-element elementor-element-efd82ac e-con-full e-flex e-con e-child\" data-id=\"efd82ac\" data-element_type=\"container\" data-e-type=\"container\">\n\t\t\t\t<div class=\"elementor-element elementor-element-49dc326 elementor-widget elementor-widget-button\" data-id=\"49dc326\" data-element_type=\"widget\" data-e-type=\"widget\" data-widget_type=\"button.default\">\n\t\t\t\t<div class=\"elementor-widget-container\">\n\t\t\t\t\t\t\t\t\t<div class=\"elementor-button-wrapper\">\n\t\t\t\t\t<a class=\"elementor-button elementor-button-link elementor-size-sm elementor-animation-grow\" href=\"https:\/\/alpenblickkreischberg.at\/de\/ajanlataink\/hello-kreischberg\/\">\n\t\t\t\t\t\t<span class=\"elementor-button-content-wrapper\">\n\t\t\t\t\t\t\t\t\t<span class=\"elementor-button-text\">Weiter<\/span>\n\t\t\t\t\t<\/span>\n\t\t\t\t\t<\/a>\n\t\t\t\t<\/div>\n\t\t\t\t\t\t\t\t<\/div>\n\t\t\t\t<\/div>\n\t\t\t\t<\/div>\n\t\t\t\t<\/div>\n\t\t\t\t<\/div>\n\t\t\t\t<div class=\"elementor-element elementor-element-40eb3d2 elementor-hidden-desktop elementor-hidden-laptop elementor-hidden-tablet_extra elementor-hidden-tablet elementor-hidden-mobile elementor-widget-divider--view-line elementor-widget elementor-widget-divider\" data-id=\"40eb3d2\" data-element_type=\"widget\" data-e-type=\"widget\" data-widget_type=\"divider.default\">\n\t\t\t\t<div class=\"elementor-widget-container\">\n\t\t\t\t\t\t\t<div class=\"elementor-divider\">\n\t\t\t<span class=\"elementor-divider-separator\">\n\t\t\t\t\t\t<\/span>\n\t\t<\/div>\n\t\t\t\t\t\t<\/div>\n\t\t\t\t<\/div>\n\t\t<div class=\"elementor-element elementor-element-a717de0 e-con-full elementor-hidden-desktop elementor-hidden-laptop elementor-hidden-tablet_extra elementor-hidden-tablet elementor-hidden-mobile e-flex e-con e-child\" data-id=\"a717de0\" data-element_type=\"container\" data-e-type=\"container\">\n\t\t<div class=\"elementor-element elementor-element-bf879c8 e-con-full e-flex e-con e-child\" data-id=\"bf879c8\" data-element_type=\"container\" data-e-type=\"container\" data-settings=\"{&quot;background_background&quot;:&quot;classic&quot;}\">\n\t\t\t\t<div class=\"elementor-element elementor-element-944b9d1 elementor-widget elementor-widget-image\" data-id=\"944b9d1\" data-element_type=\"widget\" data-e-type=\"widget\" data-widget_type=\"image.default\">\n\t\t\t\t<div class=\"elementor-widget-container\">\n\t\t\t\t\t\t\t\t\t\t\t\t\t\t\t<img loading=\"lazy\" decoding=\"async\" width=\"800\" height=\"671\" src=\"https:\/\/alpenblickkreischberg.at\/wp-content\/uploads\/2025\/11\/3.-BF_szallas.hu-20-25alpen.jpg\" class=\"attachment-large size-large wp-image-3753\" alt=\"\" srcset=\"https:\/\/alpenblickkreischberg.at\/wp-content\/uploads\/2025\/11\/3.-BF_szallas.hu-20-25alpen.jpg 940w, https:\/\/alpenblickkreischberg.at\/wp-content\/uploads\/2025\/11\/3.-BF_szallas.hu-20-25alpen-300x251.jpg 300w, https:\/\/alpenblickkreischberg.at\/wp-content\/uploads\/2025\/11\/3.-BF_szallas.hu-20-25alpen-768x644.jpg 768w, https:\/\/alpenblickkreischberg.at\/wp-content\/uploads\/2025\/11\/3.-BF_szallas.hu-20-25alpen-14x12.jpg 14w\" sizes=\"(max-width: 800px) 100vw, 800px\" \/>\t\t\t\t\t\t\t\t\t\t\t\t\t\t\t<\/div>\n\t\t\t\t<\/div>\n\t\t\t\t<\/div>\n\t\t<div class=\"elementor-element elementor-element-da9fe7e e-con-full e-flex e-con e-child\" data-id=\"da9fe7e\" data-element_type=\"container\" data-e-type=\"container\">\n\t\t\t\t<div class=\"elementor-element elementor-element-36ad68f elementor-widget elementor-widget-heading\" data-id=\"36ad68f\" data-element_type=\"widget\" data-e-type=\"widget\" data-widget_type=\"heading.default\">\n\t\t\t\t<div class=\"elementor-widget-container\">\n\t\t\t\t\t<h2 class=\"elementor-heading-title elementor-size-default\">Black Weekend \u2013 25% Rabatt\n<\/h2>\t\t\t\t<\/div>\n\t\t\t\t<\/div>\n\t\t\t\t<div class=\"elementor-element elementor-element-41d0935 elementor-widget elementor-widget-text-editor\" data-id=\"41d0935\" data-element_type=\"widget\" data-e-type=\"widget\" data-widget_type=\"text-editor.default\">\n\t\t\t\t<div class=\"elementor-widget-container\">\n\t\t\t\t\t\t\t\t\t<p><strong>Buchbar: 28.\u201330. November 2025<\/strong><\/p><p><strong>G\u00fcltig: 01.03.2026 \u2013 15.03.2026\u00a0<\/strong><\/p><p><strong>Mindestaufenthalt: 3 N\u00e4chte.<\/strong><\/p><p><strong>Nicht mit anderen Aktionen oder Stammgast-Rabatten kombinierbar!<\/strong><\/p><p><b>Kostenlose Shuttledienstleistung zur Skipiste.<\/b><\/p><p>Unser Sonderangebot enth\u00e4lt folgende Leistungen:<\/p><ul><li>Unterkunft im gew\u00e4hlten Zimmertyp<\/li><li>Fr\u00fchst\u00fccksbuffet<\/li><li>Abendessen im Rahmen der Halbpension mit einer gro\u00dfen Auswahl an Speisen<\/li><li>Unbegrenzte Nutzung der Panorama-Wellness-Oase<\/li><\/ul>\t\t\t\t\t\t\t\t<\/div>\n\t\t\t\t<\/div>\n\t\t<div class=\"elementor-element elementor-element-71550c0 e-con-full e-flex e-con e-child\" data-id=\"71550c0\" data-element_type=\"container\" data-e-type=\"container\">\n\t\t\t\t<div class=\"elementor-element elementor-element-4ca2c23 elementor-widget elementor-widget-button\" data-id=\"4ca2c23\" data-element_type=\"widget\" data-e-type=\"widget\" data-widget_type=\"button.default\">\n\t\t\t\t<div class=\"elementor-widget-container\">\n\t\t\t\t\t\t\t\t\t<div class=\"elementor-button-wrapper\">\n\t\t\t\t\t<a class=\"elementor-button elementor-button-link elementor-size-sm elementor-animation-grow\" href=\"https:\/\/alpenblickkreischberg.at\/de\/ajanlataink\/black-weekend\/\">\n\t\t\t\t\t\t<span class=\"elementor-button-content-wrapper\">\n\t\t\t\t\t\t\t\t\t<span class=\"elementor-button-text\">Weiter<\/span>\n\t\t\t\t\t<\/span>\n\t\t\t\t\t<\/a>\n\t\t\t\t<\/div>\n\t\t\t\t\t\t\t\t<\/div>\n\t\t\t\t<\/div>\n\t\t\t\t<\/div>\n\t\t\t\t<\/div>\n\t\t\t\t<\/div>\n\t\t\t\t<div class=\"elementor-element elementor-element-be45828 elementor-hidden-desktop elementor-hidden-laptop elementor-hidden-tablet_extra elementor-hidden-tablet elementor-hidden-mobile elementor-widget-divider--view-line elementor-widget elementor-widget-divider\" data-id=\"be45828\" data-element_type=\"widget\" data-e-type=\"widget\" data-widget_type=\"divider.default\">\n\t\t\t\t<div class=\"elementor-widget-container\">\n\t\t\t\t\t\t\t<div class=\"elementor-divider\">\n\t\t\t<span class=\"elementor-divider-separator\">\n\t\t\t\t\t\t<\/span>\n\t\t<\/div>\n\t\t\t\t\t\t<\/div>\n\t\t\t\t<\/div>\n\t\t<div class=\"elementor-element elementor-element-a933b53 e-con-full elementor-hidden-desktop elementor-hidden-laptop elementor-hidden-tablet_extra elementor-hidden-tablet elementor-hidden-mobile e-flex e-con e-child\" data-id=\"a933b53\" data-element_type=\"container\" data-e-type=\"container\">\n\t\t<div class=\"elementor-element elementor-element-0d06ac9 e-con-full e-flex e-con e-child\" data-id=\"0d06ac9\" data-element_type=\"container\" data-e-type=\"container\" data-settings=\"{&quot;background_background&quot;:&quot;classic&quot;}\">\n\t\t\t\t<div class=\"elementor-element elementor-element-efda9c9 elementor-widget elementor-widget-image\" data-id=\"efda9c9\" data-element_type=\"widget\" data-e-type=\"widget\" data-widget_type=\"image.default\">\n\t\t\t\t<div class=\"elementor-widget-container\">\n\t\t\t\t\t\t\t\t\t\t\t\t\t\t\t<img loading=\"lazy\" decoding=\"async\" width=\"656\" height=\"656\" src=\"https:\/\/alpenblickkreischberg.at\/wp-content\/uploads\/2023\/06\/ski1.jpg\" class=\"attachment-large size-large wp-image-496\" alt=\"\" srcset=\"https:\/\/alpenblickkreischberg.at\/wp-content\/uploads\/2023\/06\/ski1.jpg 656w, https:\/\/alpenblickkreischberg.at\/wp-content\/uploads\/2023\/06\/ski1-300x300.jpg 300w, https:\/\/alpenblickkreischberg.at\/wp-content\/uploads\/2023\/06\/ski1-150x150.jpg 150w\" sizes=\"(max-width: 656px) 100vw, 656px\" \/>\t\t\t\t\t\t\t\t\t\t\t\t\t\t\t<\/div>\n\t\t\t\t<\/div>\n\t\t\t\t<\/div>\n\t\t<div class=\"elementor-element elementor-element-05e391c e-con-full e-flex e-con e-child\" data-id=\"05e391c\" data-element_type=\"container\" data-e-type=\"container\">\n\t\t\t\t<div class=\"elementor-element elementor-element-840a1cd elementor-widget elementor-widget-heading\" data-id=\"840a1cd\" data-element_type=\"widget\" data-e-type=\"widget\" data-widget_type=\"heading.default\">\n\t\t\t\t<div class=\"elementor-widget-container\">\n\t\t\t\t\t<h2 class=\"elementor-heading-title elementor-size-default\">Alpines Skierlebnis\n<\/h2>\t\t\t\t<\/div>\n\t\t\t\t<\/div>\n\t\t\t\t<div class=\"elementor-element elementor-element-560a8ba elementor-widget elementor-widget-text-editor\" data-id=\"560a8ba\" data-element_type=\"widget\" data-e-type=\"widget\" data-widget_type=\"text-editor.default\">\n\t\t\t\t<div class=\"elementor-widget-container\">\n\t\t\t\t\t\t\t\t\t<p><strong>Halbpensionsangebot, mindestens 3 N\u00e4chte! 10 % Rabatt!<\/strong><br \/><strong>G\u00fcltig: 26.12.2025 \u2013 15.03.2026<\/strong><\/p><p><b>Kostenlose Shuttledienstleistung zur Skipiste.<\/b><\/p><p>Unser Sonderangebot enth\u00e4lt folgende Leistungen:<\/p><ul><li>Unterkunft im gew\u00e4hlten Zimmertyp<\/li><li>Fr\u00fchst\u00fccksbuffet<\/li><li>Abendessen im Rahmen der Halbpension mit einer gro\u00dfen Auswahl an Speisen<\/li><li>Unbegrenzte Nutzung der Panorama-Wellness-Oase<\/li><\/ul>\t\t\t\t\t\t\t\t<\/div>\n\t\t\t\t<\/div>\n\t\t<div class=\"elementor-element elementor-element-e874147 e-con-full e-flex e-con e-child\" data-id=\"e874147\" data-element_type=\"container\" data-e-type=\"container\">\n\t\t\t\t<div class=\"elementor-element elementor-element-6118d9b elementor-widget elementor-widget-button\" data-id=\"6118d9b\" data-element_type=\"widget\" data-e-type=\"widget\" data-widget_type=\"button.default\">\n\t\t\t\t<div class=\"elementor-widget-container\">\n\t\t\t\t\t\t\t\t\t<div class=\"elementor-button-wrapper\">\n\t\t\t\t\t<a class=\"elementor-button elementor-button-link elementor-size-sm elementor-animation-grow\" href=\"https:\/\/alpenblickkreischberg.at\/de\/ajanlataink\/alpesi-sielmeny\/\">\n\t\t\t\t\t\t<span class=\"elementor-button-content-wrapper\">\n\t\t\t\t\t\t\t\t\t<span class=\"elementor-button-text\">Weiter<\/span>\n\t\t\t\t\t<\/span>\n\t\t\t\t\t<\/a>\n\t\t\t\t<\/div>\n\t\t\t\t\t\t\t\t<\/div>\n\t\t\t\t<\/div>\n\t\t\t\t<\/div>\n\t\t\t\t<\/div>\n\t\t\t\t<\/div>\n\t\t\t\t<div class=\"elementor-element elementor-element-e5acfcc elementor-hidden-desktop elementor-hidden-laptop elementor-hidden-tablet_extra elementor-hidden-tablet elementor-hidden-mobile elementor-widget-divider--view-line elementor-widget elementor-widget-divider\" data-id=\"e5acfcc\" data-element_type=\"widget\" data-e-type=\"widget\" data-widget_type=\"divider.default\">\n\t\t\t\t<div class=\"elementor-widget-container\">\n\t\t\t\t\t\t\t<div class=\"elementor-divider\">\n\t\t\t<span class=\"elementor-divider-separator\">\n\t\t\t\t\t\t<\/span>\n\t\t<\/div>\n\t\t\t\t\t\t<\/div>\n\t\t\t\t<\/div>\n\t\t<div class=\"elementor-element elementor-element-fefd11a e-con-full elementor-hidden-desktop elementor-hidden-laptop elementor-hidden-tablet_extra elementor-hidden-tablet elementor-hidden-mobile e-flex e-con e-child\" data-id=\"fefd11a\" data-element_type=\"container\" data-e-type=\"container\">\n\t\t<div class=\"elementor-element elementor-element-ebed5da e-con-full e-flex e-con e-child\" data-id=\"ebed5da\" data-element_type=\"container\" data-e-type=\"container\" data-settings=\"{&quot;background_background&quot;:&quot;classic&quot;}\">\n\t\t\t\t<div class=\"elementor-element elementor-element-62736c8 elementor-widget elementor-widget-image\" data-id=\"62736c8\" data-element_type=\"widget\" data-e-type=\"widget\" data-widget_type=\"image.default\">\n\t\t\t\t<div class=\"elementor-widget-container\">\n\t\t\t\t\t\t\t\t\t\t\t\t\t\t\t<img loading=\"lazy\" decoding=\"async\" width=\"800\" height=\"800\" src=\"https:\/\/alpenblickkreischberg.at\/wp-content\/uploads\/2024\/07\/alpen4ejszaka-1024x1024.jpg\" class=\"attachment-large size-large wp-image-3209\" alt=\"\" srcset=\"https:\/\/alpenblickkreischberg.at\/wp-content\/uploads\/2024\/07\/alpen4ejszaka-1024x1024.jpg 1024w, https:\/\/alpenblickkreischberg.at\/wp-content\/uploads\/2024\/07\/alpen4ejszaka-300x300.jpg 300w, https:\/\/alpenblickkreischberg.at\/wp-content\/uploads\/2024\/07\/alpen4ejszaka-150x150.jpg 150w, https:\/\/alpenblickkreischberg.at\/wp-content\/uploads\/2024\/07\/alpen4ejszaka-768x768.jpg 768w, https:\/\/alpenblickkreischberg.at\/wp-content\/uploads\/2024\/07\/alpen4ejszaka-12x12.jpg 12w, https:\/\/alpenblickkreischberg.at\/wp-content\/uploads\/2024\/07\/alpen4ejszaka.jpg 1200w\" sizes=\"(max-width: 800px) 100vw, 800px\" \/>\t\t\t\t\t\t\t\t\t\t\t\t\t\t\t<\/div>\n\t\t\t\t<\/div>\n\t\t\t\t<\/div>\n\t\t<div class=\"elementor-element elementor-element-ce044c4 e-con-full e-flex e-con e-child\" data-id=\"ce044c4\" data-element_type=\"container\" data-e-type=\"container\">\n\t\t\t\t<div class=\"elementor-element elementor-element-14c65f7 elementor-widget elementor-widget-heading\" data-id=\"14c65f7\" data-element_type=\"widget\" data-e-type=\"widget\" data-widget_type=\"heading.default\">\n\t\t\t\t<div class=\"elementor-widget-container\">\n\t\t\t\t\t<h2 class=\"elementor-heading-title elementor-size-default\">Skifahren, entspannen, wiederholen!<\/h2>\t\t\t\t<\/div>\n\t\t\t\t<\/div>\n\t\t\t\t<div class=\"elementor-element elementor-element-96a08e9 elementor-widget elementor-widget-text-editor\" data-id=\"96a08e9\" data-element_type=\"widget\" data-e-type=\"widget\" data-widget_type=\"text-editor.default\">\n\t\t\t\t<div class=\"elementor-widget-container\">\n\t\t\t\t\t\t\t\t\t<p><strong>Machen Sie das Beste aus dem Winter! 15% Rabatt!<\/strong><br \/><strong>Minimum 4 N\u00e4chte<\/strong><br \/><strong>G\u00fcltig: 26.12.2025 \u2013 15.03.2026<\/strong><\/p><p><b>Kostenlose Shuttledienstleistung zur Skipiste.<\/b><\/p><p>Unser Sonderangebot enth\u00e4lt folgende Leistungen:<\/p><ul><li>Unterkunft im gew\u00e4hlten Zimmertyp<\/li><li>Fr\u00fchst\u00fccksbuffet<\/li><li>Abendessen im Rahmen der Halbpension mit einer gro\u00dfen Auswahl an Speisen<\/li><li>Unbegrenzte Nutzung der Panorama-Wellness-Oase<\/li><\/ul>\t\t\t\t\t\t\t\t<\/div>\n\t\t\t\t<\/div>\n\t\t<div class=\"elementor-element elementor-element-408ba78 e-con-full e-flex e-con e-child\" data-id=\"408ba78\" data-element_type=\"container\" data-e-type=\"container\">\n\t\t\t\t<div class=\"elementor-element elementor-element-6d21f77 elementor-widget elementor-widget-button\" data-id=\"6d21f77\" data-element_type=\"widget\" data-e-type=\"widget\" data-widget_type=\"button.default\">\n\t\t\t\t<div class=\"elementor-widget-container\">\n\t\t\t\t\t\t\t\t\t<div class=\"elementor-button-wrapper\">\n\t\t\t\t\t<a class=\"elementor-button elementor-button-link elementor-size-sm elementor-animation-grow\" href=\"https:\/\/alpenblickkreischberg.at\/de\/ajanlataink\/sielj-pihenj-ismetelj-napokon-at\/\">\n\t\t\t\t\t\t<span class=\"elementor-button-content-wrapper\">\n\t\t\t\t\t\t\t\t\t<span class=\"elementor-button-text\">Weiter<\/span>\n\t\t\t\t\t<\/span>\n\t\t\t\t\t<\/a>\n\t\t\t\t<\/div>\n\t\t\t\t\t\t\t\t<\/div>\n\t\t\t\t<\/div>\n\t\t\t\t<\/div>\n\t\t\t\t<\/div>\n\t\t\t\t<\/div>\n\t\t\t\t<div class=\"elementor-element elementor-element-0242e77 elementor-hidden-desktop elementor-hidden-laptop elementor-hidden-tablet_extra elementor-hidden-tablet elementor-hidden-mobile elementor-widget-divider--view-line elementor-widget elementor-widget-divider\" data-id=\"0242e77\" data-element_type=\"widget\" data-e-type=\"widget\" data-widget_type=\"divider.default\">\n\t\t\t\t<div class=\"elementor-widget-container\">\n\t\t\t\t\t\t\t<div class=\"elementor-divider\">\n\t\t\t<span class=\"elementor-divider-separator\">\n\t\t\t\t\t\t<\/span>\n\t\t<\/div>\n\t\t\t\t\t\t<\/div>\n\t\t\t\t<\/div>\n\t\t<div class=\"elementor-element elementor-element-9fae26a e-con-full elementor-hidden-desktop elementor-hidden-laptop elementor-hidden-tablet_extra elementor-hidden-tablet elementor-hidden-mobile e-flex e-con e-child\" data-id=\"9fae26a\" data-element_type=\"container\" data-e-type=\"container\">\n\t\t<div class=\"elementor-element elementor-element-ffc3bac e-con-full e-flex e-con e-child\" data-id=\"ffc3bac\" data-element_type=\"container\" data-e-type=\"container\" data-settings=\"{&quot;background_background&quot;:&quot;classic&quot;}\">\n\t\t\t\t<div class=\"elementor-element elementor-element-0230e4c elementor-widget elementor-widget-image\" data-id=\"0230e4c\" data-element_type=\"widget\" data-e-type=\"widget\" data-widget_type=\"image.default\">\n\t\t\t\t<div class=\"elementor-widget-container\">\n\t\t\t\t\t\t\t\t\t\t\t\t\t\t\t<img loading=\"lazy\" decoding=\"async\" width=\"800\" height=\"800\" src=\"https:\/\/alpenblickkreischberg.at\/wp-content\/uploads\/2024\/07\/01004437-1024x1024.jpg\" class=\"attachment-large size-large wp-image-3219\" alt=\"\" srcset=\"https:\/\/alpenblickkreischberg.at\/wp-content\/uploads\/2024\/07\/01004437-1024x1024.jpg 1024w, https:\/\/alpenblickkreischberg.at\/wp-content\/uploads\/2024\/07\/01004437-300x300.jpg 300w, https:\/\/alpenblickkreischberg.at\/wp-content\/uploads\/2024\/07\/01004437-150x150.jpg 150w, https:\/\/alpenblickkreischberg.at\/wp-content\/uploads\/2024\/07\/01004437-768x768.jpg 768w, https:\/\/alpenblickkreischberg.at\/wp-content\/uploads\/2024\/07\/01004437-1536x1536.jpg 1536w, https:\/\/alpenblickkreischberg.at\/wp-content\/uploads\/2024\/07\/01004437-2048x2048.jpg 2048w, https:\/\/alpenblickkreischberg.at\/wp-content\/uploads\/2024\/07\/01004437-12x12.jpg 12w\" sizes=\"(max-width: 800px) 100vw, 800px\" \/>\t\t\t\t\t\t\t\t\t\t\t\t\t\t\t<\/div>\n\t\t\t\t<\/div>\n\t\t\t\t<\/div>\n\t\t<div class=\"elementor-element elementor-element-857d02f e-con-full e-flex e-con e-child\" data-id=\"857d02f\" data-element_type=\"container\" data-e-type=\"container\">\n\t\t\t\t<div class=\"elementor-element elementor-element-6589c3c elementor-widget elementor-widget-heading\" data-id=\"6589c3c\" data-element_type=\"widget\" data-e-type=\"widget\" data-widget_type=\"heading.default\">\n\t\t\t\t<div class=\"elementor-widget-container\">\n\t\t\t\t\t<h2 class=\"elementor-heading-title elementor-size-default\">Hallo Kreischberg\n\n\n\n\n<\/h2>\t\t\t\t<\/div>\n\t\t\t\t<\/div>\n\t\t\t\t<div class=\"elementor-element elementor-element-bf53d8b elementor-widget elementor-widget-text-editor\" data-id=\"bf53d8b\" data-element_type=\"widget\" data-e-type=\"widget\" data-widget_type=\"text-editor.default\">\n\t\t\t\t<div class=\"elementor-widget-container\">\n\t\t\t\t\t\t\t\t\t<p><strong>Buchen Sie jetzt und sichern Sie sich einmalig das Datum!<\/strong><br \/><strong>100% Vorauszahlung<\/strong><br \/><strong>G\u00fcltig: 26.12.2025 \u2013 15.03.2026<\/strong><\/p><p><b>Kostenlose Shuttledienstleistung zur Skipiste.<\/b><\/p><p>Unser Sonderangebot enth\u00e4lt folgende Leistungen:<\/p><ul><li>Unterkunft im gew\u00e4hlten Zimmertyp<\/li><li>Fr\u00fchst\u00fccksbuffet<\/li><li>Abendessen im Rahmen der Halbpension mit einer gro\u00dfen Auswahl an Speisen<\/li><li>Unbegrenzte Nutzung der Panorama-Wellness-Oase<\/li><\/ul>\t\t\t\t\t\t\t\t<\/div>\n\t\t\t\t<\/div>\n\t\t<div class=\"elementor-element elementor-element-87a54cb e-con-full e-flex e-con e-child\" data-id=\"87a54cb\" data-element_type=\"container\" data-e-type=\"container\">\n\t\t\t\t<div class=\"elementor-element elementor-element-8a77656 elementor-widget elementor-widget-button\" data-id=\"8a77656\" data-element_type=\"widget\" data-e-type=\"widget\" data-widget_type=\"button.default\">\n\t\t\t\t<div class=\"elementor-widget-container\">\n\t\t\t\t\t\t\t\t\t<div class=\"elementor-button-wrapper\">\n\t\t\t\t\t<a class=\"elementor-button elementor-button-link elementor-size-sm elementor-animation-grow\" href=\"https:\/\/alpenblickkreischberg.at\/de\/ajanlataink\/hello-kreischberg-2\/\">\n\t\t\t\t\t\t<span class=\"elementor-button-content-wrapper\">\n\t\t\t\t\t\t\t\t\t<span class=\"elementor-button-text\">Weiter<\/span>\n\t\t\t\t\t<\/span>\n\t\t\t\t\t<\/a>\n\t\t\t\t<\/div>\n\t\t\t\t\t\t\t\t<\/div>\n\t\t\t\t<\/div>\n\t\t\t\t<\/div>\n\t\t\t\t<\/div>\n\t\t\t\t<\/div>\n\t\t\t\t<div class=\"elementor-element elementor-element-7c9b300 elementor-hidden-desktop elementor-hidden-laptop elementor-hidden-tablet_extra elementor-hidden-tablet elementor-hidden-mobile elementor-widget-divider--view-line elementor-widget elementor-widget-divider\" data-id=\"7c9b300\" data-element_type=\"widget\" data-e-type=\"widget\" data-widget_type=\"divider.default\">\n\t\t\t\t<div class=\"elementor-widget-container\">\n\t\t\t\t\t\t\t<div class=\"elementor-divider\">\n\t\t\t<span class=\"elementor-divider-separator\">\n\t\t\t\t\t\t<\/span>\n\t\t<\/div>\n\t\t\t\t\t\t<\/div>\n\t\t\t\t<\/div>\n\t\t<div class=\"elementor-element elementor-element-2d33215 e-con-full e-flex e-con e-child\" data-id=\"2d33215\" data-element_type=\"container\" data-e-type=\"container\">\n\t\t<div class=\"elementor-element elementor-element-bf6c546 e-con-full e-flex e-con e-child\" data-id=\"bf6c546\" data-element_type=\"container\" data-e-type=\"container\" data-settings=\"{&quot;background_background&quot;:&quot;classic&quot;}\">\n\t\t\t\t<div class=\"elementor-element elementor-element-6a6cc7f elementor-widget elementor-widget-image\" data-id=\"6a6cc7f\" data-element_type=\"widget\" data-e-type=\"widget\" data-widget_type=\"image.default\">\n\t\t\t\t<div class=\"elementor-widget-container\">\n\t\t\t\t\t\t\t\t\t\t\t\t\t\t\t<img loading=\"lazy\" decoding=\"async\" width=\"800\" height=\"800\" src=\"https:\/\/alpenblickkreischberg.at\/wp-content\/uploads\/2025\/10\/alpen_nyari_elofoglalas-1024x1024.jpg\" class=\"attachment-large size-large wp-image-3734\" alt=\"\" srcset=\"https:\/\/alpenblickkreischberg.at\/wp-content\/uploads\/2025\/10\/alpen_nyari_elofoglalas-1024x1024.jpg 1024w, https:\/\/alpenblickkreischberg.at\/wp-content\/uploads\/2025\/10\/alpen_nyari_elofoglalas-300x300.jpg 300w, https:\/\/alpenblickkreischberg.at\/wp-content\/uploads\/2025\/10\/alpen_nyari_elofoglalas-150x150.jpg 150w, https:\/\/alpenblickkreischberg.at\/wp-content\/uploads\/2025\/10\/alpen_nyari_elofoglalas-768x768.jpg 768w, https:\/\/alpenblickkreischberg.at\/wp-content\/uploads\/2025\/10\/alpen_nyari_elofoglalas-12x12.jpg 12w, https:\/\/alpenblickkreischberg.at\/wp-content\/uploads\/2025\/10\/alpen_nyari_elofoglalas.jpg 1200w\" sizes=\"(max-width: 800px) 100vw, 800px\" \/>\t\t\t\t\t\t\t\t\t\t\t\t\t\t\t<\/div>\n\t\t\t\t<\/div>\n\t\t\t\t<\/div>\n\t\t<div class=\"elementor-element elementor-element-4c97bb3 e-con-full e-flex e-con e-child\" data-id=\"4c97bb3\" data-element_type=\"container\" data-e-type=\"container\">\n\t\t\t\t<div class=\"elementor-element elementor-element-0359ca4 elementor-widget elementor-widget-heading\" data-id=\"0359ca4\" data-element_type=\"widget\" data-e-type=\"widget\" data-widget_type=\"heading.default\">\n\t\t\t\t<div class=\"elementor-widget-container\">\n\t\t\t\t\t<h2 class=\"elementor-heading-title elementor-size-default\">Ny\u00e1ri el\u0151foglal\u00e1s\n\n\n\n\n<\/h2>\t\t\t\t<\/div>\n\t\t\t\t<\/div>\n\t\t\t\t<div class=\"elementor-element elementor-element-b9b1afe elementor-widget elementor-widget-text-editor\" data-id=\"b9b1afe\" data-element_type=\"widget\" data-e-type=\"widget\" data-widget_type=\"text-editor.default\">\n\t\t\t\t<div class=\"elementor-widget-container\">\n\t\t\t\t\t\t\t\t\t<p class=\"xmsonormal\"><b>Mind. 2 N\u00e4chte, \u201312 % auf den Tagespreis<\/b><\/p><p class=\"xmsonormal\"><b>Buchbar bis: 01.05.2026<\/b><\/p><p class=\"xmsonormal\"><b>G\u00fcltig:01.07.2026 \u2013 13.09.2026<\/b><\/p><p>Unser Sonderangebot enth\u00e4lt folgende Leistungen:<\/p><ul><li>Unterkunft im gew\u00e4hlten Zimmertyp<\/li><li>Fr\u00fchst\u00fccksbuffet<\/li><li>Abendessen im Rahmen der Halbpension mit einer gro\u00dfen Auswahl an Speisen<\/li><li>Unbegrenzte Nutzung der Panorama-Wellness-Oase<\/li><li><strong>Murau-Murtal G\u00e4steCard<\/strong><\/li><\/ul>\t\t\t\t\t\t\t\t<\/div>\n\t\t\t\t<\/div>\n\t\t<div class=\"elementor-element elementor-element-c96caee e-con-full e-flex e-con e-child\" data-id=\"c96caee\" data-element_type=\"container\" data-e-type=\"container\">\n\t\t\t\t<div class=\"elementor-element elementor-element-67cb962 elementor-widget elementor-widget-button\" data-id=\"67cb962\" data-element_type=\"widget\" data-e-type=\"widget\" data-widget_type=\"button.default\">\n\t\t\t\t<div class=\"elementor-widget-container\">\n\t\t\t\t\t\t\t\t\t<div class=\"elementor-button-wrapper\">\n\t\t\t\t\t<a class=\"elementor-button elementor-button-link elementor-size-sm elementor-animation-grow\" href=\"https:\/\/alpenblickkreischberg.at\/de\/ajanlataink\/nyari-elofoglalas\/\">\n\t\t\t\t\t\t<span class=\"elementor-button-content-wrapper\">\n\t\t\t\t\t\t\t\t\t<span class=\"elementor-button-text\">Weiter<\/span>\n\t\t\t\t\t<\/span>\n\t\t\t\t\t<\/a>\n\t\t\t\t<\/div>\n\t\t\t\t\t\t\t\t<\/div>\n\t\t\t\t<\/div>\n\t\t\t\t<\/div>\n\t\t\t\t<\/div>\n\t\t\t\t<\/div>\n\t\t\t\t<div class=\"elementor-element elementor-element-168c92a elementor-widget-divider--view-line elementor-widget elementor-widget-divider\" data-id=\"168c92a\" data-element_type=\"widget\" data-e-type=\"widget\" data-widget_type=\"divider.default\">\n\t\t\t\t<div class=\"elementor-widget-container\">\n\t\t\t\t\t\t\t<div class=\"elementor-divider\">\n\t\t\t<span class=\"elementor-divider-separator\">\n\t\t\t\t\t\t<\/span>\n\t\t<\/div>\n\t\t\t\t\t\t<\/div>\n\t\t\t\t<\/div>\n\t\t<div class=\"elementor-element elementor-element-2481ed1 e-con-full e-flex e-con e-child\" data-id=\"2481ed1\" data-element_type=\"container\" data-e-type=\"container\">\n\t\t<div class=\"elementor-element elementor-element-8134602 e-con-full e-flex e-con e-child\" data-id=\"8134602\" data-element_type=\"container\" data-e-type=\"container\" data-settings=\"{&quot;background_background&quot;:&quot;classic&quot;}\">\n\t\t\t\t<div class=\"elementor-element elementor-element-15788c8 elementor-widget elementor-widget-image\" data-id=\"15788c8\" data-element_type=\"widget\" data-e-type=\"widget\" data-widget_type=\"image.default\">\n\t\t\t\t<div class=\"elementor-widget-container\">\n\t\t\t\t\t\t\t\t\t\t\t\t\t\t\t<img loading=\"lazy\" decoding=\"async\" width=\"800\" height=\"800\" src=\"https:\/\/alpenblickkreischberg.at\/wp-content\/uploads\/2024\/02\/elofoglalas-1024x1024.jpg\" class=\"attachment-large size-large wp-image-2859\" alt=\"\" srcset=\"https:\/\/alpenblickkreischberg.at\/wp-content\/uploads\/2024\/02\/elofoglalas-1024x1024.jpg 1024w, https:\/\/alpenblickkreischberg.at\/wp-content\/uploads\/2024\/02\/elofoglalas-300x300.jpg 300w, https:\/\/alpenblickkreischberg.at\/wp-content\/uploads\/2024\/02\/elofoglalas-150x150.jpg 150w, https:\/\/alpenblickkreischberg.at\/wp-content\/uploads\/2024\/02\/elofoglalas-768x768.jpg 768w, https:\/\/alpenblickkreischberg.at\/wp-content\/uploads\/2024\/02\/elofoglalas-12x12.jpg 12w, https:\/\/alpenblickkreischberg.at\/wp-content\/uploads\/2024\/02\/elofoglalas.jpg 1200w\" sizes=\"(max-width: 800px) 100vw, 800px\" \/>\t\t\t\t\t\t\t\t\t\t\t\t\t\t\t<\/div>\n\t\t\t\t<\/div>\n\t\t\t\t<\/div>\n\t\t<div class=\"elementor-element elementor-element-4d1e606 e-con-full e-flex e-con e-child\" data-id=\"4d1e606\" data-element_type=\"container\" data-e-type=\"container\">\n\t\t\t\t<div class=\"elementor-element elementor-element-7392647 elementor-widget elementor-widget-heading\" data-id=\"7392647\" data-element_type=\"widget\" data-e-type=\"widget\" data-widget_type=\"heading.default\">\n\t\t\t\t<div class=\"elementor-widget-container\">\n\t\t\t\t\t<h2 class=\"elementor-heading-title elementor-size-default\">Winter-Fr\u00fchbucherangebot f\u00fcr die Saison 2026\/27!\n\n\n\n\n<\/h2>\t\t\t\t<\/div>\n\t\t\t\t<\/div>\n\t\t\t\t<div class=\"elementor-element elementor-element-5fe6c7b elementor-widget elementor-widget-text-editor\" data-id=\"5fe6c7b\" data-element_type=\"widget\" data-e-type=\"widget\" data-widget_type=\"text-editor.default\">\n\t\t\t\t<div class=\"elementor-widget-container\">\n\t\t\t\t\t\t\t\t\t<p><strong>Buchbar ab mindestens 3 N\u00e4chten mit 10 % Rabatt.<\/strong><\/p><p><strong>Buchbar bis: 1. Juni 2026<\/strong><\/p><p><strong>Aufenthaltszeitraum: 26. Dezember 2026 \u2013 15. M\u00e4rz 2027<\/strong><\/p><p><b>Kostenlose Shuttledienstleistung zur Skipiste.<\/b><\/p><p>Unser Sonderangebot enth\u00e4lt folgende Leistungen:<\/p><ul><li>Unterkunft im gew\u00e4hlten Zimmertyp<\/li><li>Fr\u00fchst\u00fccksbuffet<\/li><li>Abendessen im Rahmen der Halbpension mit einer gro\u00dfen Auswahl an Speisen<\/li><li>Unbegrenzte Nutzung der Panorama-Wellness-Oase<\/li><\/ul>\t\t\t\t\t\t\t\t<\/div>\n\t\t\t\t<\/div>\n\t\t<div class=\"elementor-element elementor-element-f51b2df e-con-full e-flex e-con e-child\" data-id=\"f51b2df\" data-element_type=\"container\" data-e-type=\"container\">\n\t\t\t\t<div class=\"elementor-element elementor-element-72d95fb elementor-widget elementor-widget-button\" data-id=\"72d95fb\" data-element_type=\"widget\" data-e-type=\"widget\" data-widget_type=\"button.default\">\n\t\t\t\t<div class=\"elementor-widget-container\">\n\t\t\t\t\t\t\t\t\t<div class=\"elementor-button-wrapper\">\n\t\t\t\t\t<a class=\"elementor-button elementor-button-link elementor-size-sm elementor-animation-grow\" href=\"https:\/\/alpenblickkreischberg.at\/de\/ajanlataink\/teli-elofoglalas\/\">\n\t\t\t\t\t\t<span class=\"elementor-button-content-wrapper\">\n\t\t\t\t\t\t\t\t\t<span class=\"elementor-button-text\">Weiter<\/span>\n\t\t\t\t\t<\/span>\n\t\t\t\t\t<\/a>\n\t\t\t\t<\/div>\n\t\t\t\t\t\t\t\t<\/div>\n\t\t\t\t<\/div>\n\t\t\t\t<\/div>\n\t\t\t\t<\/div>\n\t\t\t\t<\/div>\n\t\t\t\t<div class=\"elementor-element elementor-element-3c27146 elementor-widget-divider--view-line elementor-widget elementor-widget-divider\" data-id=\"3c27146\" data-element_type=\"widget\" data-e-type=\"widget\" data-widget_type=\"divider.default\">\n\t\t\t\t<div class=\"elementor-widget-container\">\n\t\t\t\t\t\t\t<div class=\"elementor-divider\">\n\t\t\t<span class=\"elementor-divider-separator\">\n\t\t\t\t\t\t<\/span>\n\t\t<\/div>\n\t\t\t\t\t\t<\/div>\n\t\t\t\t<\/div>\n\t\t<div class=\"elementor-element elementor-element-9fa005a e-con-full e-flex e-con e-child\" data-id=\"9fa005a\" data-element_type=\"container\" data-e-type=\"container\">\n\t\t<div class=\"elementor-element elementor-element-3d9ac77 e-con-full e-flex e-con e-child\" data-id=\"3d9ac77\" data-element_type=\"container\" data-e-type=\"container\" data-settings=\"{&quot;background_background&quot;:&quot;classic&quot;}\">\n\t\t\t\t<div class=\"elementor-element elementor-element-1faeb57 elementor-widget elementor-widget-image\" data-id=\"1faeb57\" data-element_type=\"widget\" data-e-type=\"widget\" data-widget_type=\"image.default\">\n\t\t\t\t<div class=\"elementor-widget-container\">\n\t\t\t\t\t\t\t\t\t\t\t\t\t\t\t<img loading=\"lazy\" decoding=\"async\" width=\"800\" height=\"800\" src=\"https:\/\/alpenblickkreischberg.at\/wp-content\/uploads\/2023\/10\/gift_card.jpg\" class=\"attachment-large size-large wp-image-2647\" alt=\"\" srcset=\"https:\/\/alpenblickkreischberg.at\/wp-content\/uploads\/2023\/10\/gift_card.jpg 1024w, https:\/\/alpenblickkreischberg.at\/wp-content\/uploads\/2023\/10\/gift_card-300x300.jpg 300w, https:\/\/alpenblickkreischberg.at\/wp-content\/uploads\/2023\/10\/gift_card-150x150.jpg 150w, https:\/\/alpenblickkreischberg.at\/wp-content\/uploads\/2023\/10\/gift_card-768x768.jpg 768w, https:\/\/alpenblickkreischberg.at\/wp-content\/uploads\/2023\/10\/gift_card-12x12.jpg 12w\" sizes=\"(max-width: 800px) 100vw, 800px\" \/>\t\t\t\t\t\t\t\t\t\t\t\t\t\t\t<\/div>\n\t\t\t\t<\/div>\n\t\t\t\t<\/div>\n\t\t<div class=\"elementor-element elementor-element-628eaa8 e-con-full e-flex e-con e-child\" data-id=\"628eaa8\" data-element_type=\"container\" data-e-type=\"container\">\n\t\t\t\t<div class=\"elementor-element elementor-element-a67207b elementor-widget elementor-widget-heading\" data-id=\"a67207b\" data-element_type=\"widget\" data-e-type=\"widget\" data-widget_type=\"heading.default\">\n\t\t\t\t<div class=\"elementor-widget-container\">\n\t\t\t\t\t<h2 class=\"elementor-heading-title elementor-size-default\">GESCHENK-GUTSCHEIN<\/h2>\t\t\t\t<\/div>\n\t\t\t\t<\/div>\n\t\t\t\t<div class=\"elementor-element elementor-element-a4c638c elementor-widget elementor-widget-text-editor\" data-id=\"a4c638c\" data-element_type=\"widget\" data-e-type=\"widget\" data-widget_type=\"text-editor.default\">\n\t\t\t\t<div class=\"elementor-widget-container\">\n\t\t\t\t\t\t\t\t\t<p><b>\u00dcberraschen Sie Ihre Liebsten mit unvergesslichen Momenten und w\u00e4hlen Sie unseren Geschenkgutschein!<\/b><\/p>\t\t\t\t\t\t\t\t<\/div>\n\t\t\t\t<\/div>\n\t\t\t\t<div class=\"elementor-element elementor-element-83fbe7a elementor-widget elementor-widget-button\" data-id=\"83fbe7a\" data-element_type=\"widget\" data-e-type=\"widget\" data-widget_type=\"button.default\">\n\t\t\t\t<div class=\"elementor-widget-container\">\n\t\t\t\t\t\t\t\t\t<div class=\"elementor-button-wrapper\">\n\t\t\t\t\t<a class=\"elementor-button elementor-button-link elementor-size-sm elementor-animation-grow\" href=\"https:\/\/alpenblickkreischberg.at\/de\/ajandekutalvany\/\">\n\t\t\t\t\t\t<span class=\"elementor-button-content-wrapper\">\n\t\t\t\t\t\t\t\t\t<span class=\"elementor-button-text\">kaufen<\/span>\n\t\t\t\t\t<\/span>\n\t\t\t\t\t<\/a>\n\t\t\t\t<\/div>\n\t\t\t\t\t\t\t\t<\/div>\n\t\t\t\t<\/div>\n\t\t\t\t<\/div>\n\t\t\t\t<\/div>\n\t\t\t\t<\/div>\n\t\t\t\t<\/div>","protected":false},"excerpt":{"rendered":"<p>Szeretettel v\u00e1rjuk \u00d6n\u00f6ket a 2026-os ny\u00e1ri szezonban! Egy\u00fcttm\u0171k\u00f6d\u0151 partner\u00fcnk a Suli Sport sz\u00e1ll\u00f3vend\u00e9geink r\u00e9sz\u00e9re kedvezm\u00e9nyes e-bike b\u00e9rl\u00e9si lehet\u0151s\u00e9get biztos\u00edt. Hegyvid\u00e9ki ny\u00e1r, reggelis ell\u00e1t\u00e1ssal Kedvezm\u00e9nyes aj\u00e1nlatunk az al\u00e1bbi szolg\u00e1ltat\u00e1sokat tartalmazza: Sz\u00e1ll\u00e1s, a kiv\u00e1lasztott szobat\u00edpusban B\u0151s\u00e9ges b\u00fcf\u00e9reggeli Wellness korl\u00e1tlan haszn\u00e1lata r\u00e9szletek S\u00edelj naps\u00fct\u00e9sben 10% kedvezm\u00e9ny Minimum 3 \u00e9jszaka \u00c9rv\u00e9nyes: 2026.03.01-03.15. Ingyenes transzfer buszt biztos\u00edtunk a felvon\u00f3ig! Kedvezm\u00e9nyes [&hellip;]<\/p>\n","protected":false},"author":4,"featured_media":0,"parent":0,"menu_order":0,"comment_status":"closed","ping_status":"closed","template":"","meta":{"footnotes":""},"class_list":["post-274","page","type-page","status-publish","hentry"],"yoast_head":"<!-- This site is optimized with the Yoast SEO plugin v27.4 - https:\/\/yoast.com\/product\/yoast-seo-wordpress\/ -->\n<title>Aj\u00e1nlataink - Alpenblick Kreischberg<\/title>\n<meta name=\"robots\" content=\"index, follow, max-snippet:-1, max-image-preview:large, max-video-preview:-1\" \/>\n<link rel=\"canonical\" href=\"https:\/\/alpenblickkreischberg.at\/de\/angebote\/\" \/>\n<meta property=\"og:locale\" content=\"de_DE\" \/>\n<meta property=\"og:type\" content=\"article\" \/>\n<meta property=\"og:title\" content=\"Aj\u00e1nlataink - Alpenblick Kreischberg\" \/>\n<meta property=\"og:description\" content=\"Szeretettel v\u00e1rjuk \u00d6n\u00f6ket a 2026-os ny\u00e1ri szezonban! Egy\u00fcttm\u0171k\u00f6d\u0151 partner\u00fcnk a Suli Sport sz\u00e1ll\u00f3vend\u00e9geink r\u00e9sz\u00e9re kedvezm\u00e9nyes e-bike b\u00e9rl\u00e9si lehet\u0151s\u00e9get biztos\u00edt. Hegyvid\u00e9ki ny\u00e1r, reggelis ell\u00e1t\u00e1ssal Kedvezm\u00e9nyes aj\u00e1nlatunk az al\u00e1bbi szolg\u00e1ltat\u00e1sokat tartalmazza: Sz\u00e1ll\u00e1s, a kiv\u00e1lasztott szobat\u00edpusban B\u0151s\u00e9ges b\u00fcf\u00e9reggeli Wellness korl\u00e1tlan haszn\u00e1lata r\u00e9szletek S\u00edelj naps\u00fct\u00e9sben 10% kedvezm\u00e9ny Minimum 3 \u00e9jszaka \u00c9rv\u00e9nyes: 2026.03.01-03.15. Ingyenes transzfer buszt biztos\u00edtunk a felvon\u00f3ig! Kedvezm\u00e9nyes [&hellip;]\" \/>\n<meta property=\"og:url\" content=\"https:\/\/alpenblickkreischberg.at\/de\/angebote\/\" \/>\n<meta property=\"og:site_name\" content=\"Alpenblick Kreischberg\" \/>\n<meta property=\"article:modified_time\" content=\"2026-03-19T15:26:20+00:00\" \/>\n<meta property=\"og:image\" content=\"https:\/\/alpenblickkreischberg.at\/wp-content\/uploads\/2024\/06\/SIM_0681_kicsi.jpg\" \/>\n\t<meta property=\"og:image:width\" content=\"600\" \/>\n\t<meta property=\"og:image:height\" content=\"600\" \/>\n\t<meta property=\"og:image:type\" content=\"image\/jpeg\" \/>\n<meta name=\"twitter:card\" content=\"summary_large_image\" \/>\n<meta name=\"twitter:label1\" content=\"Gesch\u00e4tzte Lesezeit\" \/>\n\t<meta name=\"twitter:data1\" content=\"7\u00a0Minuten\" \/>\n<script type=\"application\/ld+json\" class=\"yoast-schema-graph\">{\"@context\":\"https:\\\/\\\/schema.org\",\"@graph\":[{\"@type\":\"WebPage\",\"@id\":\"https:\\\/\\\/alpenblickkreischberg.at\\\/ajanlataink\\\/\",\"url\":\"https:\\\/\\\/alpenblickkreischberg.at\\\/ajanlataink\\\/\",\"name\":\"Aj\u00e1nlataink - Alpenblick Kreischberg\",\"isPartOf\":{\"@id\":\"https:\\\/\\\/alpenblickkreischberg.at\\\/hu\\\/#website\"},\"primaryImageOfPage\":{\"@id\":\"https:\\\/\\\/alpenblickkreischberg.at\\\/ajanlataink\\\/#primaryimage\"},\"image\":{\"@id\":\"https:\\\/\\\/alpenblickkreischberg.at\\\/ajanlataink\\\/#primaryimage\"},\"thumbnailUrl\":\"https:\\\/\\\/alpenblickkreischberg.at\\\/wp-content\\\/uploads\\\/2024\\\/06\\\/SIM_0681_kicsi.jpg\",\"datePublished\":\"2023-06-09T13:19:10+00:00\",\"dateModified\":\"2026-03-19T15:26:20+00:00\",\"breadcrumb\":{\"@id\":\"https:\\\/\\\/alpenblickkreischberg.at\\\/ajanlataink\\\/#breadcrumb\"},\"inLanguage\":\"de\",\"potentialAction\":[{\"@type\":\"ReadAction\",\"target\":[\"https:\\\/\\\/alpenblickkreischberg.at\\\/ajanlataink\\\/\"]}]},{\"@type\":\"ImageObject\",\"inLanguage\":\"de\",\"@id\":\"https:\\\/\\\/alpenblickkreischberg.at\\\/ajanlataink\\\/#primaryimage\",\"url\":\"https:\\\/\\\/alpenblickkreischberg.at\\\/wp-content\\\/uploads\\\/2024\\\/06\\\/SIM_0681_kicsi.jpg\",\"contentUrl\":\"https:\\\/\\\/alpenblickkreischberg.at\\\/wp-content\\\/uploads\\\/2024\\\/06\\\/SIM_0681_kicsi.jpg\"},{\"@type\":\"BreadcrumbList\",\"@id\":\"https:\\\/\\\/alpenblickkreischberg.at\\\/ajanlataink\\\/#breadcrumb\",\"itemListElement\":[{\"@type\":\"ListItem\",\"position\":1,\"name\":\"Kezd\u0151lap\",\"item\":\"https:\\\/\\\/alpenblickkreischberg.at\\\/\"},{\"@type\":\"ListItem\",\"position\":2,\"name\":\"Aj\u00e1nlataink\"}]},{\"@type\":\"WebSite\",\"@id\":\"https:\\\/\\\/alpenblickkreischberg.at\\\/hu\\\/#website\",\"url\":\"https:\\\/\\\/alpenblickkreischberg.at\\\/hu\\\/\",\"name\":\"Alpenblick Kreischberg\",\"description\":\"Hotel a Kreischbergen Murau mellett\",\"publisher\":{\"@id\":\"https:\\\/\\\/alpenblickkreischberg.at\\\/hu\\\/#organization\"},\"potentialAction\":[{\"@type\":\"SearchAction\",\"target\":{\"@type\":\"EntryPoint\",\"urlTemplate\":\"https:\\\/\\\/alpenblickkreischberg.at\\\/hu\\\/?s={search_term_string}\"},\"query-input\":{\"@type\":\"PropertyValueSpecification\",\"valueRequired\":true,\"valueName\":\"search_term_string\"}}],\"inLanguage\":\"de\"},{\"@type\":\"Organization\",\"@id\":\"https:\\\/\\\/alpenblickkreischberg.at\\\/hu\\\/#organization\",\"name\":\"Alpenblick Kreischberg\",\"url\":\"https:\\\/\\\/alpenblickkreischberg.at\\\/hu\\\/\",\"logo\":{\"@type\":\"ImageObject\",\"inLanguage\":\"de\",\"@id\":\"https:\\\/\\\/alpenblickkreischberg.at\\\/hu\\\/#\\\/schema\\\/logo\\\/image\\\/\",\"url\":\"https:\\\/\\\/alpenblickkreischberg.at\\\/wp-content\\\/uploads\\\/2023\\\/06\\\/alpenblick-logo.png\",\"contentUrl\":\"https:\\\/\\\/alpenblickkreischberg.at\\\/wp-content\\\/uploads\\\/2023\\\/06\\\/alpenblick-logo.png\",\"width\":520,\"height\":212,\"caption\":\"Alpenblick Kreischberg\"},\"image\":{\"@id\":\"https:\\\/\\\/alpenblickkreischberg.at\\\/hu\\\/#\\\/schema\\\/logo\\\/image\\\/\"}}]}<\/script>\n<!-- \/ Yoast SEO plugin. -->","yoast_head_json":{"title":"Aj\u00e1nlataink - Alpenblick Kreischberg","robots":{"index":"index","follow":"follow","max-snippet":"max-snippet:-1","max-image-preview":"max-image-preview:large","max-video-preview":"max-video-preview:-1"},"canonical":"https:\/\/alpenblickkreischberg.at\/de\/angebote\/","og_locale":"de_DE","og_type":"article","og_title":"Aj\u00e1nlataink - Alpenblick Kreischberg","og_description":"Szeretettel v\u00e1rjuk \u00d6n\u00f6ket a 2026-os ny\u00e1ri szezonban! Egy\u00fcttm\u0171k\u00f6d\u0151 partner\u00fcnk a Suli Sport sz\u00e1ll\u00f3vend\u00e9geink r\u00e9sz\u00e9re kedvezm\u00e9nyes e-bike b\u00e9rl\u00e9si lehet\u0151s\u00e9get biztos\u00edt. Hegyvid\u00e9ki ny\u00e1r, reggelis ell\u00e1t\u00e1ssal Kedvezm\u00e9nyes aj\u00e1nlatunk az al\u00e1bbi szolg\u00e1ltat\u00e1sokat tartalmazza: Sz\u00e1ll\u00e1s, a kiv\u00e1lasztott szobat\u00edpusban B\u0151s\u00e9ges b\u00fcf\u00e9reggeli Wellness korl\u00e1tlan haszn\u00e1lata r\u00e9szletek S\u00edelj naps\u00fct\u00e9sben 10% kedvezm\u00e9ny Minimum 3 \u00e9jszaka \u00c9rv\u00e9nyes: 2026.03.01-03.15. Ingyenes transzfer buszt biztos\u00edtunk a felvon\u00f3ig! Kedvezm\u00e9nyes [&hellip;]","og_url":"https:\/\/alpenblickkreischberg.at\/de\/angebote\/","og_site_name":"Alpenblick Kreischberg","article_modified_time":"2026-03-19T15:26:20+00:00","og_image":[{"width":600,"height":600,"url":"https:\/\/alpenblickkreischberg.at\/wp-content\/uploads\/2024\/06\/SIM_0681_kicsi.jpg","type":"image\/jpeg"}],"twitter_card":"summary_large_image","twitter_misc":{"Gesch\u00e4tzte Lesezeit":"7\u00a0Minuten"},"schema":{"@context":"https:\/\/schema.org","@graph":[{"@type":"WebPage","@id":"https:\/\/alpenblickkreischberg.at\/ajanlataink\/","url":"https:\/\/alpenblickkreischberg.at\/ajanlataink\/","name":"Aj\u00e1nlataink - Alpenblick Kreischberg","isPartOf":{"@id":"https:\/\/alpenblickkreischberg.at\/hu\/#website"},"primaryImageOfPage":{"@id":"https:\/\/alpenblickkreischberg.at\/ajanlataink\/#primaryimage"},"image":{"@id":"https:\/\/alpenblickkreischberg.at\/ajanlataink\/#primaryimage"},"thumbnailUrl":"https:\/\/alpenblickkreischberg.at\/wp-content\/uploads\/2024\/06\/SIM_0681_kicsi.jpg","datePublished":"2023-06-09T13:19:10+00:00","dateModified":"2026-03-19T15:26:20+00:00","breadcrumb":{"@id":"https:\/\/alpenblickkreischberg.at\/ajanlataink\/#breadcrumb"},"inLanguage":"de","potentialAction":[{"@type":"ReadAction","target":["https:\/\/alpenblickkreischberg.at\/ajanlataink\/"]}]},{"@type":"ImageObject","inLanguage":"de","@id":"https:\/\/alpenblickkreischberg.at\/ajanlataink\/#primaryimage","url":"https:\/\/alpenblickkreischberg.at\/wp-content\/uploads\/2024\/06\/SIM_0681_kicsi.jpg","contentUrl":"https:\/\/alpenblickkreischberg.at\/wp-content\/uploads\/2024\/06\/SIM_0681_kicsi.jpg"},{"@type":"BreadcrumbList","@id":"https:\/\/alpenblickkreischberg.at\/ajanlataink\/#breadcrumb","itemListElement":[{"@type":"ListItem","position":1,"name":"Kezd\u0151lap","item":"https:\/\/alpenblickkreischberg.at\/"},{"@type":"ListItem","position":2,"name":"Aj\u00e1nlataink"}]},{"@type":"WebSite","@id":"https:\/\/alpenblickkreischberg.at\/hu\/#website","url":"https:\/\/alpenblickkreischberg.at\/hu\/","name":"Alpenblick Kreischberg","description":"Hotel auf dem Kreischberg bei Murau","publisher":{"@id":"https:\/\/alpenblickkreischberg.at\/hu\/#organization"},"potentialAction":[{"@type":"SearchAction","target":{"@type":"EntryPoint","urlTemplate":"https:\/\/alpenblickkreischberg.at\/hu\/?s={search_term_string}"},"query-input":{"@type":"PropertyValueSpecification","valueRequired":true,"valueName":"search_term_string"}}],"inLanguage":"de"},{"@type":"Organization","@id":"https:\/\/alpenblickkreischberg.at\/hu\/#organization","name":"Alpenblick Kreischberg","url":"https:\/\/alpenblickkreischberg.at\/hu\/","logo":{"@type":"ImageObject","inLanguage":"de","@id":"https:\/\/alpenblickkreischberg.at\/hu\/#\/schema\/logo\/image\/","url":"https:\/\/alpenblickkreischberg.at\/wp-content\/uploads\/2023\/06\/alpenblick-logo.png","contentUrl":"https:\/\/alpenblickkreischberg.at\/wp-content\/uploads\/2023\/06\/alpenblick-logo.png","width":520,"height":212,"caption":"Alpenblick Kreischberg"},"image":{"@id":"https:\/\/alpenblickkreischberg.at\/hu\/#\/schema\/logo\/image\/"}}]}},"_links":{"self":[{"href":"https:\/\/alpenblickkreischberg.at\/de\/wp-json\/wp\/v2\/pages\/274","targetHints":{"allow":["GET"]}}],"collection":[{"href":"https:\/\/alpenblickkreischberg.at\/de\/wp-json\/wp\/v2\/pages"}],"about":[{"href":"https:\/\/alpenblickkreischberg.at\/de\/wp-json\/wp\/v2\/types\/page"}],"author":[{"embeddable":true,"href":"https:\/\/alpenblickkreischberg.at\/de\/wp-json\/wp\/v2\/users\/4"}],"replies":[{"embeddable":true,"href":"https:\/\/alpenblickkreischberg.at\/de\/wp-json\/wp\/v2\/comments?post=274"}],"version-history":[{"count":410,"href":"https:\/\/alpenblickkreischberg.at\/de\/wp-json\/wp\/v2\/pages\/274\/revisions"}],"predecessor-version":[{"id":3869,"href":"https:\/\/alpenblickkreischberg.at\/de\/wp-json\/wp\/v2\/pages\/274\/revisions\/3869"}],"wp:attachment":[{"href":"https:\/\/alpenblickkreischberg.at\/de\/wp-json\/wp\/v2\/media?parent=274"}],"curies":[{"name":"wp","href":"https:\/\/api.w.org\/{rel}","templated":true}]}}